{"id":57507,"date":"2025-04-25T10:18:27","date_gmt":"2025-04-25T16:18:27","guid":{"rendered":"https:\/\/foros.cr\/?page_id=57507"},"modified":"2025-05-30T07:19:40","modified_gmt":"2025-05-30T13:19:40","slug":"summit-zonas-francas","status":"publish","type":"page","link":"https:\/\/foros.cr\/index.php\/summit-zonas-francas\/","title":{"rendered":"Summit Zonas Francas"},"content":{"rendered":"\t\t<div data-elementor-type=\"wp-page\" data-elementor-id=\"57507\" class=\"elementor elementor-57507\" data-elementor-post-type=\"page\">\n\t\t\t\t<div class=\"elementor-element elementor-element-8adea2e e-con-full e-flex e-con e-parent\" data-id=\"8adea2e\" data-element_type=\"container\" data-e-type=\"container\" data-settings=\"{&quot;background_background&quot;:&quot;classic&quot;}\">\n\t\t<div class=\"elementor-element elementor-element-199aa0a e-con-full e-flex e-con e-child\" data-id=\"199aa0a\" data-element_type=\"container\" data-e-type=\"container\">\n\t\t\t\t<div class=\"elementor-element elementor-element-5591e31 elementor-widget elementor-widget-image\" data-id=\"5591e31\" data-element_type=\"widget\" data-e-type=\"widget\" data-widget_type=\"image.default\">\n\t\t\t\t<div class=\"elementor-widget-container\">\n\t\t\t\t\t\t\t\t\t\t\t\t\t\t\t\t<a href=\"https:\/\/www.ulacit.ac.cr\/\" target=\"_blank\" rel=\"noopener\">\n\t\t\t\t\t\t\t<img fetchpriority=\"high\" decoding=\"async\" width=\"1024\" height=\"375\" src=\"https:\/\/foros.cr\/wp-content\/uploads\/2023\/09\/LogoUlacit-Morado-1024x375.png\" class=\"attachment-large size-large wp-image-16670\" alt=\"\" srcset=\"https:\/\/foros.cr\/wp-content\/uploads\/2023\/09\/LogoUlacit-Morado-1024x375.png 1024w, https:\/\/foros.cr\/wp-content\/uploads\/2023\/09\/LogoUlacit-Morado-300x110.png 300w, https:\/\/foros.cr\/wp-content\/uploads\/2023\/09\/LogoUlacit-Morado-768x281.png 768w, https:\/\/foros.cr\/wp-content\/uploads\/2023\/09\/LogoUlacit-Morado-1536x563.png 1536w, https:\/\/foros.cr\/wp-content\/uploads\/2023\/09\/LogoUlacit-Morado-2048x750.png 2048w\" sizes=\"(max-width: 1024px) 100vw, 1024px\" \/>\t\t\t\t\t\t\t\t<\/a>\n\t\t\t\t\t\t\t\t\t\t\t\t\t\t\t<\/div>\n\t\t\t\t<\/div>\n\t\t\t\t<\/div>\n\t\t<div class=\"elementor-element elementor-element-9a4b061 e-con-full e-flex e-con e-child\" data-id=\"9a4b061\" data-element_type=\"container\" data-e-type=\"container\">\n\t\t\t\t<div class=\"elementor-element elementor-element-2c48d37 elementor-widget elementor-widget-ekit-nav-menu\" data-id=\"2c48d37\" data-element_type=\"widget\" data-e-type=\"widget\" data-widget_type=\"ekit-nav-menu.default\">\n\t\t\t\t<div class=\"elementor-widget-container\">\n\t\t\t\t\t\t\t<nav class=\"ekit-wid-con ekit_menu_responsive_tablet\"\n\t\t\tdata-hamburger-icon=\"\"\n\t\t\tdata-hamburger-icon-type=\"icon\"\n\t\t\tdata-responsive-breakpoint=\"1024\">\n\t\t\t            <button class=\"elementskit-menu-hamburger elementskit-menu-toggler\"  type=\"button\" aria-label=\"hamburger-icon\">\n                                    <span class=\"elementskit-menu-hamburger-icon\"><\/span><span class=\"elementskit-menu-hamburger-icon\"><\/span><span class=\"elementskit-menu-hamburger-icon\"><\/span>\n                            <\/button>\n            <div id=\"ekit-megamenu-general\" class=\"elementskit-menu-container elementskit-menu-offcanvas-elements elementskit-navbar-nav-default ekit-nav-menu-one-page-no ekit-nav-dropdown-hover\"><ul id=\"menu-general\" class=\"elementskit-navbar-nav elementskit-menu-po-center submenu-click-on-icon\"><li id=\"menu-item-54366\" class=\"menu-item menu-item-type-custom menu-item-object-custom menu-item-54366 nav-item elementskit-mobile-builder-content\" data-vertical-menu=750px><a href=\"#AGENDA\" class=\"ekit-menu-nav-link menu-link\">AGENDA<\/a><\/li>\n<li id=\"menu-item-54367\" class=\"menu-item menu-item-type-custom menu-item-object-custom menu-item-54367 nav-item elementskit-mobile-builder-content\" data-vertical-menu=750px><a href=\"#SPEAKERS\" class=\"ekit-menu-nav-link menu-link\">SPEAKERS<\/a><\/li>\n<li id=\"menu-item-54369\" class=\"menu-item menu-item-type-custom menu-item-object-custom menu-item-54369 nav-item elementskit-mobile-builder-content\" data-vertical-menu=750px><a href=\"#UBICACI\u00d3N\" class=\"ekit-menu-nav-link menu-link\">UBICACI\u00d3N<\/a><\/li>\n<li id=\"menu-item-54370\" class=\"menu-item menu-item-type-custom menu-item-object-custom menu-item-54370 nav-item elementskit-mobile-builder-content\" data-vertical-menu=750px><a href=\"#CONTACTOS\" class=\"ekit-menu-nav-link menu-link\">CONTACTOS<\/a><\/li>\n<\/ul><div class=\"elementskit-nav-identity-panel\"><button class=\"elementskit-menu-close elementskit-menu-toggler\" type=\"button\">X<\/button><\/div><\/div>\n\t\t\t<div class=\"elementskit-menu-overlay elementskit-menu-offcanvas-elements elementskit-menu-toggler ekit-nav-menu--overlay\"><\/div>        <\/nav>\n\t\t\t\t\t\t<\/div>\n\t\t\t\t<\/div>\n\t\t\t\t<\/div>\n\t\t<div class=\"elementor-element elementor-element-1b95b13 e-con-full elementor-hidden-mobile e-flex e-con e-child\" data-id=\"1b95b13\" data-element_type=\"container\" data-e-type=\"container\">\n\t\t\t\t<\/div>\n\t\t\t\t<\/div>\n\t\t<div class=\"elementor-element elementor-element-undefined-eafa278 e-con-full e-flex e-con e-parent\" data-id=\"undefined-eafa278\" data-element_type=\"container\" data-e-type=\"container\" data-settings=\"{&quot;background_background&quot;:&quot;classic&quot;}\">\n\t\t<div class=\"elementor-element elementor-element-undefined-44d2830 e-flex e-con-boxed e-con e-child\" data-id=\"undefined-44d2830\" data-element_type=\"container\" data-e-type=\"container\">\n\t\t\t\t\t<div class=\"e-con-inner\">\n\t\t<div class=\"elementor-element elementor-element-undefined-0b80f90 e-con-full e-flex e-con e-child\" data-id=\"undefined-0b80f90\" data-element_type=\"container\" data-e-type=\"container\">\n\t\t\t\t<div class=\"elementor-element elementor-element-4b1da12 elementor-widget elementor-widget-image\" data-id=\"4b1da12\" data-element_type=\"widget\" data-e-type=\"widget\" data-widget_type=\"image.default\">\n\t\t\t\t<div class=\"elementor-widget-container\">\n\t\t\t\t\t\t\t\t\t\t\t\t\t\t\t<img decoding=\"async\" width=\"507\" height=\"236\" src=\"https:\/\/foros.cr\/wp-content\/uploads\/2025\/04\/Capa_1-10.png\" class=\"attachment-large size-large wp-image-57511\" alt=\"\" srcset=\"https:\/\/foros.cr\/wp-content\/uploads\/2025\/04\/Capa_1-10.png 507w, https:\/\/foros.cr\/wp-content\/uploads\/2025\/04\/Capa_1-10-300x140.png 300w\" sizes=\"(max-width: 507px) 100vw, 507px\" \/>\t\t\t\t\t\t\t\t\t\t\t\t\t\t\t<\/div>\n\t\t\t\t<\/div>\n\t\t\t\t<\/div>\n\t\t\t\t\t<\/div>\n\t\t\t\t<\/div>\n\t\t<div class=\"elementor-element elementor-element-fb52f44 e-flex e-con-boxed e-con e-child\" data-id=\"fb52f44\" data-element_type=\"container\" data-e-type=\"container\">\n\t\t\t\t\t<div class=\"e-con-inner\">\n\t\t<div class=\"elementor-element elementor-element-b923699 e-flex e-con-boxed elementor-invisible e-con e-child\" data-id=\"b923699\" data-element_type=\"container\" data-e-type=\"container\" data-settings=\"{&quot;animation&quot;:&quot;fadeInLeft&quot;}\">\n\t\t\t\t\t<div class=\"e-con-inner\">\n\t\t\t\t<div class=\"elementor-element elementor-element-33179ce elementor-widget elementor-widget-heading\" data-id=\"33179ce\" data-element_type=\"widget\" data-e-type=\"widget\" data-widget_type=\"heading.default\">\n\t\t\t\t<div class=\"elementor-widget-container\">\n\t\t\t\t\t<h2 class=\"elementor-heading-title elementor-size-default\">\u00a1\u00danase a nosotros\/as para un Summit inspirador!<\/h2>\t\t\t\t<\/div>\n\t\t\t\t<\/div>\n\t\t\t\t<div class=\"elementor-element elementor-element-9b69568 elementor-countdown--label-block elementor-widget elementor-widget-countdown\" data-id=\"9b69568\" data-element_type=\"widget\" data-e-type=\"widget\" data-widget_type=\"countdown.default\">\n\t\t\t\t<div class=\"elementor-widget-container\">\n\t\t\t\t\t\t\t<div class=\"elementor-countdown-wrapper\" data-date=\"1748611800\">\n\t\t\t<div class=\"elementor-countdown-item\"><span class=\"elementor-countdown-digits elementor-countdown-days\"><\/span> <span class=\"elementor-countdown-label\">D\u00edas<\/span><\/div><div class=\"elementor-countdown-item\"><span class=\"elementor-countdown-digits elementor-countdown-hours\"><\/span> <span class=\"elementor-countdown-label\">Horas<\/span><\/div><div class=\"elementor-countdown-item\"><span class=\"elementor-countdown-digits elementor-countdown-minutes\"><\/span> <span class=\"elementor-countdown-label\">Minutos<\/span><\/div><div class=\"elementor-countdown-item\"><span class=\"elementor-countdown-digits elementor-countdown-seconds\"><\/span> <span class=\"elementor-countdown-label\">Segundos<\/span><\/div>\t\t<\/div>\n\t\t\t\t\t\t<\/div>\n\t\t\t\t<\/div>\n\t\t\t\t<div class=\"elementor-element elementor-element-a2fe8cd elementor-icon-list--layout-inline elementor-align-center elementor-list-item-link-full_width elementor-widget elementor-widget-icon-list\" data-id=\"a2fe8cd\" data-element_type=\"widget\" data-e-type=\"widget\" data-widget_type=\"icon-list.default\">\n\t\t\t\t<div class=\"elementor-widget-container\">\n\t\t\t\t\t\t\t<ul class=\"elementor-icon-list-items elementor-inline-items\">\n\t\t\t\t\t\t\t<li class=\"elementor-icon-list-item elementor-inline-item\">\n\t\t\t\t\t\t\t\t\t\t\t<span class=\"elementor-icon-list-icon\">\n\t\t\t\t\t\t\t<i aria-hidden=\"true\" class=\"fas fa-location-arrow\"><\/i>\t\t\t\t\t\t<\/span>\n\t\t\t\t\t\t\t\t\t\t<span class=\"elementor-icon-list-text\">Campus ULACIT, 100 al sur de La Rep\u00fablica, Tourn\u00f3n<\/span>\n\t\t\t\t\t\t\t\t\t<\/li>\n\t\t\t\t\t\t\t\t<li class=\"elementor-icon-list-item elementor-inline-item\">\n\t\t\t\t\t\t\t\t\t\t\t<span class=\"elementor-icon-list-icon\">\n\t\t\t\t\t\t\t<i aria-hidden=\"true\" class=\"jki jki-calendar-alt-solid\"><\/i>\t\t\t\t\t\t<\/span>\n\t\t\t\t\t\t\t\t\t\t<span class=\"elementor-icon-list-text\">30 de mayo de 2025<\/span>\n\t\t\t\t\t\t\t\t\t<\/li>\n\t\t\t\t\t\t\t\t<li class=\"elementor-icon-list-item elementor-inline-item\">\n\t\t\t\t\t\t\t\t\t\t\t<span class=\"elementor-icon-list-icon\">\n\t\t\t\t\t\t\t<i aria-hidden=\"true\" class=\"fas fa-stopwatch\"><\/i>\t\t\t\t\t\t<\/span>\n\t\t\t\t\t\t\t\t\t\t<span class=\"elementor-icon-list-text\">7:30 A.M - 1:00 P.M<\/span>\n\t\t\t\t\t\t\t\t\t<\/li>\n\t\t\t\t\t\t<\/ul>\n\t\t\t\t\t\t<\/div>\n\t\t\t\t<\/div>\n\t\t\t\t\t<\/div>\n\t\t\t\t<\/div>\n\t\t<div class=\"elementor-element elementor-element-2441ed5 e-con-full e-flex elementor-invisible e-con e-child\" data-id=\"2441ed5\" data-element_type=\"container\" data-e-type=\"container\" data-settings=\"{&quot;animation&quot;:&quot;fadeInRight&quot;}\">\n\t\t\t\t<div class=\"elementor-element elementor-element-c36ffda elementor-widget elementor-widget-text-editor\" data-id=\"c36ffda\" data-element_type=\"widget\" data-e-type=\"widget\" data-widget_type=\"text-editor.default\">\n\t\t\t\t<div class=\"elementor-widget-container\">\n\t\t\t\t\t\t\t\t\t<p>No se pierda nuestro destacado summit. Con\u00e9ctese con expertos y colegas, participe en conferencias inspiradoras y eleve sus conocimientos a un nuevo nivel. Reg\u00edstrese ahora y asegure su lugar en este evento inigualable.<\/p>\t\t\t\t\t\t\t\t<\/div>\n\t\t\t\t<\/div>\n\t\t\t\t<\/div>\n\t\t\t\t\t<\/div>\n\t\t\t\t<\/div>\n\t\t\t\t<\/div>\n\t\t<div class=\"elementor-element elementor-element-e3cc201 envato-kit-141-top-0 e-flex e-con-boxed e-con e-parent\" data-id=\"e3cc201\" data-element_type=\"container\" data-e-type=\"container\" data-settings=\"{&quot;background_background&quot;:&quot;classic&quot;}\">\n\t\t\t\t\t<div class=\"e-con-inner\">\n\t\t<div class=\"elementor-element elementor-element-8d45a20 e-con-full e-flex e-con e-child\" data-id=\"8d45a20\" data-element_type=\"container\" data-e-type=\"container\">\n\t\t\t\t<div class=\"elementor-element elementor-element-349e3eb elementor-widget elementor-widget-heading\" data-id=\"349e3eb\" data-element_type=\"widget\" data-e-type=\"widget\" data-widget_type=\"heading.default\">\n\t\t\t\t<div class=\"elementor-widget-container\">\n\t\t\t\t\t<h2 class=\"elementor-heading-title elementor-size-default\">Conecte globalmente en el summit\n\n<\/h2>\t\t\t\t<\/div>\n\t\t\t\t<\/div>\n\t\t\t\t<div class=\"elementor-element elementor-element-7cf7238 elementor-widget-divider--view-line elementor-invisible elementor-widget elementor-widget-divider\" data-id=\"7cf7238\" data-element_type=\"widget\" data-e-type=\"widget\" data-settings=\"{&quot;_animation&quot;:&quot;fadeIn&quot;,&quot;_animation_delay&quot;:300}\" data-widget_type=\"divider.default\">\n\t\t\t\t<div class=\"elementor-widget-container\">\n\t\t\t\t\t\t\t<div class=\"elementor-divider\">\n\t\t\t<span class=\"elementor-divider-separator\">\n\t\t\t\t\t\t<\/span>\n\t\t<\/div>\n\t\t\t\t\t\t<\/div>\n\t\t\t\t<\/div>\n\t\t<div class=\"elementor-element elementor-element-86dc636 e-con-full animated-slow e-flex elementor-invisible e-con e-child\" data-id=\"86dc636\" data-element_type=\"container\" data-e-type=\"container\" data-settings=\"{&quot;animation&quot;:&quot;slideInUp&quot;}\">\n\t\t<div class=\"elementor-element elementor-element-76ec508 e-con-full e-flex e-con e-child\" data-id=\"76ec508\" data-element_type=\"container\" data-e-type=\"container\">\n\t\t\t\t<div class=\"elementor-element elementor-element-a521c7e elementor-position-inline-start elementor-view-default elementor-mobile-position-block-start elementor-widget elementor-widget-icon-box\" data-id=\"a521c7e\" data-element_type=\"widget\" data-e-type=\"widget\" data-widget_type=\"icon-box.default\">\n\t\t\t\t<div class=\"elementor-widget-container\">\n\t\t\t\t\t\t\t<div class=\"elementor-icon-box-wrapper\">\n\n\t\t\t\t\t\t<div class=\"elementor-icon-box-icon\">\n\t\t\t\t<span  class=\"elementor-icon elementor-animation-grow\">\n\t\t\t\t<i aria-hidden=\"true\" class=\"fas fa-globe\"><\/i>\t\t\t\t<\/span>\n\t\t\t<\/div>\n\t\t\t\n\t\t\t\t\t\t<div class=\"elementor-icon-box-content\">\n\n\t\t\t\t\t\t\t\t\t<h3 class=\"elementor-icon-box-title\">\n\t\t\t\t\t\t<span  >\n\t\t\t\t\t\t\tVisi\u00f3n global y conexiones estrat\u00e9gicas.\t\t\t\t\t\t<\/span>\n\t\t\t\t\t<\/h3>\n\t\t\t\t\n\t\t\t\t\t\t\t\t\t<p class=\"elementor-icon-box-description\">\n\t\t\t\t\t\tPotencie su visi\u00f3n global participando en el Summit de Zonas Francas 2025. Con\u00e9ctese con l\u00edderes del sector, descubra nuevas oportunidades y transforme su estrategia empresarial a trav\u00e9s de una innovaci\u00f3n tangible.\t\t\t\t\t<\/p>\n\t\t\t\t\n\t\t\t<\/div>\n\t\t\t\n\t\t<\/div>\n\t\t\t\t\t\t<\/div>\n\t\t\t\t<\/div>\n\t\t\t\t<\/div>\n\t\t<div class=\"elementor-element elementor-element-2a3458d e-con-full e-flex e-con e-child\" data-id=\"2a3458d\" data-element_type=\"container\" data-e-type=\"container\">\n\t\t\t\t<div class=\"elementor-element elementor-element-fb94da6 elementor-position-inline-start elementor-view-default elementor-mobile-position-block-start elementor-widget elementor-widget-icon-box\" data-id=\"fb94da6\" data-element_type=\"widget\" data-e-type=\"widget\" data-widget_type=\"icon-box.default\">\n\t\t\t\t<div class=\"elementor-widget-container\">\n\t\t\t\t\t\t\t<div class=\"elementor-icon-box-wrapper\">\n\n\t\t\t\t\t\t<div class=\"elementor-icon-box-icon\">\n\t\t\t\t<span  class=\"elementor-icon elementor-animation-grow\">\n\t\t\t\t<i aria-hidden=\"true\" class=\"fas fa-laptop\"><\/i>\t\t\t\t<\/span>\n\t\t\t<\/div>\n\t\t\t\n\t\t\t\t\t\t<div class=\"elementor-icon-box-content\">\n\n\t\t\t\t\t\t\t\t\t<h3 class=\"elementor-icon-box-title\">\n\t\t\t\t\t\t<span  >\n\t\t\t\t\t\t\tNetworking y oportunidades en un solo lugar.\t\t\t\t\t\t<\/span>\n\t\t\t\t\t<\/h3>\n\t\t\t\t\n\t\t\t\t\t\t\t\t\t<p class=\"elementor-icon-box-description\">\n\t\t\t\t\t\tConferencias de alto nivel, espacios de networking y alianzas estrat\u00e9gicas reunidas en un evento imprescindible para l\u00edderes con visi\u00f3n de futuro. Explore el potencial transformador de las zonas francas desde una perspectiva tanto regional como global.\t\t\t\t\t<\/p>\n\t\t\t\t\n\t\t\t<\/div>\n\t\t\t\n\t\t<\/div>\n\t\t\t\t\t\t<\/div>\n\t\t\t\t<\/div>\n\t\t\t\t<\/div>\n\t\t<div class=\"elementor-element elementor-element-048a118 e-con-full e-flex e-con e-child\" data-id=\"048a118\" data-element_type=\"container\" data-e-type=\"container\">\n\t\t\t\t<div class=\"elementor-element elementor-element-ae0acf2 elementor-position-inline-start elementor-view-default elementor-mobile-position-block-start elementor-widget elementor-widget-icon-box\" data-id=\"ae0acf2\" data-element_type=\"widget\" data-e-type=\"widget\" data-widget_type=\"icon-box.default\">\n\t\t\t\t<div class=\"elementor-widget-container\">\n\t\t\t\t\t\t\t<div class=\"elementor-icon-box-wrapper\">\n\n\t\t\t\t\t\t<div class=\"elementor-icon-box-icon\">\n\t\t\t\t<span  class=\"elementor-icon elementor-animation-grow\">\n\t\t\t\t<i aria-hidden=\"true\" class=\"fas fa-star-of-life\"><\/i>\t\t\t\t<\/span>\n\t\t\t<\/div>\n\t\t\t\n\t\t\t\t\t\t<div class=\"elementor-icon-box-content\">\n\n\t\t\t\t\t\t\t\t\t<h3 class=\"elementor-icon-box-title\">\n\t\t\t\t\t\t<span  >\n\t\t\t\t\t\t\tTendencias globales con destacados expertos.\t\t\t\t\t\t<\/span>\n\t\t\t\t\t<\/h3>\n\t\t\t\t\n\t\t\t\t\t\t\t\t\t<p class=\"elementor-icon-box-description\">\n\t\t\t\t\t\tExpertos del sector revelar\u00e1n tendencias, datos relevantes y casos de \u00e9xito en zonas francas. Aprenda, comparta y evolucione junto a quienes est\u00e1n marcando la diferencia en el mundo de los negocios.\t\t\t\t\t<\/p>\n\t\t\t\t\n\t\t\t<\/div>\n\t\t\t\n\t\t<\/div>\n\t\t\t\t\t\t<\/div>\n\t\t\t\t<\/div>\n\t\t\t\t<\/div>\n\t\t\t\t<\/div>\n\t\t<div class=\"elementor-element elementor-element-4460445 e-con-full animated-slow e-flex elementor-invisible e-con e-child\" data-id=\"4460445\" data-element_type=\"container\" data-e-type=\"container\" data-settings=\"{&quot;animation&quot;:&quot;slideInUp&quot;}\">\n\t\t<div class=\"elementor-element elementor-element-15fd512 e-con-full e-flex e-con e-child\" data-id=\"15fd512\" data-element_type=\"container\" data-e-type=\"container\">\n\t\t\t\t<div class=\"elementor-element elementor-element-ec118e7 elementor-position-inline-start elementor-view-default elementor-mobile-position-block-start elementor-widget elementor-widget-icon-box\" data-id=\"ec118e7\" data-element_type=\"widget\" data-e-type=\"widget\" data-widget_type=\"icon-box.default\">\n\t\t\t\t<div class=\"elementor-widget-container\">\n\t\t\t\t\t\t\t<div class=\"elementor-icon-box-wrapper\">\n\n\t\t\t\t\t\t<div class=\"elementor-icon-box-icon\">\n\t\t\t\t<span  class=\"elementor-icon elementor-animation-grow\">\n\t\t\t\t<i aria-hidden=\"true\" class=\"fas fa-suitcase\"><\/i>\t\t\t\t<\/span>\n\t\t\t<\/div>\n\t\t\t\n\t\t\t\t\t\t<div class=\"elementor-icon-box-content\">\n\n\t\t\t\t\t\t\t\t\t<h3 class=\"elementor-icon-box-title\">\n\t\t\t\t\t\t<span  >\n\t\t\t\t\t\t\tS\u00e9 protagonista del futuro empresarial.\t\t\t\t\t\t<\/span>\n\t\t\t\t\t<\/h3>\n\t\t\t\t\n\t\t\t\t\t\t\t\t\t<p class=\"elementor-icon-box-description\">\n\t\t\t\t\t\tTransforme su impacto empresarial. Este Summit representa un punto de inflexi\u00f3n en su trayectoria profesional. Inscr\u00edbase hoy y sea protagonista del cambio en el desarrollo de las zonas francas costarricenses.\t\t\t\t\t<\/p>\n\t\t\t\t\n\t\t\t<\/div>\n\t\t\t\n\t\t<\/div>\n\t\t\t\t\t\t<\/div>\n\t\t\t\t<\/div>\n\t\t\t\t<\/div>\n\t\t<div class=\"elementor-element elementor-element-4b6029d e-con-full e-flex e-con e-child\" data-id=\"4b6029d\" data-element_type=\"container\" data-e-type=\"container\">\n\t\t\t\t<div class=\"elementor-element elementor-element-fd3e010 elementor-position-inline-start elementor-view-default elementor-mobile-position-block-start elementor-widget elementor-widget-icon-box\" data-id=\"fd3e010\" data-element_type=\"widget\" data-e-type=\"widget\" data-widget_type=\"icon-box.default\">\n\t\t\t\t<div class=\"elementor-widget-container\">\n\t\t\t\t\t\t\t<div class=\"elementor-icon-box-wrapper\">\n\n\t\t\t\t\t\t<div class=\"elementor-icon-box-icon\">\n\t\t\t\t<span  class=\"elementor-icon elementor-animation-grow\">\n\t\t\t\t<i aria-hidden=\"true\" class=\"fab fa-digital-ocean\"><\/i>\t\t\t\t<\/span>\n\t\t\t<\/div>\n\t\t\t\n\t\t\t\t\t\t<div class=\"elementor-icon-box-content\">\n\n\t\t\t\t\t\t\t\t\t<h3 class=\"elementor-icon-box-title\">\n\t\t\t\t\t\t<span  >\n\t\t\t\t\t\t\tHerramientas digitales para decisiones inteligentes.\t\t\t\t\t\t<\/span>\n\t\t\t\t\t<\/h3>\n\t\t\t\t\n\t\t\t\t\t\t\t\t\t<p class=\"elementor-icon-box-description\">\n\t\t\t\t\t\tAcceda a contenido exclusivo, experiencias inmersivas y herramientas digitales dise\u00f1adas para impulsar su crecimiento. Este Summit promueve decisiones estrat\u00e9gicas basadas en inteligencia y una conexi\u00f3n empresarial aut\u00e9ntica.\t\t\t\t\t<\/p>\n\t\t\t\t\n\t\t\t<\/div>\n\t\t\t\n\t\t<\/div>\n\t\t\t\t\t\t<\/div>\n\t\t\t\t<\/div>\n\t\t\t\t<\/div>\n\t\t<div class=\"elementor-element elementor-element-3f471aa e-con-full e-flex e-con e-child\" data-id=\"3f471aa\" data-element_type=\"container\" data-e-type=\"container\">\n\t\t\t\t<div class=\"elementor-element elementor-element-b64fd3b elementor-position-inline-start elementor-view-default elementor-mobile-position-block-start elementor-widget elementor-widget-icon-box\" data-id=\"b64fd3b\" data-element_type=\"widget\" data-e-type=\"widget\" data-widget_type=\"icon-box.default\">\n\t\t\t\t<div class=\"elementor-widget-container\">\n\t\t\t\t\t\t\t<div class=\"elementor-icon-box-wrapper\">\n\n\t\t\t\t\t\t<div class=\"elementor-icon-box-icon\">\n\t\t\t\t<span  class=\"elementor-icon elementor-animation-grow\">\n\t\t\t\t<i aria-hidden=\"true\" class=\"icon icon-globe\"><\/i>\t\t\t\t<\/span>\n\t\t\t<\/div>\n\t\t\t\n\t\t\t\t\t\t<div class=\"elementor-icon-box-content\">\n\n\t\t\t\t\t\t\t\t\t<h3 class=\"elementor-icon-box-title\">\n\t\t\t\t\t\t<span  >\n\t\t\t\t\t\t\tCosta Rica: Epicentro de  innovaci\u00f3n en zonas francas.\t\t\t\t\t\t<\/span>\n\t\t\t\t\t<\/h3>\n\t\t\t\t\n\t\t\t\t\t\t\t\t\t<p class=\"elementor-icon-box-description\">\n\t\t\t\t\t\tCosta Rica lidera el cambio al posicionar a las zonas francas como motores clave del desarrollo econ\u00f3mico sostenible. Sea parte del ecosistema que est\u00e1 redefiniendo el futuro empresarial de la regi\u00f3n.\t\t\t\t\t<\/p>\n\t\t\t\t\n\t\t\t<\/div>\n\t\t\t\n\t\t<\/div>\n\t\t\t\t\t\t<\/div>\n\t\t\t\t<\/div>\n\t\t\t\t<\/div>\n\t\t\t\t<\/div>\n\t\t\t\t<\/div>\n\t\t\t\t\t<\/div>\n\t\t\t\t<\/div>\n\t\t<div class=\"elementor-element elementor-element-588f7fb e-flex e-con-boxed e-con e-parent\" data-id=\"588f7fb\" data-element_type=\"container\" data-e-type=\"container\" data-settings=\"{&quot;background_background&quot;:&quot;classic&quot;}\">\n\t\t\t\t\t<div class=\"e-con-inner\">\n\t\t<div class=\"elementor-element elementor-element-56381ed e-con-full e-flex e-con e-child\" data-id=\"56381ed\" data-element_type=\"container\" data-e-type=\"container\" data-settings=\"{&quot;background_background&quot;:&quot;classic&quot;}\">\n\t\t\t\t<div class=\"elementor-element elementor-element-3c00fef elementor-widget elementor-widget-heading\" data-id=\"3c00fef\" data-element_type=\"widget\" data-e-type=\"widget\" data-widget_type=\"heading.default\">\n\t\t\t\t<div class=\"elementor-widget-container\">\n\t\t\t\t\t<h2 class=\"elementor-heading-title elementor-size-default\">Sobre el evento<\/h2>\t\t\t\t<\/div>\n\t\t\t\t<\/div>\n\t\t\t\t<div class=\"elementor-element elementor-element-11e4703 elementor-hidden-phone elementor-widget-divider--view-line elementor-widget elementor-widget-divider\" data-id=\"11e4703\" data-element_type=\"widget\" data-e-type=\"widget\" data-widget_type=\"divider.default\">\n\t\t\t\t<div class=\"elementor-widget-container\">\n\t\t\t\t\t\t\t<div class=\"elementor-divider\">\n\t\t\t<span class=\"elementor-divider-separator\">\n\t\t\t\t\t\t<\/span>\n\t\t<\/div>\n\t\t\t\t\t\t<\/div>\n\t\t\t\t<\/div>\n\t\t\t\t<div class=\"elementor-element elementor-element-a3782f1 elementor-widget elementor-widget-text-editor\" data-id=\"a3782f1\" data-element_type=\"widget\" data-e-type=\"widget\" data-widget_type=\"text-editor.default\">\n\t\t\t\t<div class=\"elementor-widget-container\">\n\t\t\t\t\t\t\t\t\t<p><span style=\"font-weight: 400;\"><strong>El SUMMIT DE ZONAS FRANCAS, organizado por ULACIT y AZOFRAS<\/strong>, es un espacio de alto nivel que busca repensar el papel de las zonas francas en un entorno global cada vez m\u00e1s competitivo, digital y sostenible. A trav\u00e9s de conferencias especializadas y conversatorios estrat\u00e9gicos, el evento abordar\u00e1 temas clave como la empleabilidad 4.0, el nearshoring, la atracci\u00f3n de inversi\u00f3n sostenible, la automatizaci\u00f3n, la transformaci\u00f3n del talento y los nuevos modelos de productividad.\u00a0<\/span><\/p><p><span style=\"font-weight: 400;\">Este encuentro reunir\u00e1 a l\u00edderes del sector empresarial y expertos en innovaci\u00f3n para impulsar una visi\u00f3n renovada de las zonas francas como plataformas de desarrollo, sofisticaci\u00f3n industrial e impacto positivo.<\/span><\/p>\t\t\t\t\t\t\t\t<\/div>\n\t\t\t\t<\/div>\n\t\t\t\t<div class=\"elementor-element elementor-element-f9b040c elementor-widget-divider--view-line elementor-widget elementor-widget-divider\" data-id=\"f9b040c\" data-element_type=\"widget\" data-e-type=\"widget\" data-widget_type=\"divider.default\">\n\t\t\t\t<div class=\"elementor-widget-container\">\n\t\t\t\t\t\t\t<div class=\"elementor-divider\">\n\t\t\t<span class=\"elementor-divider-separator\">\n\t\t\t\t\t\t<\/span>\n\t\t<\/div>\n\t\t\t\t\t\t<\/div>\n\t\t\t\t<\/div>\n\t\t\t\t<div class=\"elementor-element elementor-element-42d2e7a elementor-widget__width-auto elementor-align-center elementor-widget elementor-widget-button\" data-id=\"42d2e7a\" data-element_type=\"widget\" data-e-type=\"widget\" data-widget_type=\"button.default\">\n\t\t\t\t<div class=\"elementor-widget-container\">\n\t\t\t\t\t\t\t\t\t<div class=\"elementor-button-wrapper\">\n\t\t\t\t\t<a class=\"elementor-button elementor-button-link elementor-size-sm\" href=\"#REGISTROX\">\n\t\t\t\t\t\t<span class=\"elementor-button-content-wrapper\">\n\t\t\t\t\t\t\t\t\t<span class=\"elementor-button-text\">Reg\u00edstrese ahora<\/span>\n\t\t\t\t\t<\/span>\n\t\t\t\t\t<\/a>\n\t\t\t\t<\/div>\n\t\t\t\t\t\t\t\t<\/div>\n\t\t\t\t<\/div>\n\t\t\t\t<\/div>\n\t\t\t\t\t<\/div>\n\t\t\t\t<\/div>\n\t\t<div class=\"elementor-element elementor-element-ab45be1 e-flex e-con-boxed e-con e-parent\" data-id=\"ab45be1\" data-element_type=\"container\" data-e-type=\"container\">\n\t\t\t\t\t<div class=\"e-con-inner\">\n\t\t\t\t<div class=\"elementor-element elementor-element-715059d elementor-widget elementor-widget-heading\" data-id=\"715059d\" data-element_type=\"widget\" data-e-type=\"widget\" data-widget_type=\"heading.default\">\n\t\t\t\t<div class=\"elementor-widget-container\">\n\t\t\t\t\t<h2 class=\"elementor-heading-title elementor-size-default\">Organizado por:<\/h2>\t\t\t\t<\/div>\n\t\t\t\t<\/div>\n\t\t\t\t\t<\/div>\n\t\t\t\t<\/div>\n\t\t<div class=\"elementor-element elementor-element-aa068d3 e-flex e-con-boxed e-con e-parent\" data-id=\"aa068d3\" data-element_type=\"container\" data-e-type=\"container\">\n\t\t\t\t\t<div class=\"e-con-inner\">\n\t\t<div class=\"elementor-element elementor-element-0c04818 e-con-full e-flex e-con e-child\" data-id=\"0c04818\" data-element_type=\"container\" data-e-type=\"container\">\n\t\t\t\t<div class=\"elementor-element elementor-element-5e3b883 elementor-widget elementor-widget-image\" data-id=\"5e3b883\" data-element_type=\"widget\" data-e-type=\"widget\" data-widget_type=\"image.default\">\n\t\t\t\t<div class=\"elementor-widget-container\">\n\t\t\t\t\t\t\t\t\t\t\t\t\t\t\t\t<a href=\"https:\/\/www.ulacit.ac.cr\/\" target=\"_blank\" rel=\"noopener\">\n\t\t\t\t\t\t\t<img fetchpriority=\"high\" decoding=\"async\" width=\"1024\" height=\"375\" src=\"https:\/\/foros.cr\/wp-content\/uploads\/2023\/09\/LogoUlacit-Morado-1024x375.png\" class=\"attachment-large size-large wp-image-16670\" alt=\"\" srcset=\"https:\/\/foros.cr\/wp-content\/uploads\/2023\/09\/LogoUlacit-Morado-1024x375.png 1024w, https:\/\/foros.cr\/wp-content\/uploads\/2023\/09\/LogoUlacit-Morado-300x110.png 300w, https:\/\/foros.cr\/wp-content\/uploads\/2023\/09\/LogoUlacit-Morado-768x281.png 768w, https:\/\/foros.cr\/wp-content\/uploads\/2023\/09\/LogoUlacit-Morado-1536x563.png 1536w, https:\/\/foros.cr\/wp-content\/uploads\/2023\/09\/LogoUlacit-Morado-2048x750.png 2048w\" sizes=\"(max-width: 1024px) 100vw, 1024px\" \/>\t\t\t\t\t\t\t\t<\/a>\n\t\t\t\t\t\t\t\t\t\t\t\t\t\t\t<\/div>\n\t\t\t\t<\/div>\n\t\t\t\t<\/div>\n\t\t<div class=\"elementor-element elementor-element-9e49d67 e-con-full e-flex e-con e-child\" data-id=\"9e49d67\" data-element_type=\"container\" data-e-type=\"container\">\n\t\t\t\t<div class=\"elementor-element elementor-element-ddc9539 elementor-widget elementor-widget-image\" data-id=\"ddc9539\" data-element_type=\"widget\" data-e-type=\"widget\" data-widget_type=\"image.default\">\n\t\t\t\t<div class=\"elementor-widget-container\">\n\t\t\t\t\t\t\t\t\t\t\t\t\t\t\t\t<a href=\"https:\/\/www.azofras.com\/\" target=\"_blank\" rel=\"noopener\">\n\t\t\t\t\t\t\t<img decoding=\"async\" width=\"1024\" height=\"189\" src=\"https:\/\/foros.cr\/wp-content\/uploads\/2025\/04\/AZOFRAS-sin-fondo-e1745770293326-1024x189.png\" class=\"attachment-large size-large wp-image-57639\" alt=\"\" srcset=\"https:\/\/foros.cr\/wp-content\/uploads\/2025\/04\/AZOFRAS-sin-fondo-e1745770293326-1024x189.png 1024w, https:\/\/foros.cr\/wp-content\/uploads\/2025\/04\/AZOFRAS-sin-fondo-e1745770293326-300x56.png 300w, https:\/\/foros.cr\/wp-content\/uploads\/2025\/04\/AZOFRAS-sin-fondo-e1745770293326-768x142.png 768w, https:\/\/foros.cr\/wp-content\/uploads\/2025\/04\/AZOFRAS-sin-fondo-e1745770293326.png 1200w\" sizes=\"(max-width: 1024px) 100vw, 1024px\" \/>\t\t\t\t\t\t\t\t<\/a>\n\t\t\t\t\t\t\t\t\t\t\t\t\t\t\t<\/div>\n\t\t\t\t<\/div>\n\t\t\t\t<\/div>\n\t\t\t\t\t<\/div>\n\t\t\t\t<\/div>\n\t\t<div class=\"elementor-element elementor-element-4b0fa30 e-flex e-con-boxed e-con e-parent\" data-id=\"4b0fa30\" data-element_type=\"container\" data-e-type=\"container\" id=\"SPEAKERS\">\n\t\t\t\t\t<div class=\"e-con-inner\">\n\t\t\t\t<div class=\"elementor-element elementor-element-399f6d4 elementor-widget elementor-widget-heading\" data-id=\"399f6d4\" data-element_type=\"widget\" data-e-type=\"widget\" data-widget_type=\"heading.default\">\n\t\t\t\t<div class=\"elementor-widget-container\">\n\t\t\t\t\t<h2 class=\"elementor-heading-title elementor-size-default\">Speakers:<\/h2>\t\t\t\t<\/div>\n\t\t\t\t<\/div>\n\t\t\t\t\t<\/div>\n\t\t\t\t<\/div>\n\t\t<div class=\"elementor-element elementor-element-21a13df e-flex e-con-boxed e-con e-parent\" data-id=\"21a13df\" data-element_type=\"container\" data-e-type=\"container\">\n\t\t\t\t\t<div class=\"e-con-inner\">\n\t\t\t\t<div class=\"elementor-element elementor-element-dfdfa4d elementor-arrows-position-outside elementor-pagination-type-bullets elementor-pagination-position-outside elementor-widget elementor-widget-n-carousel\" data-id=\"dfdfa4d\" data-element_type=\"widget\" data-e-type=\"widget\" data-settings=\"{&quot;carousel_items&quot;:[{&quot;slide_title&quot;:&quot;Diapositiva n\\u00ba 2&quot;,&quot;_id&quot;:&quot;c990b8d&quot;},{&quot;slide_title&quot;:&quot;Diapositiva n\\u00ba 2&quot;,&quot;_id&quot;:&quot;75b06e6&quot;},{&quot;slide_title&quot;:&quot;Diapositiva n\\u00ba 2&quot;,&quot;_id&quot;:&quot;f0b128d&quot;},{&quot;slide_title&quot;:&quot;Diapositiva n\\u00ba 2&quot;,&quot;_id&quot;:&quot;a737ce8&quot;},{&quot;slide_title&quot;:&quot;Diapositiva n\\u00ba 5&quot;,&quot;_id&quot;:&quot;a511158&quot;},{&quot;slide_title&quot;:&quot;Diapositiva n\\u00ba 2&quot;,&quot;_id&quot;:&quot;a71edd3&quot;},{&quot;slide_title&quot;:&quot;Diapositiva n\\u00ba 2&quot;,&quot;_id&quot;:&quot;7d3e742&quot;},{&quot;slide_title&quot;:&quot;Diapositiva n\\u00ba 2&quot;,&quot;_id&quot;:&quot;836df1e&quot;},{&quot;slide_title&quot;:&quot;Diapositiva n\\u00ba 2&quot;,&quot;_id&quot;:&quot;f5d31a0&quot;},{&quot;slide_title&quot;:&quot;Diapositiva n\\u00ba 2&quot;,&quot;_id&quot;:&quot;9bd546e&quot;},{&quot;slide_title&quot;:&quot;Diapositiva n\\u00ba 2&quot;,&quot;_id&quot;:&quot;a6ce93c&quot;},{&quot;slide_title&quot;:&quot;Diapositiva n\\u00ba 2&quot;,&quot;_id&quot;:&quot;42d0e61&quot;},{&quot;slide_title&quot;:&quot;Diapositiva n\\u00ba 2&quot;,&quot;_id&quot;:&quot;586e797&quot;}],&quot;slides_to_show&quot;:&quot;4&quot;,&quot;slides_to_scroll&quot;:&quot;1&quot;,&quot;slides_to_show_tablet&quot;:&quot;2&quot;,&quot;slides_to_show_mobile&quot;:&quot;1&quot;,&quot;autoplay&quot;:&quot;yes&quot;,&quot;autoplay_speed&quot;:5000,&quot;pause_on_hover&quot;:&quot;yes&quot;,&quot;pause_on_interaction&quot;:&quot;yes&quot;,&quot;infinite&quot;:&quot;yes&quot;,&quot;speed&quot;:500,&quot;offset_sides&quot;:&quot;none&quot;,&quot;arrows&quot;:&quot;yes&quot;,&quot;pagination&quot;:&quot;bullets&quot;,&quot;image_spacing_custom&quot;:{&quot;unit&quot;:&quot;px&quot;,&quot;size&quot;:10,&quot;sizes&quot;:[]},&quot;image_spacing_custom_breakpoint1&quot;:{&quot;unit&quot;:&quot;px&quot;,&quot;size&quot;:&quot;&quot;,&quot;sizes&quot;:[]},&quot;image_spacing_custom_breakpoint0&quot;:{&quot;unit&quot;:&quot;px&quot;,&quot;size&quot;:&quot;&quot;,&quot;sizes&quot;:[]},&quot;image_spacing_custom_tablet&quot;:{&quot;unit&quot;:&quot;px&quot;,&quot;size&quot;:&quot;&quot;,&quot;sizes&quot;:[]},&quot;image_spacing_custom_mobile&quot;:{&quot;unit&quot;:&quot;px&quot;,&quot;size&quot;:&quot;&quot;,&quot;sizes&quot;:[]}}\" data-widget_type=\"nested-carousel.default\">\n\t\t\t\t<div class=\"elementor-widget-container\">\n\t\t\t\t\t\t\t<div class=\"e-n-carousel swiper\" role=\"region\" aria-roledescription=\"carousel\" aria-label=\"Carrusel\" dir=\"ltr\">\n\t\t\t<div class=\"swiper-wrapper\" aria-live=\"off\">\n\t\t\t\t\t\t\t\t\t\t<div class=\"swiper-slide\" data-slide=\"1\" role=\"group\" aria-roledescription=\"slide\" aria-label=\"1 of 13\">\n\t\t\t\t\t\t\t<div class=\"elementor-element elementor-element-4cb34ed e-flex e-con-boxed e-con e-child\" data-id=\"4cb34ed\" data-element_type=\"container\" data-e-type=\"container\">\n\t\t\t\t\t<div class=\"e-con-inner\">\n\t\t\t\t<div class=\"elementor-element elementor-element-33ecf7d elementor-widget elementor-widget-elementskit-team\" data-id=\"33ecf7d\" data-element_type=\"widget\" data-e-type=\"widget\" data-widget_type=\"elementskit-team.default\">\n\t\t\t\t<div class=\"elementor-widget-container\">\n\t\t\t\t\t<div class=\"ekit-wid-con\">\n\t\t\t\n\t\t\t\t<div class=\"profile-square-v square-v4 elementor-animation-float ekit-team-style-hover_info\">\n\t\t\t\t\t<div class=\"profile-card text-center\">\n\t\t\t\t\t\t<div class=\"profile-header ekit-team-img\"  data-toggle=\"modal\" data-target=\"#ekit_team_modal_33ecf7d_57507\" >\n\t\t\t\t\t\t\t<img loading=\"lazy\" decoding=\"async\" width=\"800\" height=\"800\" src=\"https:\/\/foros.cr\/wp-content\/uploads\/2025\/05\/Aqlberto-Porras.jpg\" class=\"attachment-full size-full wp-image-58612\" alt=\"\" srcset=\"https:\/\/foros.cr\/wp-content\/uploads\/2025\/05\/Aqlberto-Porras.jpg 800w, https:\/\/foros.cr\/wp-content\/uploads\/2025\/05\/Aqlberto-Porras-300x300.jpg 300w, https:\/\/foros.cr\/wp-content\/uploads\/2025\/05\/Aqlberto-Porras-150x150.jpg 150w, https:\/\/foros.cr\/wp-content\/uploads\/2025\/05\/Aqlberto-Porras-768x768.jpg 768w\" sizes=\"(max-width: 800px) 100vw, 800px\" \/>\t\t\t\t\t\t<\/div><!-- .profile-header END -->\n\t\t\t\t\t\t<div class=\"profile-body\">\n\t\t\t\t\t\t\t<h2 class=\"profile-title\">\n\t\t\t\t\t\t\t\t\t\t\t\t\t\t\t<a aria-label=\"profile\" href=\"javascript:void(0)\" data-mfp-src=\"#ekit_team_modal_33ecf7d_57507\" class=\"ekit-team-popup\">\n\t\t\t\t\t\t\t\tAlberto Porras\t\t\t\t\t\t\t\t<\/a>\n\t\t\t\t\t\t\t\t\t\t\t\t\t\t\t<\/h2>\n\t\t\t\t\t\t\t<p class=\"profile-designation\">Socio Director, Bakertilly.<\/p>\n\t\t\t\t\t\t\t\t\t\t\t\t\t\t<ul class=\"ekit-team-social-list\">\n\t\t\t<li class=\"elementor-repeater-item-b0797fa\">\n\t\t\t<a href=\"https:\/\/www.linkedin.com\/in\/alberto-porras-rojas-06471618b\/overlay\/about-this-profile\/\" target=\"_blank\" aria-label=\"Facebook\" rel=\"noopener\">\n\t\t\t\t<i aria-hidden=\"true\" class=\"icon icon-linkedin\"><\/i>\t\t\t<\/a>\n\t\t<\/li>\n\t<\/ul>\n\t\t\t\t\t\t<\/div>\n\t\t\t\t\t<\/div>\n\t\t\t\t<\/div>\n\t\t\t\n\t\t\t\t\t<div class=\"zoom-anim-dialog mfp-hide elementskit-team-popup team-popup-id-33ecf7d\" id=\"ekit_team_modal_33ecf7d_57507\" tabindex=\"-1\" role=\"dialog\" aria-modal=\"true\">\n\t\t\t\t<div class=\"modal-dialog modal-dialog-centered\" role=\"document\">\n\t\t\t\t\t<div class=\"modal-content\">\n\t\t\t\t\t\t<button type=\"button\" class=\"ekit-team-modal-close\">\n\t\t\t\t\t\t\t<i aria-hidden=\"true\" class=\"fas fa-times\"><\/i>\t\t\t\t\t\t<\/button>\n\n\t\t\t\t\t\t<div class=\"modal-body\">\n\t\t\t\t\t\t\t\t\t\t\t\t\t\t\t<div class=\"ekit-team-modal-img\">\n\t\t\t\t\t\t\t\t\t<img loading=\"lazy\" decoding=\"async\" width=\"800\" height=\"800\" src=\"https:\/\/foros.cr\/wp-content\/uploads\/2025\/05\/Aqlberto-Porras.jpg\" class=\"attachment-full size-full wp-image-58612\" alt=\"\" srcset=\"https:\/\/foros.cr\/wp-content\/uploads\/2025\/05\/Aqlberto-Porras.jpg 800w, https:\/\/foros.cr\/wp-content\/uploads\/2025\/05\/Aqlberto-Porras-300x300.jpg 300w, https:\/\/foros.cr\/wp-content\/uploads\/2025\/05\/Aqlberto-Porras-150x150.jpg 150w, https:\/\/foros.cr\/wp-content\/uploads\/2025\/05\/Aqlberto-Porras-768x768.jpg 768w\" sizes=\"(max-width: 800px) 100vw, 800px\" \/>\t\t\t\t\t\t\t\t<\/div>\n\t\t\t\t\t\t\t\n\t\t\t\t\t\t\t<div class=\"ekit-team-modal-info has-img\">\n\t\t\t\t\t\t\t\t<h2 class=\"ekit-team-modal-title\">Alberto Porras<\/h2>\n\t\t\t\t\t\t\t\t<p class=\"ekit-team-modal-position\">Socio Director, Bakertilly.<\/p>\n\n\t\t\t\t\t\t\t\t<div class=\"ekit-team-modal-content\">\n\t\t\t\t\t\t\t\t\tIncorporado al Colegio de Contadores P\u00fablicos de Costa Rica y Contadores Privados de Costa Rica. Especialista en NIIF; Asesor financiero y fiscal para empresas de diversos sectores como: construcci\u00f3n, hoteler\u00eda, telecomunicaciones, gastronom\u00eda, consumo masivo, no lucrativas, entre otros. \nCapacitador en normativas y aspectos t\u00e9cnicos y de gesti\u00f3n contable financiera y fiscal a empresas a nivel nacional e internacional en sectores construcci\u00f3n, hoteler\u00eda, telecomunicaciones, entidades reguladas, gastronom\u00eda, consumo masivo, no lucrativas, entre otros. Especialista en est\u00e1ndares de sostenibilidad GRI y en fusiones y adquisiciones de empresas.\n\t\t\t\t\t\t\t\t<\/div>\n\n\t\t\t\t\t\t\t\t\n\t\t\t\t\t\t\t\t<ul class=\"ekit-team-social-list\">\n\t\t\t<li class=\"elementor-repeater-item-b0797fa\">\n\t\t\t<a href=\"https:\/\/www.linkedin.com\/in\/alberto-porras-rojas-06471618b\/overlay\/about-this-profile\/\" target=\"_blank\" aria-label=\"Facebook\" rel=\"noopener\">\n\t\t\t\t<i aria-hidden=\"true\" class=\"icon icon-linkedin\"><\/i>\t\t\t<\/a>\n\t\t<\/li>\n\t<\/ul>\n\t\t\t\t\t\t\t<\/div>\n\t\t\t\t\t\t<\/div>\n\t\t\t\t\t<\/div>\n\t\t\t\t<\/div>\n\t\t\t<\/div>\n\t\t\t\t<\/div>\t\t\t\t<\/div>\n\t\t\t\t<\/div>\n\t\t\t\t\t<\/div>\n\t\t\t\t<\/div>\n\t\t\t\t\t\t\t\t<\/div>\n\t\t\t\t\t\t\t\t\t\t\t<div class=\"swiper-slide\" data-slide=\"2\" role=\"group\" aria-roledescription=\"slide\" aria-label=\"2 of 13\">\n\t\t\t\t\t\t\t<div class=\"elementor-element elementor-element-a4f9a93 e-flex e-con-boxed e-con e-child\" data-id=\"a4f9a93\" data-element_type=\"container\" data-e-type=\"container\">\n\t\t\t\t\t<div class=\"e-con-inner\">\n\t\t\t\t<div class=\"elementor-element elementor-element-c248465 elementor-widget elementor-widget-elementskit-team\" data-id=\"c248465\" data-element_type=\"widget\" data-e-type=\"widget\" data-widget_type=\"elementskit-team.default\">\n\t\t\t\t<div class=\"elementor-widget-container\">\n\t\t\t\t\t<div class=\"ekit-wid-con\">\n\t\t\t\n\t\t\t\t<div class=\"profile-square-v square-v4 elementor-animation-float ekit-team-style-hover_info\">\n\t\t\t\t\t<div class=\"profile-card text-center\">\n\t\t\t\t\t\t<div class=\"profile-header ekit-team-img\"  data-toggle=\"modal\" data-target=\"#ekit_team_modal_c248465_57507\" >\n\t\t\t\t\t\t\t<img loading=\"lazy\" decoding=\"async\" width=\"800\" height=\"800\" src=\"https:\/\/foros.cr\/wp-content\/uploads\/2025\/05\/Marianella-ALvarado.jpg\" class=\"attachment-full size-full wp-image-58613\" alt=\"\" srcset=\"https:\/\/foros.cr\/wp-content\/uploads\/2025\/05\/Marianella-ALvarado.jpg 800w, https:\/\/foros.cr\/wp-content\/uploads\/2025\/05\/Marianella-ALvarado-300x300.jpg 300w, https:\/\/foros.cr\/wp-content\/uploads\/2025\/05\/Marianella-ALvarado-150x150.jpg 150w, https:\/\/foros.cr\/wp-content\/uploads\/2025\/05\/Marianella-ALvarado-768x768.jpg 768w\" sizes=\"(max-width: 800px) 100vw, 800px\" \/>\t\t\t\t\t\t<\/div><!-- .profile-header END -->\n\t\t\t\t\t\t<div class=\"profile-body\">\n\t\t\t\t\t\t\t<h2 class=\"profile-title\">\n\t\t\t\t\t\t\t\t\t\t\t\t\t\t\t<a aria-label=\"profile\" href=\"javascript:void(0)\" data-mfp-src=\"#ekit_team_modal_c248465_57507\" class=\"ekit-team-popup\">\n\t\t\t\t\t\t\t\tMarianella Alvarado\t\t\t\t\t\t\t\t<\/a>\n\t\t\t\t\t\t\t\t\t\t\t\t\t\t\t<\/h2>\n\t\t\t\t\t\t\t<p class=\"profile-designation\">Gerente General, HP Inc.<\/p>\n\t\t\t\t\t\t\t\t\t\t\t\t\t\t\t\t\t\t\t\t<\/div>\n\t\t\t\t\t<\/div>\n\t\t\t\t<\/div>\n\t\t\t\n\t\t\t\t\t<div class=\"zoom-anim-dialog mfp-hide elementskit-team-popup team-popup-id-c248465\" id=\"ekit_team_modal_c248465_57507\" tabindex=\"-1\" role=\"dialog\" aria-modal=\"true\">\n\t\t\t\t<div class=\"modal-dialog modal-dialog-centered\" role=\"document\">\n\t\t\t\t\t<div class=\"modal-content\">\n\t\t\t\t\t\t<button type=\"button\" class=\"ekit-team-modal-close\">\n\t\t\t\t\t\t\t<i aria-hidden=\"true\" class=\"fas fa-times\"><\/i>\t\t\t\t\t\t<\/button>\n\n\t\t\t\t\t\t<div class=\"modal-body\">\n\t\t\t\t\t\t\t\t\t\t\t\t\t\t\t<div class=\"ekit-team-modal-img\">\n\t\t\t\t\t\t\t\t\t<img loading=\"lazy\" decoding=\"async\" width=\"800\" height=\"800\" src=\"https:\/\/foros.cr\/wp-content\/uploads\/2025\/05\/Marianella-ALvarado.jpg\" class=\"attachment-full size-full wp-image-58613\" alt=\"\" srcset=\"https:\/\/foros.cr\/wp-content\/uploads\/2025\/05\/Marianella-ALvarado.jpg 800w, https:\/\/foros.cr\/wp-content\/uploads\/2025\/05\/Marianella-ALvarado-300x300.jpg 300w, https:\/\/foros.cr\/wp-content\/uploads\/2025\/05\/Marianella-ALvarado-150x150.jpg 150w, https:\/\/foros.cr\/wp-content\/uploads\/2025\/05\/Marianella-ALvarado-768x768.jpg 768w\" sizes=\"(max-width: 800px) 100vw, 800px\" \/>\t\t\t\t\t\t\t\t<\/div>\n\t\t\t\t\t\t\t\n\t\t\t\t\t\t\t<div class=\"ekit-team-modal-info has-img\">\n\t\t\t\t\t\t\t\t<h2 class=\"ekit-team-modal-title\">Marianella Alvarado<\/h2>\n\t\t\t\t\t\t\t\t<p class=\"ekit-team-modal-position\">Gerente General, HP Inc.<\/p>\n\n\t\t\t\t\t\t\t\t<div class=\"ekit-team-modal-content\">\n\t\t\t\t\t\t\t\t\tGerente de Operaciones experimentado con una destacada trayectoria en la industria de tecnolog\u00eda de la informaci\u00f3n y servicios. Habilidades en formaci\u00f3n de equipos, an\u00e1lisis de causas ra\u00edz, gesti\u00f3n, mejora de procesos de negocio y resoluci\u00f3n colaborativa de problemas. Profesional de operaciones con un M\u00e1ster en Administraci\u00f3n de Empresas (M.B.A.) de la Universidad de Costa Rica.\t\t\t\t\t\t\t\t<\/div>\n\n\t\t\t\t\t\t\t\t\n\t\t\t\t\t\t\t\t\t\t\t\t\t\t\t<\/div>\n\t\t\t\t\t\t<\/div>\n\t\t\t\t\t<\/div>\n\t\t\t\t<\/div>\n\t\t\t<\/div>\n\t\t\t\t<\/div>\t\t\t\t<\/div>\n\t\t\t\t<\/div>\n\t\t\t\t\t<\/div>\n\t\t\t\t<\/div>\n\t\t\t\t\t\t\t\t<\/div>\n\t\t\t\t\t\t\t\t\t\t\t<div class=\"swiper-slide\" data-slide=\"3\" role=\"group\" aria-roledescription=\"slide\" aria-label=\"3 of 13\">\n\t\t\t\t\t\t\t<div class=\"elementor-element elementor-element-a01f2b2 e-flex e-con-boxed e-con e-child\" data-id=\"a01f2b2\" data-element_type=\"container\" data-e-type=\"container\">\n\t\t\t\t\t<div class=\"e-con-inner\">\n\t\t\t\t<div class=\"elementor-element elementor-element-e11ffd7 elementor-widget elementor-widget-elementskit-team\" data-id=\"e11ffd7\" data-element_type=\"widget\" data-e-type=\"widget\" data-widget_type=\"elementskit-team.default\">\n\t\t\t\t<div class=\"elementor-widget-container\">\n\t\t\t\t\t<div class=\"ekit-wid-con\">\n\t\t\t\n\t\t\t\t<div class=\"profile-square-v square-v4 elementor-animation-float ekit-team-style-hover_info\">\n\t\t\t\t\t<div class=\"profile-card text-center\">\n\t\t\t\t\t\t<div class=\"profile-header ekit-team-img\"  data-toggle=\"modal\" data-target=\"#ekit_team_modal_e11ffd7_57507\" >\n\t\t\t\t\t\t\t<img loading=\"lazy\" decoding=\"async\" width=\"800\" height=\"800\" src=\"https:\/\/foros.cr\/wp-content\/uploads\/2025\/05\/Jaime-Morales.jpg\" class=\"attachment-full size-full wp-image-58614\" alt=\"\" srcset=\"https:\/\/foros.cr\/wp-content\/uploads\/2025\/05\/Jaime-Morales.jpg 800w, https:\/\/foros.cr\/wp-content\/uploads\/2025\/05\/Jaime-Morales-300x300.jpg 300w, https:\/\/foros.cr\/wp-content\/uploads\/2025\/05\/Jaime-Morales-150x150.jpg 150w, https:\/\/foros.cr\/wp-content\/uploads\/2025\/05\/Jaime-Morales-768x768.jpg 768w\" sizes=\"(max-width: 800px) 100vw, 800px\" \/>\t\t\t\t\t\t<\/div><!-- .profile-header END -->\n\t\t\t\t\t\t<div class=\"profile-body\">\n\t\t\t\t\t\t\t<h2 class=\"profile-title\">\n\t\t\t\t\t\t\t\t\t\t\t\t\t\t\t<a aria-label=\"profile\" href=\"javascript:void(0)\" data-mfp-src=\"#ekit_team_modal_e11ffd7_57507\" class=\"ekit-team-popup\">\n\t\t\t\t\t\t\t\tJaime Morales\t\t\t\t\t\t\t\t<\/a>\n\t\t\t\t\t\t\t\t\t\t\t\t\t\t\t<\/h2>\n\t\t\t\t\t\t\t<p class=\"profile-designation\">Senior Trade Manager, Grant Thorton.<\/p>\n\t\t\t\t\t\t\t\t\t\t\t\t\t\t\t\t\t\t\t\t<\/div>\n\t\t\t\t\t<\/div>\n\t\t\t\t<\/div>\n\t\t\t\n\t\t\t\t\t<div class=\"zoom-anim-dialog mfp-hide elementskit-team-popup team-popup-id-e11ffd7\" id=\"ekit_team_modal_e11ffd7_57507\" tabindex=\"-1\" role=\"dialog\" aria-modal=\"true\">\n\t\t\t\t<div class=\"modal-dialog modal-dialog-centered\" role=\"document\">\n\t\t\t\t\t<div class=\"modal-content\">\n\t\t\t\t\t\t<button type=\"button\" class=\"ekit-team-modal-close\">\n\t\t\t\t\t\t\t<i aria-hidden=\"true\" class=\"fas fa-times\"><\/i>\t\t\t\t\t\t<\/button>\n\n\t\t\t\t\t\t<div class=\"modal-body\">\n\t\t\t\t\t\t\t\t\t\t\t\t\t\t\t<div class=\"ekit-team-modal-img\">\n\t\t\t\t\t\t\t\t\t<img loading=\"lazy\" decoding=\"async\" width=\"800\" height=\"800\" src=\"https:\/\/foros.cr\/wp-content\/uploads\/2025\/05\/Jaime-Morales.jpg\" class=\"attachment-full size-full wp-image-58614\" alt=\"\" srcset=\"https:\/\/foros.cr\/wp-content\/uploads\/2025\/05\/Jaime-Morales.jpg 800w, https:\/\/foros.cr\/wp-content\/uploads\/2025\/05\/Jaime-Morales-300x300.jpg 300w, https:\/\/foros.cr\/wp-content\/uploads\/2025\/05\/Jaime-Morales-150x150.jpg 150w, https:\/\/foros.cr\/wp-content\/uploads\/2025\/05\/Jaime-Morales-768x768.jpg 768w\" sizes=\"(max-width: 800px) 100vw, 800px\" \/>\t\t\t\t\t\t\t\t<\/div>\n\t\t\t\t\t\t\t\n\t\t\t\t\t\t\t<div class=\"ekit-team-modal-info has-img\">\n\t\t\t\t\t\t\t\t<h2 class=\"ekit-team-modal-title\">Jaime Morales<\/h2>\n\t\t\t\t\t\t\t\t<p class=\"ekit-team-modal-position\">Senior Trade Manager, Grant Thorton.<\/p>\n\n\t\t\t\t\t\t\t\t<div class=\"ekit-team-modal-content\">\n\t\t\t\t\t\t\t\t\tSocio de McKinsey &amp; Company en Medell\u00edn y lidera la pr\u00e1ctica de seguros en Am\u00e9rica Latina. Desde 1999, ha asesorado a empresas de diversos sectores en estrategias de crecimiento, transformaci\u00f3n digital y eficiencia operativa. Su experiencia abarca desde la entrada a nuevos mercados hasta la optimizaci\u00f3n de procesos y la creaci\u00f3n de alianzas estrat\u00e9gicas. Adem\u00e1s, participa activamente en organizaciones sin \u00e1nimo de lucro como el World Wildlife Fund y Endeavor, y es mentor de start-ups.\t\t\t\t\t\t\t\t<\/div>\n\n\t\t\t\t\t\t\t\t\n\t\t\t\t\t\t\t\t\t\t\t\t\t\t\t<\/div>\n\t\t\t\t\t\t<\/div>\n\t\t\t\t\t<\/div>\n\t\t\t\t<\/div>\n\t\t\t<\/div>\n\t\t\t\t<\/div>\t\t\t\t<\/div>\n\t\t\t\t<\/div>\n\t\t\t\t\t<\/div>\n\t\t\t\t<\/div>\n\t\t\t\t\t\t\t\t<\/div>\n\t\t\t\t\t\t\t\t\t\t\t<div class=\"swiper-slide\" data-slide=\"4\" role=\"group\" aria-roledescription=\"slide\" aria-label=\"4 of 13\">\n\t\t\t\t\t\t\t<div class=\"elementor-element elementor-element-241163e e-flex e-con-boxed e-con e-child\" data-id=\"241163e\" data-element_type=\"container\" data-e-type=\"container\">\n\t\t\t\t\t<div class=\"e-con-inner\">\n\t\t\t\t<div class=\"elementor-element elementor-element-bf2341d elementor-widget elementor-widget-elementskit-team\" data-id=\"bf2341d\" data-element_type=\"widget\" data-e-type=\"widget\" data-widget_type=\"elementskit-team.default\">\n\t\t\t\t<div class=\"elementor-widget-container\">\n\t\t\t\t\t<div class=\"ekit-wid-con\">\n\t\t\t\n\t\t\t\t<div class=\"profile-square-v square-v4 elementor-animation-float ekit-team-style-hover_info\">\n\t\t\t\t\t<div class=\"profile-card text-center\">\n\t\t\t\t\t\t<div class=\"profile-header ekit-team-img\"  data-toggle=\"modal\" data-target=\"#ekit_team_modal_bf2341d_57507\" >\n\t\t\t\t\t\t\t<img loading=\"lazy\" decoding=\"async\" width=\"799\" height=\"800\" src=\"https:\/\/foros.cr\/wp-content\/uploads\/2025\/05\/Natalia-Marin.jpg\" class=\"attachment-full size-full wp-image-58615\" alt=\"\" srcset=\"https:\/\/foros.cr\/wp-content\/uploads\/2025\/05\/Natalia-Marin.jpg 799w, https:\/\/foros.cr\/wp-content\/uploads\/2025\/05\/Natalia-Marin-300x300.jpg 300w, https:\/\/foros.cr\/wp-content\/uploads\/2025\/05\/Natalia-Marin-150x150.jpg 150w, https:\/\/foros.cr\/wp-content\/uploads\/2025\/05\/Natalia-Marin-768x769.jpg 768w\" sizes=\"(max-width: 799px) 100vw, 799px\" \/>\t\t\t\t\t\t<\/div><!-- .profile-header END -->\n\t\t\t\t\t\t<div class=\"profile-body\">\n\t\t\t\t\t\t\t<h2 class=\"profile-title\">\n\t\t\t\t\t\t\t\t\t\t\t\t\t\t\t<a aria-label=\"profile\" href=\"javascript:void(0)\" data-mfp-src=\"#ekit_team_modal_bf2341d_57507\" class=\"ekit-team-popup\">\n\t\t\t\t\t\t\t\tNatalia Marin\t\t\t\t\t\t\t\t<\/a>\n\t\t\t\t\t\t\t\t\t\t\t\t\t\t\t<\/h2>\n\t\t\t\t\t\t\t<p class=\"profile-designation\">HR Director, Edwards<\/p>\n\t\t\t\t\t\t\t\t\t\t\t\t\t\t\t\t\t\t\t\t<\/div>\n\t\t\t\t\t<\/div>\n\t\t\t\t<\/div>\n\t\t\t\n\t\t\t\t\t<div class=\"zoom-anim-dialog mfp-hide elementskit-team-popup team-popup-id-bf2341d\" id=\"ekit_team_modal_bf2341d_57507\" tabindex=\"-1\" role=\"dialog\" aria-modal=\"true\">\n\t\t\t\t<div class=\"modal-dialog modal-dialog-centered\" role=\"document\">\n\t\t\t\t\t<div class=\"modal-content\">\n\t\t\t\t\t\t<button type=\"button\" class=\"ekit-team-modal-close\">\n\t\t\t\t\t\t\t<i aria-hidden=\"true\" class=\"fas fa-times\"><\/i>\t\t\t\t\t\t<\/button>\n\n\t\t\t\t\t\t<div class=\"modal-body\">\n\t\t\t\t\t\t\t\t\t\t\t\t\t\t\t<div class=\"ekit-team-modal-img\">\n\t\t\t\t\t\t\t\t\t<img loading=\"lazy\" decoding=\"async\" width=\"799\" height=\"800\" src=\"https:\/\/foros.cr\/wp-content\/uploads\/2025\/05\/Natalia-Marin.jpg\" class=\"attachment-full size-full wp-image-58615\" alt=\"\" srcset=\"https:\/\/foros.cr\/wp-content\/uploads\/2025\/05\/Natalia-Marin.jpg 799w, https:\/\/foros.cr\/wp-content\/uploads\/2025\/05\/Natalia-Marin-300x300.jpg 300w, https:\/\/foros.cr\/wp-content\/uploads\/2025\/05\/Natalia-Marin-150x150.jpg 150w, https:\/\/foros.cr\/wp-content\/uploads\/2025\/05\/Natalia-Marin-768x769.jpg 768w\" sizes=\"(max-width: 799px) 100vw, 799px\" \/>\t\t\t\t\t\t\t\t<\/div>\n\t\t\t\t\t\t\t\n\t\t\t\t\t\t\t<div class=\"ekit-team-modal-info has-img\">\n\t\t\t\t\t\t\t\t<h2 class=\"ekit-team-modal-title\">Natalia Marin<\/h2>\n\t\t\t\t\t\t\t\t<p class=\"ekit-team-modal-position\">HR Director, Edwards<\/p>\n\n\t\t\t\t\t\t\t\t<div class=\"ekit-team-modal-content\">\n\t\t\t\t\t\t\t\t\t \n\t\t\t\t\t\t\t\t<\/div>\n\n\t\t\t\t\t\t\t\t\n\t\t\t\t\t\t\t\t\t\t\t\t\t\t\t<\/div>\n\t\t\t\t\t\t<\/div>\n\t\t\t\t\t<\/div>\n\t\t\t\t<\/div>\n\t\t\t<\/div>\n\t\t\t\t<\/div>\t\t\t\t<\/div>\n\t\t\t\t<\/div>\n\t\t\t\t\t<\/div>\n\t\t\t\t<\/div>\n\t\t\t\t\t\t\t\t<\/div>\n\t\t\t\t\t\t\t\t\t\t\t<div class=\"swiper-slide\" data-slide=\"5\" role=\"group\" aria-roledescription=\"slide\" aria-label=\"5 of 13\">\n\t\t\t\t\t\t\t<div class=\"elementor-element elementor-element-f6abf47 e-flex e-con-boxed e-con e-child\" data-id=\"f6abf47\" data-element_type=\"container\" data-e-type=\"container\">\n\t\t\t\t\t<div class=\"e-con-inner\">\n\t\t\t\t<div class=\"elementor-element elementor-element-9a367e0 elementor-widget elementor-widget-elementskit-team\" data-id=\"9a367e0\" data-element_type=\"widget\" data-e-type=\"widget\" data-widget_type=\"elementskit-team.default\">\n\t\t\t\t<div class=\"elementor-widget-container\">\n\t\t\t\t\t<div class=\"ekit-wid-con\">\n\t\t\t\n\t\t\t\t<div class=\"profile-square-v square-v4 elementor-animation-float ekit-team-style-hover_info\">\n\t\t\t\t\t<div class=\"profile-card text-center\">\n\t\t\t\t\t\t<div class=\"profile-header ekit-team-img\"  data-toggle=\"modal\" data-target=\"#ekit_team_modal_9a367e0_57507\" >\n\t\t\t\t\t\t\t<img loading=\"lazy\" decoding=\"async\" width=\"1707\" height=\"1532\" src=\"https:\/\/foros.cr\/wp-content\/uploads\/2025\/05\/Fernando-Carazo-_1_-_1_-scaled-e1747848639621.webp\" class=\"attachment-full size-full wp-image-59724\" alt=\"\" srcset=\"https:\/\/foros.cr\/wp-content\/uploads\/2025\/05\/Fernando-Carazo-_1_-_1_-scaled-e1747848639621.webp 1707w, https:\/\/foros.cr\/wp-content\/uploads\/2025\/05\/Fernando-Carazo-_1_-_1_-scaled-e1747848639621-300x269.webp 300w, https:\/\/foros.cr\/wp-content\/uploads\/2025\/05\/Fernando-Carazo-_1_-_1_-scaled-e1747848639621-1024x919.webp 1024w, https:\/\/foros.cr\/wp-content\/uploads\/2025\/05\/Fernando-Carazo-_1_-_1_-scaled-e1747848639621-768x689.webp 768w, https:\/\/foros.cr\/wp-content\/uploads\/2025\/05\/Fernando-Carazo-_1_-_1_-scaled-e1747848639621-1536x1379.webp 1536w\" sizes=\"(max-width: 1707px) 100vw, 1707px\" \/>\t\t\t\t\t\t<\/div><!-- .profile-header END -->\n\t\t\t\t\t\t<div class=\"profile-body\">\n\t\t\t\t\t\t\t<h2 class=\"profile-title\">\n\t\t\t\t\t\t\t\t\t\t\t\t\t\t\t<a aria-label=\"profile\" href=\"javascript:void(0)\" data-mfp-src=\"#ekit_team_modal_9a367e0_57507\" class=\"ekit-team-popup\">\n\t\t\t\t\t\t\t\tFernando Carazo\t\t\t\t\t\t\t\t<\/a>\n\t\t\t\t\t\t\t\t\t\t\t\t\t\t\t<\/h2>\n\t\t\t\t\t\t\t<p class=\"profile-designation\">Gerente, Zona Franca La Lima.<\/p>\n\t\t\t\t\t\t\t\t\t\t\t\t\t\t\t\t\t\t\t\t<\/div>\n\t\t\t\t\t<\/div>\n\t\t\t\t<\/div>\n\t\t\t\n\t\t\t\t\t<div class=\"zoom-anim-dialog mfp-hide elementskit-team-popup team-popup-id-9a367e0\" id=\"ekit_team_modal_9a367e0_57507\" tabindex=\"-1\" role=\"dialog\" aria-modal=\"true\">\n\t\t\t\t<div class=\"modal-dialog modal-dialog-centered\" role=\"document\">\n\t\t\t\t\t<div class=\"modal-content\">\n\t\t\t\t\t\t<button type=\"button\" class=\"ekit-team-modal-close\">\n\t\t\t\t\t\t\t<i aria-hidden=\"true\" class=\"fas fa-times\"><\/i>\t\t\t\t\t\t<\/button>\n\n\t\t\t\t\t\t<div class=\"modal-body\">\n\t\t\t\t\t\t\t\t\t\t\t\t\t\t\t<div class=\"ekit-team-modal-img\">\n\t\t\t\t\t\t\t\t\t<img loading=\"lazy\" decoding=\"async\" width=\"1707\" height=\"1532\" src=\"https:\/\/foros.cr\/wp-content\/uploads\/2025\/05\/Fernando-Carazo-_1_-_1_-scaled-e1747848639621.webp\" class=\"attachment-full size-full wp-image-59724\" alt=\"\" srcset=\"https:\/\/foros.cr\/wp-content\/uploads\/2025\/05\/Fernando-Carazo-_1_-_1_-scaled-e1747848639621.webp 1707w, https:\/\/foros.cr\/wp-content\/uploads\/2025\/05\/Fernando-Carazo-_1_-_1_-scaled-e1747848639621-300x269.webp 300w, https:\/\/foros.cr\/wp-content\/uploads\/2025\/05\/Fernando-Carazo-_1_-_1_-scaled-e1747848639621-1024x919.webp 1024w, https:\/\/foros.cr\/wp-content\/uploads\/2025\/05\/Fernando-Carazo-_1_-_1_-scaled-e1747848639621-768x689.webp 768w, https:\/\/foros.cr\/wp-content\/uploads\/2025\/05\/Fernando-Carazo-_1_-_1_-scaled-e1747848639621-1536x1379.webp 1536w\" sizes=\"(max-width: 1707px) 100vw, 1707px\" \/>\t\t\t\t\t\t\t\t<\/div>\n\t\t\t\t\t\t\t\n\t\t\t\t\t\t\t<div class=\"ekit-team-modal-info has-img\">\n\t\t\t\t\t\t\t\t<h2 class=\"ekit-team-modal-title\">Fernando Carazo<\/h2>\n\t\t\t\t\t\t\t\t<p class=\"ekit-team-modal-position\">Gerente, Zona Franca La Lima.<\/p>\n\n\t\t\t\t\t\t\t\t<div class=\"ekit-team-modal-content\">\n\t\t\t\t\t\t\t\t\tPosee un m\u00e1ster en Administraci\u00f3n de Negocios (MBA) con \u00e9nfasis en finanzas, del INCAE, adem\u00e1s, es bachiller en Administraci\u00f3n de Hoteles y Restaurantes de la Universidad Lynn, ubicada en Florida, Estados Unidos, donde obtuvo el t\u00edtulo con honores Magna Cum Laude.<br><br>\nDurante sus 30 a\u00f1os de experiencia profesional, ha tenido la posibilidad de desarrollar habilidades de negociaci\u00f3n y de gesti\u00f3n de equipos de trabajo, adem\u00e1s de conocimiento de la industria inmobiliaria costarricense y del desarrollo y mantenimiento de operaciones comerciales en otros pa\u00edses del continente americano, as\u00ed como experiencias en materiales de construcci\u00f3n con empresas multinacionales.<br><br>\nDesde el a\u00f1o 2014, se desempe\u00f1a como gerente general de Zona Franca La Lima, un proyecto de calidad mundial, dirigido al sector em presarial internacional y desarrollado en la provincia de Cartago, Costa Rica, por Garnier &amp; Garnier -l\u00edder en desarrollo inmobiliario en el pa\u00eds. El parque empresarial contempla una zona franca de manufactura y un centro corporativo con un total de 100 hect\u00e1reas de terreno.\n\t\t\t\t\t\t\t\t<\/div>\n\n\t\t\t\t\t\t\t\t\n\t\t\t\t\t\t\t\t\t\t\t\t\t\t\t<\/div>\n\t\t\t\t\t\t<\/div>\n\t\t\t\t\t<\/div>\n\t\t\t\t<\/div>\n\t\t\t<\/div>\n\t\t\t\t<\/div>\t\t\t\t<\/div>\n\t\t\t\t<\/div>\n\t\t\t\t\t<\/div>\n\t\t\t\t<\/div>\n\t\t\t\t\t\t\t\t<\/div>\n\t\t\t\t\t\t\t\t\t\t\t<div class=\"swiper-slide\" data-slide=\"6\" role=\"group\" aria-roledescription=\"slide\" aria-label=\"6 of 13\">\n\t\t\t\t\t\t\t<div class=\"elementor-element elementor-element-3aca181 e-flex e-con-boxed e-con e-child\" data-id=\"3aca181\" data-element_type=\"container\" data-e-type=\"container\">\n\t\t\t\t\t<div class=\"e-con-inner\">\n\t\t\t\t<div class=\"elementor-element elementor-element-77d63fb elementor-widget elementor-widget-elementskit-team\" data-id=\"77d63fb\" data-element_type=\"widget\" data-e-type=\"widget\" data-widget_type=\"elementskit-team.default\">\n\t\t\t\t<div class=\"elementor-widget-container\">\n\t\t\t\t\t<div class=\"ekit-wid-con\">\n\t\t\t\n\t\t\t\t<div class=\"profile-square-v square-v4 elementor-animation-float ekit-team-style-hover_info\">\n\t\t\t\t\t<div class=\"profile-card text-center\">\n\t\t\t\t\t\t<div class=\"profile-header ekit-team-img\"  data-toggle=\"modal\" data-target=\"#ekit_team_modal_77d63fb_57507\" >\n\t\t\t\t\t\t\t<img loading=\"lazy\" decoding=\"async\" width=\"200\" height=\"200\" src=\"https:\/\/foros.cr\/wp-content\/uploads\/2025\/05\/1678481250785.jpg\" class=\"attachment-full size-full wp-image-58648\" alt=\"\" srcset=\"https:\/\/foros.cr\/wp-content\/uploads\/2025\/05\/1678481250785.jpg 200w, https:\/\/foros.cr\/wp-content\/uploads\/2025\/05\/1678481250785-150x150.jpg 150w\" sizes=\"(max-width: 200px) 100vw, 200px\" \/>\t\t\t\t\t\t<\/div><!-- .profile-header END -->\n\t\t\t\t\t\t<div class=\"profile-body\">\n\t\t\t\t\t\t\t<h2 class=\"profile-title\">\n\t\t\t\t\t\t\t\t\t\t\t\t\t\t\t<a aria-label=\"profile\" href=\"javascript:void(0)\" data-mfp-src=\"#ekit_team_modal_77d63fb_57507\" class=\"ekit-team-popup\">\n\t\t\t\t\t\t\t\tIrene Chinchilla\t\t\t\t\t\t\t\t<\/a>\n\t\t\t\t\t\t\t\t\t\t\t\t\t\t\t<\/h2>\n\t\t\t\t\t\t\t<p class=\"profile-designation\">Gerente, CF Free Zone Park.<\/p>\n\t\t\t\t\t\t\t\t\t\t\t\t\t\t\t\t\t\t\t\t<\/div>\n\t\t\t\t\t<\/div>\n\t\t\t\t<\/div>\n\t\t\t\n\t\t\t\t\t<div class=\"zoom-anim-dialog mfp-hide elementskit-team-popup team-popup-id-77d63fb\" id=\"ekit_team_modal_77d63fb_57507\" tabindex=\"-1\" role=\"dialog\" aria-modal=\"true\">\n\t\t\t\t<div class=\"modal-dialog modal-dialog-centered\" role=\"document\">\n\t\t\t\t\t<div class=\"modal-content\">\n\t\t\t\t\t\t<button type=\"button\" class=\"ekit-team-modal-close\">\n\t\t\t\t\t\t\t<i aria-hidden=\"true\" class=\"fas fa-times\"><\/i>\t\t\t\t\t\t<\/button>\n\n\t\t\t\t\t\t<div class=\"modal-body\">\n\t\t\t\t\t\t\t\t\t\t\t\t\t\t\t<div class=\"ekit-team-modal-img\">\n\t\t\t\t\t\t\t\t\t<img loading=\"lazy\" decoding=\"async\" width=\"200\" height=\"200\" src=\"https:\/\/foros.cr\/wp-content\/uploads\/2025\/05\/1678481250785.jpg\" class=\"attachment-full size-full wp-image-58648\" alt=\"\" srcset=\"https:\/\/foros.cr\/wp-content\/uploads\/2025\/05\/1678481250785.jpg 200w, https:\/\/foros.cr\/wp-content\/uploads\/2025\/05\/1678481250785-150x150.jpg 150w\" sizes=\"(max-width: 200px) 100vw, 200px\" \/>\t\t\t\t\t\t\t\t<\/div>\n\t\t\t\t\t\t\t\n\t\t\t\t\t\t\t<div class=\"ekit-team-modal-info has-img\">\n\t\t\t\t\t\t\t\t<h2 class=\"ekit-team-modal-title\">Irene Chinchilla<\/h2>\n\t\t\t\t\t\t\t\t<p class=\"ekit-team-modal-position\">Gerente, CF Free Zone Park.<\/p>\n\n\t\t\t\t\t\t\t\t<div class=\"ekit-team-modal-content\">\n\t\t\t\t\t\t\t\t\t \n\t\t\t\t\t\t\t\t<\/div>\n\n\t\t\t\t\t\t\t\t\n\t\t\t\t\t\t\t\t\t\t\t\t\t\t\t<\/div>\n\t\t\t\t\t\t<\/div>\n\t\t\t\t\t<\/div>\n\t\t\t\t<\/div>\n\t\t\t<\/div>\n\t\t\t\t<\/div>\t\t\t\t<\/div>\n\t\t\t\t<\/div>\n\t\t\t\t\t<\/div>\n\t\t\t\t<\/div>\n\t\t\t\t\t\t\t\t<\/div>\n\t\t\t\t\t\t\t\t\t\t\t<div class=\"swiper-slide\" data-slide=\"7\" role=\"group\" aria-roledescription=\"slide\" aria-label=\"7 of 13\">\n\t\t\t\t\t\t\t<div class=\"elementor-element elementor-element-ce10e2e e-flex e-con-boxed e-con e-child\" data-id=\"ce10e2e\" data-element_type=\"container\" data-e-type=\"container\">\n\t\t\t\t\t<div class=\"e-con-inner\">\n\t\t\t\t<div class=\"elementor-element elementor-element-ffa989e elementor-widget elementor-widget-elementskit-team\" data-id=\"ffa989e\" data-element_type=\"widget\" data-e-type=\"widget\" data-widget_type=\"elementskit-team.default\">\n\t\t\t\t<div class=\"elementor-widget-container\">\n\t\t\t\t\t<div class=\"ekit-wid-con\">\n\t\t\t\n\t\t\t\t<div class=\"profile-square-v square-v4 elementor-animation-float ekit-team-style-hover_info\">\n\t\t\t\t\t<div class=\"profile-card text-center\">\n\t\t\t\t\t\t<div class=\"profile-header ekit-team-img\"  data-toggle=\"modal\" data-target=\"#ekit_team_modal_ffa989e_57507\" >\n\t\t\t\t\t\t\t<img loading=\"lazy\" decoding=\"async\" width=\"300\" height=\"278\" src=\"https:\/\/foros.cr\/wp-content\/uploads\/2025\/05\/Christian-Alcazar-e1746811701293-300x278.jpg\" class=\"attachment-medium size-medium wp-image-58617\" alt=\"\" srcset=\"https:\/\/foros.cr\/wp-content\/uploads\/2025\/05\/Christian-Alcazar-e1746811701293-300x278.jpg 300w, https:\/\/foros.cr\/wp-content\/uploads\/2025\/05\/Christian-Alcazar-e1746811701293.jpg 383w\" sizes=\"(max-width: 300px) 100vw, 300px\" \/>\t\t\t\t\t\t<\/div><!-- .profile-header END -->\n\t\t\t\t\t\t<div class=\"profile-body\">\n\t\t\t\t\t\t\t<h2 class=\"profile-title\">\n\t\t\t\t\t\t\t\t\t\t\t\t\t\t\t<a aria-label=\"profile\" href=\"javascript:void(0)\" data-mfp-src=\"#ekit_team_modal_ffa989e_57507\" class=\"ekit-team-popup\">\n\t\t\t\t\t\t\t\tChristian S\u00e1nchez\t\t\t\t\t\t\t\t<\/a>\n\t\t\t\t\t\t\t\t\t\t\t\t\t\t\t<\/h2>\n\t\t\t\t\t\t\t<p class=\"profile-designation\">Coordinador de Proyectos de Talento Humano, PROCOMER.<\/p>\n\t\t\t\t\t\t\t\t\t\t\t\t\t\t\t\t\t\t\t\t<\/div>\n\t\t\t\t\t<\/div>\n\t\t\t\t<\/div>\n\t\t\t\n\t\t\t\t\t<div class=\"zoom-anim-dialog mfp-hide elementskit-team-popup team-popup-id-ffa989e\" id=\"ekit_team_modal_ffa989e_57507\" tabindex=\"-1\" role=\"dialog\" aria-modal=\"true\">\n\t\t\t\t<div class=\"modal-dialog modal-dialog-centered\" role=\"document\">\n\t\t\t\t\t<div class=\"modal-content\">\n\t\t\t\t\t\t<button type=\"button\" class=\"ekit-team-modal-close\">\n\t\t\t\t\t\t\t<i aria-hidden=\"true\" class=\"fas fa-times\"><\/i>\t\t\t\t\t\t<\/button>\n\n\t\t\t\t\t\t<div class=\"modal-body\">\n\t\t\t\t\t\t\t\t\t\t\t\t\t\t\t<div class=\"ekit-team-modal-img\">\n\t\t\t\t\t\t\t\t\t<img loading=\"lazy\" decoding=\"async\" width=\"300\" height=\"278\" src=\"https:\/\/foros.cr\/wp-content\/uploads\/2025\/05\/Christian-Alcazar-e1746811701293-300x278.jpg\" class=\"attachment-medium size-medium wp-image-58617\" alt=\"\" srcset=\"https:\/\/foros.cr\/wp-content\/uploads\/2025\/05\/Christian-Alcazar-e1746811701293-300x278.jpg 300w, https:\/\/foros.cr\/wp-content\/uploads\/2025\/05\/Christian-Alcazar-e1746811701293.jpg 383w\" sizes=\"(max-width: 300px) 100vw, 300px\" \/>\t\t\t\t\t\t\t\t<\/div>\n\t\t\t\t\t\t\t\n\t\t\t\t\t\t\t<div class=\"ekit-team-modal-info has-img\">\n\t\t\t\t\t\t\t\t<h2 class=\"ekit-team-modal-title\">Christian S\u00e1nchez<\/h2>\n\t\t\t\t\t\t\t\t<p class=\"ekit-team-modal-position\">Coordinador de Proyectos de Talento Humano, PROCOMER.<\/p>\n\n\t\t\t\t\t\t\t\t<div class=\"ekit-team-modal-content\">\n\t\t\t\t\t\t\t\t\t \n\t\t\t\t\t\t\t\t<\/div>\n\n\t\t\t\t\t\t\t\t\n\t\t\t\t\t\t\t\t\t\t\t\t\t\t\t<\/div>\n\t\t\t\t\t\t<\/div>\n\t\t\t\t\t<\/div>\n\t\t\t\t<\/div>\n\t\t\t<\/div>\n\t\t\t\t<\/div>\t\t\t\t<\/div>\n\t\t\t\t<\/div>\n\t\t\t\t\t<\/div>\n\t\t\t\t<\/div>\n\t\t\t\t\t\t\t\t<\/div>\n\t\t\t\t\t\t\t\t\t\t\t<div class=\"swiper-slide\" data-slide=\"8\" role=\"group\" aria-roledescription=\"slide\" aria-label=\"8 of 13\">\n\t\t\t\t\t\t\t<div class=\"elementor-element elementor-element-456a664 e-flex e-con-boxed e-con e-child\" data-id=\"456a664\" data-element_type=\"container\" data-e-type=\"container\">\n\t\t\t\t\t<div class=\"e-con-inner\">\n\t\t\t\t<div class=\"elementor-element elementor-element-47d0e42 elementor-widget elementor-widget-elementskit-team\" data-id=\"47d0e42\" data-element_type=\"widget\" data-e-type=\"widget\" data-widget_type=\"elementskit-team.default\">\n\t\t\t\t<div class=\"elementor-widget-container\">\n\t\t\t\t\t<div class=\"ekit-wid-con\">\n\t\t\t\n\t\t\t\t<div class=\"profile-square-v square-v4 elementor-animation-float ekit-team-style-hover_info\">\n\t\t\t\t\t<div class=\"profile-card text-center\">\n\t\t\t\t\t\t<div class=\"profile-header ekit-team-img\"  data-toggle=\"modal\" data-target=\"#ekit_team_modal_47d0e42_57507\" >\n\t\t\t\t\t\t\t<img loading=\"lazy\" decoding=\"async\" width=\"1066\" height=\"973\" src=\"https:\/\/foros.cr\/wp-content\/uploads\/2025\/05\/OSCAR-CAMPOS-e1747428815241.jpg\" class=\"attachment-full size-full wp-image-59244\" alt=\"\" srcset=\"https:\/\/foros.cr\/wp-content\/uploads\/2025\/05\/OSCAR-CAMPOS-e1747428815241.jpg 1066w, https:\/\/foros.cr\/wp-content\/uploads\/2025\/05\/OSCAR-CAMPOS-e1747428815241-300x274.jpg 300w, https:\/\/foros.cr\/wp-content\/uploads\/2025\/05\/OSCAR-CAMPOS-e1747428815241-1024x935.jpg 1024w, https:\/\/foros.cr\/wp-content\/uploads\/2025\/05\/OSCAR-CAMPOS-e1747428815241-768x701.jpg 768w\" sizes=\"(max-width: 1066px) 100vw, 1066px\" \/>\t\t\t\t\t\t<\/div><!-- .profile-header END -->\n\t\t\t\t\t\t<div class=\"profile-body\">\n\t\t\t\t\t\t\t<h2 class=\"profile-title\">\n\t\t\t\t\t\t\t\t\t\t\t\t\t\t\t<a aria-label=\"profile\" href=\"javascript:void(0)\" data-mfp-src=\"#ekit_team_modal_47d0e42_57507\" class=\"ekit-team-popup\">\n\t\t\t\t\t\t\t\t\u00d3scar Campos\t\t\t\t\t\t\t\t<\/a>\n\t\t\t\t\t\t\t\t\t\t\t\t\t\t\t<\/h2>\n\t\t\t\t\t\t\t<p class=\"profile-designation\">Abogado en aduanas, y Experto en Zonas Francas.<\/p>\n\t\t\t\t\t\t\t\t\t\t\t\t\t\t\t\t\t\t\t\t<\/div>\n\t\t\t\t\t<\/div>\n\t\t\t\t<\/div>\n\t\t\t\n\t\t\t\t\t<div class=\"zoom-anim-dialog mfp-hide elementskit-team-popup team-popup-id-47d0e42\" id=\"ekit_team_modal_47d0e42_57507\" tabindex=\"-1\" role=\"dialog\" aria-modal=\"true\">\n\t\t\t\t<div class=\"modal-dialog modal-dialog-centered\" role=\"document\">\n\t\t\t\t\t<div class=\"modal-content\">\n\t\t\t\t\t\t<button type=\"button\" class=\"ekit-team-modal-close\">\n\t\t\t\t\t\t\t<i aria-hidden=\"true\" class=\"fas fa-times\"><\/i>\t\t\t\t\t\t<\/button>\n\n\t\t\t\t\t\t<div class=\"modal-body\">\n\t\t\t\t\t\t\t\t\t\t\t\t\t\t\t<div class=\"ekit-team-modal-img\">\n\t\t\t\t\t\t\t\t\t<img loading=\"lazy\" decoding=\"async\" width=\"1066\" height=\"973\" src=\"https:\/\/foros.cr\/wp-content\/uploads\/2025\/05\/OSCAR-CAMPOS-e1747428815241.jpg\" class=\"attachment-full size-full wp-image-59244\" alt=\"\" srcset=\"https:\/\/foros.cr\/wp-content\/uploads\/2025\/05\/OSCAR-CAMPOS-e1747428815241.jpg 1066w, https:\/\/foros.cr\/wp-content\/uploads\/2025\/05\/OSCAR-CAMPOS-e1747428815241-300x274.jpg 300w, https:\/\/foros.cr\/wp-content\/uploads\/2025\/05\/OSCAR-CAMPOS-e1747428815241-1024x935.jpg 1024w, https:\/\/foros.cr\/wp-content\/uploads\/2025\/05\/OSCAR-CAMPOS-e1747428815241-768x701.jpg 768w\" sizes=\"(max-width: 1066px) 100vw, 1066px\" \/>\t\t\t\t\t\t\t\t<\/div>\n\t\t\t\t\t\t\t\n\t\t\t\t\t\t\t<div class=\"ekit-team-modal-info has-img\">\n\t\t\t\t\t\t\t\t<h2 class=\"ekit-team-modal-title\">\u00d3scar Campos<\/h2>\n\t\t\t\t\t\t\t\t<p class=\"ekit-team-modal-position\">Abogado en aduanas, y Experto en Zonas Francas.<\/p>\n\n\t\t\t\t\t\t\t\t<div class=\"ekit-team-modal-content\">\n\t\t\t\t\t\t\t\t\t \n\t\t\t\t\t\t\t\t<\/div>\n\n\t\t\t\t\t\t\t\t\n\t\t\t\t\t\t\t\t\t\t\t\t\t\t\t<\/div>\n\t\t\t\t\t\t<\/div>\n\t\t\t\t\t<\/div>\n\t\t\t\t<\/div>\n\t\t\t<\/div>\n\t\t\t\t<\/div>\t\t\t\t<\/div>\n\t\t\t\t<\/div>\n\t\t\t\t\t<\/div>\n\t\t\t\t<\/div>\n\t\t\t\t\t\t\t\t<\/div>\n\t\t\t\t\t\t\t\t\t\t\t<div class=\"swiper-slide\" data-slide=\"9\" role=\"group\" aria-roledescription=\"slide\" aria-label=\"9 of 13\">\n\t\t\t\t\t\t\t<div class=\"elementor-element elementor-element-62d6171 e-flex e-con-boxed e-con e-child\" data-id=\"62d6171\" data-element_type=\"container\" data-e-type=\"container\">\n\t\t\t\t\t<div class=\"e-con-inner\">\n\t\t\t\t<div class=\"elementor-element elementor-element-8e4a85e elementor-widget elementor-widget-elementskit-team\" data-id=\"8e4a85e\" data-element_type=\"widget\" data-e-type=\"widget\" data-widget_type=\"elementskit-team.default\">\n\t\t\t\t<div class=\"elementor-widget-container\">\n\t\t\t\t\t<div class=\"ekit-wid-con\">\n\t\t\t\n\t\t\t\t<div class=\"profile-square-v square-v4 elementor-animation-float ekit-team-style-hover_info\">\n\t\t\t\t\t<div class=\"profile-card text-center\">\n\t\t\t\t\t\t<div class=\"profile-header ekit-team-img\"  data-toggle=\"modal\" data-target=\"#ekit_team_modal_8e4a85e_57507\" >\n\t\t\t\t\t\t\t<img loading=\"lazy\" decoding=\"async\" width=\"800\" height=\"800\" src=\"https:\/\/foros.cr\/wp-content\/uploads\/2025\/05\/Timothy-Scott.jpg\" class=\"attachment-full size-full wp-image-58618\" alt=\"\" srcset=\"https:\/\/foros.cr\/wp-content\/uploads\/2025\/05\/Timothy-Scott.jpg 800w, https:\/\/foros.cr\/wp-content\/uploads\/2025\/05\/Timothy-Scott-300x300.jpg 300w, https:\/\/foros.cr\/wp-content\/uploads\/2025\/05\/Timothy-Scott-150x150.jpg 150w, https:\/\/foros.cr\/wp-content\/uploads\/2025\/05\/Timothy-Scott-768x768.jpg 768w\" sizes=\"(max-width: 800px) 100vw, 800px\" \/>\t\t\t\t\t\t<\/div><!-- .profile-header END -->\n\t\t\t\t\t\t<div class=\"profile-body\">\n\t\t\t\t\t\t\t<h2 class=\"profile-title\">\n\t\t\t\t\t\t\t\t\t\t\t\t\t\t\t<a aria-label=\"profile\" href=\"javascript:void(0)\" data-mfp-src=\"#ekit_team_modal_8e4a85e_57507\" class=\"ekit-team-popup\">\n\t\t\t\t\t\t\t\tTimothy Scott\t\t\t\t\t\t\t\t<\/a>\n\t\t\t\t\t\t\t\t\t\t\t\t\t\t\t<\/h2>\n\t\t\t\t\t\t\t<p class=\"profile-designation\">Director de Asuntos Gubernamentales, Intel Costa Rica.<\/p>\n\t\t\t\t\t\t\t\t\t\t\t\t\t\t\t\t\t\t\t\t<\/div>\n\t\t\t\t\t<\/div>\n\t\t\t\t<\/div>\n\t\t\t\n\t\t\t\t\t<div class=\"zoom-anim-dialog mfp-hide elementskit-team-popup team-popup-id-8e4a85e\" id=\"ekit_team_modal_8e4a85e_57507\" tabindex=\"-1\" role=\"dialog\" aria-modal=\"true\">\n\t\t\t\t<div class=\"modal-dialog modal-dialog-centered\" role=\"document\">\n\t\t\t\t\t<div class=\"modal-content\">\n\t\t\t\t\t\t<button type=\"button\" class=\"ekit-team-modal-close\">\n\t\t\t\t\t\t\t<i aria-hidden=\"true\" class=\"fas fa-times\"><\/i>\t\t\t\t\t\t<\/button>\n\n\t\t\t\t\t\t<div class=\"modal-body\">\n\t\t\t\t\t\t\t\t\t\t\t\t\t\t\t<div class=\"ekit-team-modal-img\">\n\t\t\t\t\t\t\t\t\t<img loading=\"lazy\" decoding=\"async\" width=\"800\" height=\"800\" src=\"https:\/\/foros.cr\/wp-content\/uploads\/2025\/05\/Timothy-Scott.jpg\" class=\"attachment-full size-full wp-image-58618\" alt=\"\" srcset=\"https:\/\/foros.cr\/wp-content\/uploads\/2025\/05\/Timothy-Scott.jpg 800w, https:\/\/foros.cr\/wp-content\/uploads\/2025\/05\/Timothy-Scott-300x300.jpg 300w, https:\/\/foros.cr\/wp-content\/uploads\/2025\/05\/Timothy-Scott-150x150.jpg 150w, https:\/\/foros.cr\/wp-content\/uploads\/2025\/05\/Timothy-Scott-768x768.jpg 768w\" sizes=\"(max-width: 800px) 100vw, 800px\" \/>\t\t\t\t\t\t\t\t<\/div>\n\t\t\t\t\t\t\t\n\t\t\t\t\t\t\t<div class=\"ekit-team-modal-info has-img\">\n\t\t\t\t\t\t\t\t<h2 class=\"ekit-team-modal-title\">Timothy Scott<\/h2>\n\t\t\t\t\t\t\t\t<p class=\"ekit-team-modal-position\">Director de Asuntos Gubernamentales, Intel Costa Rica.<\/p>\n\n\t\t\t\t\t\t\t\t<div class=\"ekit-team-modal-content\">\n\t\t\t\t\t\t\t\t\t \n\t\t\t\t\t\t\t\t<\/div>\n\n\t\t\t\t\t\t\t\t\n\t\t\t\t\t\t\t\t\t\t\t\t\t\t\t<\/div>\n\t\t\t\t\t\t<\/div>\n\t\t\t\t\t<\/div>\n\t\t\t\t<\/div>\n\t\t\t<\/div>\n\t\t\t\t<\/div>\t\t\t\t<\/div>\n\t\t\t\t<\/div>\n\t\t\t\t\t<\/div>\n\t\t\t\t<\/div>\n\t\t\t\t\t\t\t\t<\/div>\n\t\t\t\t\t\t\t\t\t\t\t<div class=\"swiper-slide\" data-slide=\"10\" role=\"group\" aria-roledescription=\"slide\" aria-label=\"10 of 13\">\n\t\t\t\t\t\t\t<div class=\"elementor-element elementor-element-1f5415e e-flex e-con-boxed e-con e-child\" data-id=\"1f5415e\" data-element_type=\"container\" data-e-type=\"container\">\n\t\t\t\t\t<div class=\"e-con-inner\">\n\t\t\t\t<div class=\"elementor-element elementor-element-5e770a6 elementor-widget elementor-widget-elementskit-team\" data-id=\"5e770a6\" data-element_type=\"widget\" data-e-type=\"widget\" data-widget_type=\"elementskit-team.default\">\n\t\t\t\t<div class=\"elementor-widget-container\">\n\t\t\t\t\t<div class=\"ekit-wid-con\">\n\t\t\t\n\t\t\t\t<div class=\"profile-square-v square-v4 elementor-animation-float ekit-team-style-hover_info\">\n\t\t\t\t\t<div class=\"profile-card text-center\">\n\t\t\t\t\t\t<div class=\"profile-header ekit-team-img\"  data-toggle=\"modal\" data-target=\"#ekit_team_modal_5e770a6_57507\" >\n\t\t\t\t\t\t\t<img loading=\"lazy\" decoding=\"async\" width=\"800\" height=\"800\" src=\"https:\/\/foros.cr\/wp-content\/uploads\/2025\/05\/Roberto-Arguello.jpg\" class=\"attachment-full size-full wp-image-58619\" alt=\"\" srcset=\"https:\/\/foros.cr\/wp-content\/uploads\/2025\/05\/Roberto-Arguello.jpg 800w, https:\/\/foros.cr\/wp-content\/uploads\/2025\/05\/Roberto-Arguello-300x300.jpg 300w, https:\/\/foros.cr\/wp-content\/uploads\/2025\/05\/Roberto-Arguello-150x150.jpg 150w, https:\/\/foros.cr\/wp-content\/uploads\/2025\/05\/Roberto-Arguello-768x768.jpg 768w\" sizes=\"(max-width: 800px) 100vw, 800px\" \/>\t\t\t\t\t\t<\/div><!-- .profile-header END -->\n\t\t\t\t\t\t<div class=\"profile-body\">\n\t\t\t\t\t\t\t<h2 class=\"profile-title\">\n\t\t\t\t\t\t\t\t\t\t\t\t\t\t\t<a aria-label=\"profile\" href=\"javascript:void(0)\" data-mfp-src=\"#ekit_team_modal_5e770a6_57507\" class=\"ekit-team-popup\">\n\t\t\t\t\t\t\t\tRoberto Arguello\t\t\t\t\t\t\t\t<\/a>\n\t\t\t\t\t\t\t\t\t\t\t\t\t\t\t<\/h2>\n\t\t\t\t\t\t\t<p class=\"profile-designation\">Director de Proyectos, Portafolio Inmobiliario.<\/p>\n\t\t\t\t\t\t\t\t\t\t\t\t\t\t\t\t\t\t\t\t<\/div>\n\t\t\t\t\t<\/div>\n\t\t\t\t<\/div>\n\t\t\t\n\t\t\t\t\t<div class=\"zoom-anim-dialog mfp-hide elementskit-team-popup team-popup-id-5e770a6\" id=\"ekit_team_modal_5e770a6_57507\" tabindex=\"-1\" role=\"dialog\" aria-modal=\"true\">\n\t\t\t\t<div class=\"modal-dialog modal-dialog-centered\" role=\"document\">\n\t\t\t\t\t<div class=\"modal-content\">\n\t\t\t\t\t\t<button type=\"button\" class=\"ekit-team-modal-close\">\n\t\t\t\t\t\t\t<i aria-hidden=\"true\" class=\"fas fa-times\"><\/i>\t\t\t\t\t\t<\/button>\n\n\t\t\t\t\t\t<div class=\"modal-body\">\n\t\t\t\t\t\t\t\t\t\t\t\t\t\t\t<div class=\"ekit-team-modal-img\">\n\t\t\t\t\t\t\t\t\t<img loading=\"lazy\" decoding=\"async\" width=\"800\" height=\"800\" src=\"https:\/\/foros.cr\/wp-content\/uploads\/2025\/05\/Roberto-Arguello.jpg\" class=\"attachment-full size-full wp-image-58619\" alt=\"\" srcset=\"https:\/\/foros.cr\/wp-content\/uploads\/2025\/05\/Roberto-Arguello.jpg 800w, https:\/\/foros.cr\/wp-content\/uploads\/2025\/05\/Roberto-Arguello-300x300.jpg 300w, https:\/\/foros.cr\/wp-content\/uploads\/2025\/05\/Roberto-Arguello-150x150.jpg 150w, https:\/\/foros.cr\/wp-content\/uploads\/2025\/05\/Roberto-Arguello-768x768.jpg 768w\" sizes=\"(max-width: 800px) 100vw, 800px\" \/>\t\t\t\t\t\t\t\t<\/div>\n\t\t\t\t\t\t\t\n\t\t\t\t\t\t\t<div class=\"ekit-team-modal-info has-img\">\n\t\t\t\t\t\t\t\t<h2 class=\"ekit-team-modal-title\">Roberto Arguello<\/h2>\n\t\t\t\t\t\t\t\t<p class=\"ekit-team-modal-position\">Director de Proyectos, Portafolio Inmobiliario.<\/p>\n\n\t\t\t\t\t\t\t\t<div class=\"ekit-team-modal-content\">\n\t\t\t\t\t\t\t\t\t \n\t\t\t\t\t\t\t\t<\/div>\n\n\t\t\t\t\t\t\t\t\n\t\t\t\t\t\t\t\t\t\t\t\t\t\t\t<\/div>\n\t\t\t\t\t\t<\/div>\n\t\t\t\t\t<\/div>\n\t\t\t\t<\/div>\n\t\t\t<\/div>\n\t\t\t\t<\/div>\t\t\t\t<\/div>\n\t\t\t\t<\/div>\n\t\t\t\t\t<\/div>\n\t\t\t\t<\/div>\n\t\t\t\t\t\t\t\t<\/div>\n\t\t\t\t\t\t\t\t\t\t\t<div class=\"swiper-slide\" data-slide=\"11\" role=\"group\" aria-roledescription=\"slide\" aria-label=\"11 of 13\">\n\t\t\t\t\t\t\t<div class=\"elementor-element elementor-element-83a96e0 e-flex e-con-boxed e-con e-child\" data-id=\"83a96e0\" data-element_type=\"container\" data-e-type=\"container\">\n\t\t\t\t\t<div class=\"e-con-inner\">\n\t\t\t\t<div class=\"elementor-element elementor-element-1a2cb37 elementor-widget elementor-widget-elementskit-team\" data-id=\"1a2cb37\" data-element_type=\"widget\" data-e-type=\"widget\" data-widget_type=\"elementskit-team.default\">\n\t\t\t\t<div class=\"elementor-widget-container\">\n\t\t\t\t\t<div class=\"ekit-wid-con\">\n\t\t\t\n\t\t\t\t<div class=\"profile-square-v square-v4 elementor-animation-float ekit-team-style-hover_info\">\n\t\t\t\t\t<div class=\"profile-card text-center\">\n\t\t\t\t\t\t<div class=\"profile-header ekit-team-img\"  data-toggle=\"modal\" data-target=\"#ekit_team_modal_1a2cb37_57507\" >\n\t\t\t\t\t\t\t<img loading=\"lazy\" decoding=\"async\" width=\"400\" height=\"400\" src=\"https:\/\/foros.cr\/wp-content\/uploads\/2025\/05\/1740369957609.jpg\" class=\"attachment-full size-full wp-image-58646\" alt=\"\" srcset=\"https:\/\/foros.cr\/wp-content\/uploads\/2025\/05\/1740369957609.jpg 400w, https:\/\/foros.cr\/wp-content\/uploads\/2025\/05\/1740369957609-300x300.jpg 300w, https:\/\/foros.cr\/wp-content\/uploads\/2025\/05\/1740369957609-150x150.jpg 150w\" sizes=\"(max-width: 400px) 100vw, 400px\" \/>\t\t\t\t\t\t<\/div><!-- .profile-header END -->\n\t\t\t\t\t\t<div class=\"profile-body\">\n\t\t\t\t\t\t\t<h2 class=\"profile-title\">\n\t\t\t\t\t\t\t\t\t\t\t\t\t\t\t<a aria-label=\"profile\" href=\"javascript:void(0)\" data-mfp-src=\"#ekit_team_modal_1a2cb37_57507\" class=\"ekit-team-popup\">\n\t\t\t\t\t\t\t\tGabriel Murillo\t\t\t\t\t\t\t\t<\/a>\n\t\t\t\t\t\t\t\t\t\t\t\t\t\t\t<\/h2>\n\t\t\t\t\t\t\t<p class=\"profile-designation\">L\u00edder Global de Industrial y Log\u00edstica, Gensler.<\/p>\n\t\t\t\t\t\t\t\t\t\t\t\t\t\t\t\t\t\t\t\t<\/div>\n\t\t\t\t\t<\/div>\n\t\t\t\t<\/div>\n\t\t\t\n\t\t\t\t\t<div class=\"zoom-anim-dialog mfp-hide elementskit-team-popup team-popup-id-1a2cb37\" id=\"ekit_team_modal_1a2cb37_57507\" tabindex=\"-1\" role=\"dialog\" aria-modal=\"true\">\n\t\t\t\t<div class=\"modal-dialog modal-dialog-centered\" role=\"document\">\n\t\t\t\t\t<div class=\"modal-content\">\n\t\t\t\t\t\t<button type=\"button\" class=\"ekit-team-modal-close\">\n\t\t\t\t\t\t\t<i aria-hidden=\"true\" class=\"fas fa-times\"><\/i>\t\t\t\t\t\t<\/button>\n\n\t\t\t\t\t\t<div class=\"modal-body\">\n\t\t\t\t\t\t\t\t\t\t\t\t\t\t\t<div class=\"ekit-team-modal-img\">\n\t\t\t\t\t\t\t\t\t<img loading=\"lazy\" decoding=\"async\" width=\"400\" height=\"400\" src=\"https:\/\/foros.cr\/wp-content\/uploads\/2025\/05\/1740369957609.jpg\" class=\"attachment-full size-full wp-image-58646\" alt=\"\" srcset=\"https:\/\/foros.cr\/wp-content\/uploads\/2025\/05\/1740369957609.jpg 400w, https:\/\/foros.cr\/wp-content\/uploads\/2025\/05\/1740369957609-300x300.jpg 300w, https:\/\/foros.cr\/wp-content\/uploads\/2025\/05\/1740369957609-150x150.jpg 150w\" sizes=\"(max-width: 400px) 100vw, 400px\" \/>\t\t\t\t\t\t\t\t<\/div>\n\t\t\t\t\t\t\t\n\t\t\t\t\t\t\t<div class=\"ekit-team-modal-info has-img\">\n\t\t\t\t\t\t\t\t<h2 class=\"ekit-team-modal-title\">Gabriel Murillo<\/h2>\n\t\t\t\t\t\t\t\t<p class=\"ekit-team-modal-position\">L\u00edder Global de Industrial y Log\u00edstica, Gensler.<\/p>\n\n\t\t\t\t\t\t\t\t<div class=\"ekit-team-modal-content\">\n\t\t\t\t\t\t\t\t\t\u201cProfessional in the development of complex technologies and personnel administration. Proven Research &amp; Development (R&amp;D) technology experience applicable to innovation, transformation, and resilience for sustainable corporate services and solutions. Solid experience in Machine Learning (ML), agile methodologies, internal control regulations, COBIT, ITIL, IEEE\/ISO, and TOGAF for information technology service management (ITSM). High experience in project management methodologies, software development, IT infrastructure, and implementations. Reflective and comprehensive analysis of results, critical and creative thinking, problem-solving, communication, and attention to detail.\u201d\n\t\t\t\t\t\t\t\t<\/div>\n\n\t\t\t\t\t\t\t\t\n\t\t\t\t\t\t\t\t\t\t\t\t\t\t\t<\/div>\n\t\t\t\t\t\t<\/div>\n\t\t\t\t\t<\/div>\n\t\t\t\t<\/div>\n\t\t\t<\/div>\n\t\t\t\t<\/div>\t\t\t\t<\/div>\n\t\t\t\t<\/div>\n\t\t\t\t\t<\/div>\n\t\t\t\t<\/div>\n\t\t\t\t\t\t\t\t<\/div>\n\t\t\t\t\t\t\t\t\t\t\t<div class=\"swiper-slide\" data-slide=\"12\" role=\"group\" aria-roledescription=\"slide\" aria-label=\"12 of 13\">\n\t\t\t\t\t\t\t<div class=\"elementor-element elementor-element-6bbd0dd e-flex e-con-boxed e-con e-child\" data-id=\"6bbd0dd\" data-element_type=\"container\" data-e-type=\"container\">\n\t\t\t\t\t<div class=\"e-con-inner\">\n\t\t\t\t<div class=\"elementor-element elementor-element-1d8feb6 elementor-widget elementor-widget-elementskit-team\" data-id=\"1d8feb6\" data-element_type=\"widget\" data-e-type=\"widget\" data-widget_type=\"elementskit-team.default\">\n\t\t\t\t<div class=\"elementor-widget-container\">\n\t\t\t\t\t<div class=\"ekit-wid-con\">\n\t\t\t\n\t\t\t\t<div class=\"profile-square-v square-v4 elementor-animation-float ekit-team-style-hover_info\">\n\t\t\t\t\t<div class=\"profile-card text-center\">\n\t\t\t\t\t\t<div class=\"profile-header ekit-team-img\"  data-toggle=\"modal\" data-target=\"#ekit_team_modal_1d8feb6_57507\" >\n\t\t\t\t\t\t\t<img loading=\"lazy\" decoding=\"async\" width=\"800\" height=\"800\" src=\"https:\/\/foros.cr\/wp-content\/uploads\/2025\/05\/Carlos-Wong.jpg\" class=\"attachment-full size-full wp-image-58620\" alt=\"\" srcset=\"https:\/\/foros.cr\/wp-content\/uploads\/2025\/05\/Carlos-Wong.jpg 800w, https:\/\/foros.cr\/wp-content\/uploads\/2025\/05\/Carlos-Wong-300x300.jpg 300w, https:\/\/foros.cr\/wp-content\/uploads\/2025\/05\/Carlos-Wong-150x150.jpg 150w, https:\/\/foros.cr\/wp-content\/uploads\/2025\/05\/Carlos-Wong-768x768.jpg 768w\" sizes=\"(max-width: 800px) 100vw, 800px\" \/>\t\t\t\t\t\t<\/div><!-- .profile-header END -->\n\t\t\t\t\t\t<div class=\"profile-body\">\n\t\t\t\t\t\t\t<h2 class=\"profile-title\">\n\t\t\t\t\t\t\t\t\t\t\t\t\t\t\t<a aria-label=\"profile\" href=\"javascript:void(0)\" data-mfp-src=\"#ekit_team_modal_1d8feb6_57507\" class=\"ekit-team-popup\">\n\t\t\t\t\t\t\t\tCarlos Wong\t\t\t\t\t\t\t\t<\/a>\n\t\t\t\t\t\t\t\t\t\t\t\t\t\t\t<\/h2>\n\t\t\t\t\t\t\t<p class=\"profile-designation\">Director General, Code Development Group.<\/p>\n\t\t\t\t\t\t\t\t\t\t\t\t\t\t\t\t\t\t\t\t<\/div>\n\t\t\t\t\t<\/div>\n\t\t\t\t<\/div>\n\t\t\t\n\t\t\t\t\t<div class=\"zoom-anim-dialog mfp-hide elementskit-team-popup team-popup-id-1d8feb6\" id=\"ekit_team_modal_1d8feb6_57507\" tabindex=\"-1\" role=\"dialog\" aria-modal=\"true\">\n\t\t\t\t<div class=\"modal-dialog modal-dialog-centered\" role=\"document\">\n\t\t\t\t\t<div class=\"modal-content\">\n\t\t\t\t\t\t<button type=\"button\" class=\"ekit-team-modal-close\">\n\t\t\t\t\t\t\t<i aria-hidden=\"true\" class=\"fas fa-times\"><\/i>\t\t\t\t\t\t<\/button>\n\n\t\t\t\t\t\t<div class=\"modal-body\">\n\t\t\t\t\t\t\t\t\t\t\t\t\t\t\t<div class=\"ekit-team-modal-img\">\n\t\t\t\t\t\t\t\t\t<img loading=\"lazy\" decoding=\"async\" width=\"800\" height=\"800\" src=\"https:\/\/foros.cr\/wp-content\/uploads\/2025\/05\/Carlos-Wong.jpg\" class=\"attachment-full size-full wp-image-58620\" alt=\"\" srcset=\"https:\/\/foros.cr\/wp-content\/uploads\/2025\/05\/Carlos-Wong.jpg 800w, https:\/\/foros.cr\/wp-content\/uploads\/2025\/05\/Carlos-Wong-300x300.jpg 300w, https:\/\/foros.cr\/wp-content\/uploads\/2025\/05\/Carlos-Wong-150x150.jpg 150w, https:\/\/foros.cr\/wp-content\/uploads\/2025\/05\/Carlos-Wong-768x768.jpg 768w\" sizes=\"(max-width: 800px) 100vw, 800px\" \/>\t\t\t\t\t\t\t\t<\/div>\n\t\t\t\t\t\t\t\n\t\t\t\t\t\t\t<div class=\"ekit-team-modal-info has-img\">\n\t\t\t\t\t\t\t\t<h2 class=\"ekit-team-modal-title\">Carlos Wong<\/h2>\n\t\t\t\t\t\t\t\t<p class=\"ekit-team-modal-position\">Director General, Code Development Group.<\/p>\n\n\t\t\t\t\t\t\t\t<div class=\"ekit-team-modal-content\">\n\t\t\t\t\t\t\t\t\tManaging Director de CODE Development Group, empresa que administra zonas francas como Coyol Free Zone y Evolution Free Zone en Costa Rica. Con formaci\u00f3n en administraci\u00f3n de empresas y un MBA, ha liderado iniciativas de desarrollo industrial y atracci\u00f3n de inversi\u00f3n extranjera directa, posicionando a las zonas francas bajo su direcci\u00f3n como referentes en innovaci\u00f3n y sostenibilidad en Am\u00e9rica Latina.\n\t\t\t\t\t\t\t\t<\/div>\n\n\t\t\t\t\t\t\t\t\n\t\t\t\t\t\t\t\t\t\t\t\t\t\t\t<\/div>\n\t\t\t\t\t\t<\/div>\n\t\t\t\t\t<\/div>\n\t\t\t\t<\/div>\n\t\t\t<\/div>\n\t\t\t\t<\/div>\t\t\t\t<\/div>\n\t\t\t\t<\/div>\n\t\t\t\t\t<\/div>\n\t\t\t\t<\/div>\n\t\t\t\t\t\t\t\t<\/div>\n\t\t\t\t\t\t\t\t\t\t\t<div class=\"swiper-slide\" data-slide=\"13\" role=\"group\" aria-roledescription=\"slide\" aria-label=\"13 of 13\">\n\t\t\t\t\t\t\t<div class=\"elementor-element elementor-element-3be5024 e-flex e-con-boxed e-con e-child\" data-id=\"3be5024\" data-element_type=\"container\" data-e-type=\"container\">\n\t\t\t\t\t<div class=\"e-con-inner\">\n\t\t\t\t<div class=\"elementor-element elementor-element-a91eeba elementor-widget elementor-widget-elementskit-team\" data-id=\"a91eeba\" data-element_type=\"widget\" data-e-type=\"widget\" data-widget_type=\"elementskit-team.default\">\n\t\t\t\t<div class=\"elementor-widget-container\">\n\t\t\t\t\t<div class=\"ekit-wid-con\">\n\t\t\t\n\t\t\t\t<div class=\"profile-square-v square-v4 elementor-animation-float ekit-team-style-hover_info\">\n\t\t\t\t\t<div class=\"profile-card text-center\">\n\t\t\t\t\t\t<div class=\"profile-header ekit-team-img\"  data-toggle=\"modal\" data-target=\"#ekit_team_modal_a91eeba_57507\" >\n\t\t\t\t\t\t\t<img loading=\"lazy\" decoding=\"async\" width=\"800\" height=\"800\" src=\"https:\/\/foros.cr\/wp-content\/uploads\/2025\/05\/Carlos-Alberto-Sandi.jpg\" class=\"attachment-full size-full wp-image-58647\" alt=\"\" srcset=\"https:\/\/foros.cr\/wp-content\/uploads\/2025\/05\/Carlos-Alberto-Sandi.jpg 800w, https:\/\/foros.cr\/wp-content\/uploads\/2025\/05\/Carlos-Alberto-Sandi-300x300.jpg 300w, https:\/\/foros.cr\/wp-content\/uploads\/2025\/05\/Carlos-Alberto-Sandi-150x150.jpg 150w, https:\/\/foros.cr\/wp-content\/uploads\/2025\/05\/Carlos-Alberto-Sandi-768x768.jpg 768w\" sizes=\"(max-width: 800px) 100vw, 800px\" \/>\t\t\t\t\t\t<\/div><!-- .profile-header END -->\n\t\t\t\t\t\t<div class=\"profile-body\">\n\t\t\t\t\t\t\t<h2 class=\"profile-title\">\n\t\t\t\t\t\t\t\t\t\t\t\t\t\t\t<a aria-label=\"profile\" href=\"javascript:void(0)\" data-mfp-src=\"#ekit_team_modal_a91eeba_57507\" class=\"ekit-team-popup\">\n\t\t\t\t\t\t\t\tCarlos Sandi\t\t\t\t\t\t\t\t<\/a>\n\t\t\t\t\t\t\t\t\t\t\t\t\t\t\t<\/h2>\n\t\t\t\t\t\t\t<p class=\"profile-designation\">Gerente, AFZ.<\/p>\n\t\t\t\t\t\t\t\t\t\t\t\t\t\t\t\t\t\t\t\t<\/div>\n\t\t\t\t\t<\/div>\n\t\t\t\t<\/div>\n\t\t\t\n\t\t\t\t\t<div class=\"zoom-anim-dialog mfp-hide elementskit-team-popup team-popup-id-a91eeba\" id=\"ekit_team_modal_a91eeba_57507\" tabindex=\"-1\" role=\"dialog\" aria-modal=\"true\">\n\t\t\t\t<div class=\"modal-dialog modal-dialog-centered\" role=\"document\">\n\t\t\t\t\t<div class=\"modal-content\">\n\t\t\t\t\t\t<button type=\"button\" class=\"ekit-team-modal-close\">\n\t\t\t\t\t\t\t<i aria-hidden=\"true\" class=\"fas fa-times\"><\/i>\t\t\t\t\t\t<\/button>\n\n\t\t\t\t\t\t<div class=\"modal-body\">\n\t\t\t\t\t\t\t\t\t\t\t\t\t\t\t<div class=\"ekit-team-modal-img\">\n\t\t\t\t\t\t\t\t\t<img loading=\"lazy\" decoding=\"async\" width=\"800\" height=\"800\" src=\"https:\/\/foros.cr\/wp-content\/uploads\/2025\/05\/Carlos-Alberto-Sandi.jpg\" class=\"attachment-full size-full wp-image-58647\" alt=\"\" srcset=\"https:\/\/foros.cr\/wp-content\/uploads\/2025\/05\/Carlos-Alberto-Sandi.jpg 800w, https:\/\/foros.cr\/wp-content\/uploads\/2025\/05\/Carlos-Alberto-Sandi-300x300.jpg 300w, https:\/\/foros.cr\/wp-content\/uploads\/2025\/05\/Carlos-Alberto-Sandi-150x150.jpg 150w, https:\/\/foros.cr\/wp-content\/uploads\/2025\/05\/Carlos-Alberto-Sandi-768x768.jpg 768w\" sizes=\"(max-width: 800px) 100vw, 800px\" \/>\t\t\t\t\t\t\t\t<\/div>\n\t\t\t\t\t\t\t\n\t\t\t\t\t\t\t<div class=\"ekit-team-modal-info has-img\">\n\t\t\t\t\t\t\t\t<h2 class=\"ekit-team-modal-title\">Carlos Sandi<\/h2>\n\t\t\t\t\t\t\t\t<p class=\"ekit-team-modal-position\">Gerente, AFZ.<\/p>\n\n\t\t\t\t\t\t\t\t<div class=\"ekit-team-modal-content\">\n\t\t\t\t\t\t\t\t\tM\u00e1ster en Administraci\u00f3n de Negocios con habilidades de pensamiento estrat\u00e9gico, gesti\u00f3n de relaciones y comunicaci\u00f3n.\nExperiencia en procesos de desarrollo de estrategia y transformaci\u00f3n organizacional; as\u00ed como proyectos de mejora y automatizaci\u00f3n para uso adecuado de recursos en m\u00faltiples industrias.\nProfesional pro-resultados a trav\u00e9s de gesti\u00f3n por procesos, con capacidad para liderar equipos.\nExecutive Coach, promuevo el desarrollo de personas para la consecuci\u00f3n de objetivos organizacionales.\nApasionado por la lectura y la m\u00fasica; encantado de vivir aut\u00e9ntico y apasionado, perseverando y enfrentando nuevos desaf\u00edos.\n\t\t\t\t\t\t\t\t<\/div>\n\n\t\t\t\t\t\t\t\t\n\t\t\t\t\t\t\t\t\t\t\t\t\t\t\t<\/div>\n\t\t\t\t\t\t<\/div>\n\t\t\t\t\t<\/div>\n\t\t\t\t<\/div>\n\t\t\t<\/div>\n\t\t\t\t<\/div>\t\t\t\t<\/div>\n\t\t\t\t<\/div>\n\t\t\t\t\t<\/div>\n\t\t\t\t<\/div>\n\t\t\t\t\t\t\t\t<\/div>\n\t\t\t\t\t\t\t\t<\/div>\n\t\t<\/div>\n\t\t\t\t\t<div class=\"elementor-swiper-button elementor-swiper-button-prev\" role=\"button\" tabindex=\"0\" aria-label=\"Anterior\">\n\t\t\t\t<i aria-hidden=\"true\" class=\"eicon-chevron-left\"><\/i>\t\t\t<\/div>\n\t\t\t<div class=\"elementor-swiper-button elementor-swiper-button-next\" role=\"button\" tabindex=\"0\" aria-label=\"Siguiente\">\n\t\t\t\t<i aria-hidden=\"true\" class=\"eicon-chevron-right\"><\/i>\t\t\t<\/div>\n\t\t\t\t\t<div class=\"swiper-pagination\"><\/div>\n\t\t\t\t\t\t<\/div>\n\t\t\t\t<\/div>\n\t\t\t\t\t<\/div>\n\t\t\t\t<\/div>\n\t\t<div class=\"elementor-element elementor-element-3373b26 e-flex e-con-boxed e-con e-parent\" data-id=\"3373b26\" data-element_type=\"container\" data-e-type=\"container\" id=\"AGENDA\">\n\t\t\t\t\t<div class=\"e-con-inner\">\n\t\t\t\t<div class=\"elementor-element elementor-element-18cfe14 elementor-widget elementor-widget-heading\" data-id=\"18cfe14\" data-element_type=\"widget\" data-e-type=\"widget\" data-widget_type=\"heading.default\">\n\t\t\t\t<div class=\"elementor-widget-container\">\n\t\t\t\t\t<h2 class=\"elementor-heading-title elementor-size-default\">Agenda:<\/h2>\t\t\t\t<\/div>\n\t\t\t\t<\/div>\n\t\t\t\t\t<\/div>\n\t\t\t\t<\/div>\n\t\t<div class=\"elementor-element elementor-element-e98e03c e-flex e-con-boxed e-con e-child\" data-id=\"e98e03c\" data-element_type=\"container\" data-e-type=\"container\" data-settings=\"{&quot;background_background&quot;:&quot;classic&quot;}\">\n\t\t\t\t\t<div class=\"e-con-inner\">\n\t\t<div class=\"elementor-element elementor-element-e6d94cf e-con-full e-flex e-con e-child\" data-id=\"e6d94cf\" data-element_type=\"container\" data-e-type=\"container\" data-settings=\"{&quot;background_background&quot;:&quot;classic&quot;}\">\n\t\t<div class=\"elementor-element elementor-element-0b27f60 e-con-full e-flex e-con e-child\" data-id=\"0b27f60\" data-element_type=\"container\" data-e-type=\"container\">\n\t\t\t\t<div class=\"elementor-element elementor-element-0e8801c elementor-icon-list--layout-inline elementor-list-item-link-full_width elementor-widget elementor-widget-icon-list\" data-id=\"0e8801c\" data-element_type=\"widget\" data-e-type=\"widget\" data-widget_type=\"icon-list.default\">\n\t\t\t\t<div class=\"elementor-widget-container\">\n\t\t\t\t\t\t\t<ul class=\"elementor-icon-list-items elementor-inline-items\">\n\t\t\t\t\t\t\t<li class=\"elementor-icon-list-item elementor-inline-item\">\n\t\t\t\t\t\t\t\t\t\t\t<span class=\"elementor-icon-list-icon\">\n\t\t\t\t\t\t\t<i aria-hidden=\"true\" class=\"jki jki-coffee-solid\"><\/i>\t\t\t\t\t\t<\/span>\n\t\t\t\t\t\t\t\t\t\t<span class=\"elementor-icon-list-text\">Desayuno <\/span>\n\t\t\t\t\t\t\t\t\t<\/li>\n\t\t\t\t\t\t\t\t<li class=\"elementor-icon-list-item elementor-inline-item\">\n\t\t\t\t\t\t\t\t\t\t\t<span class=\"elementor-icon-list-icon\">\n\t\t\t\t\t\t\t<i aria-hidden=\"true\" class=\"far fa-clock\"><\/i>\t\t\t\t\t\t<\/span>\n\t\t\t\t\t\t\t\t\t\t<span class=\"elementor-icon-list-text\">7:30 am \u2013 8:00 a.m.<\/span>\n\t\t\t\t\t\t\t\t\t<\/li>\n\t\t\t\t\t\t<\/ul>\n\t\t\t\t\t\t<\/div>\n\t\t\t\t<\/div>\n\t\t\t\t<\/div>\n\t\t\t\t<\/div>\n\t\t<div class=\"elementor-element elementor-element-27fc2e6 e-con-full e-flex e-con e-child\" data-id=\"27fc2e6\" data-element_type=\"container\" data-e-type=\"container\" data-settings=\"{&quot;background_background&quot;:&quot;classic&quot;}\">\n\t\t<div class=\"elementor-element elementor-element-3dda28b e-con-full e-flex e-con e-child\" data-id=\"3dda28b\" data-element_type=\"container\" data-e-type=\"container\">\n\t\t\t\t<div class=\"elementor-element elementor-element-61d3d8f elementor-icon-list--layout-inline elementor-list-item-link-full_width elementor-widget elementor-widget-icon-list\" data-id=\"61d3d8f\" data-element_type=\"widget\" data-e-type=\"widget\" data-widget_type=\"icon-list.default\">\n\t\t\t\t<div class=\"elementor-widget-container\">\n\t\t\t\t\t\t\t<ul class=\"elementor-icon-list-items elementor-inline-items\">\n\t\t\t\t\t\t\t<li class=\"elementor-icon-list-item elementor-inline-item\">\n\t\t\t\t\t\t\t\t\t\t\t<span class=\"elementor-icon-list-icon\">\n\t\t\t\t\t\t\t<i aria-hidden=\"true\" class=\"fas fa-map-marker-alt\"><\/i>\t\t\t\t\t\t<\/span>\n\t\t\t\t\t\t\t\t\t\t<span class=\"elementor-icon-list-text\">Conferencia I <\/span>\n\t\t\t\t\t\t\t\t\t<\/li>\n\t\t\t\t\t\t\t\t<li class=\"elementor-icon-list-item elementor-inline-item\">\n\t\t\t\t\t\t\t\t\t\t\t<span class=\"elementor-icon-list-icon\">\n\t\t\t\t\t\t\t<i aria-hidden=\"true\" class=\"far fa-clock\"><\/i>\t\t\t\t\t\t<\/span>\n\t\t\t\t\t\t\t\t\t\t<span class=\"elementor-icon-list-text\">8:00 \u2013 8:30 a.m<\/span>\n\t\t\t\t\t\t\t\t\t<\/li>\n\t\t\t\t\t\t<\/ul>\n\t\t\t\t\t\t<\/div>\n\t\t\t\t<\/div>\n\t\t\t\t<\/div>\n\t\t\t\t<div class=\"elementor-element elementor-element-262b00f elementor-widget elementor-widget-image-box\" data-id=\"262b00f\" data-element_type=\"widget\" data-e-type=\"widget\" data-widget_type=\"image-box.default\">\n\t\t\t\t<div class=\"elementor-widget-container\">\n\t\t\t\t\t<div class=\"elementor-image-box-wrapper\"><div class=\"elementor-image-box-content\"><h3 class=\"elementor-image-box-title\">Zonas francas 5.0: reimaginando el futuro del trabajo y la productividad <\/h3><p class=\"elementor-image-box-description\">En un mundo digitalizado y competitivo, las zonas francas deben evolucionar hacia ecosistemas de innovaci\u00f3n. Esta conferencia explora c\u00f3mo adaptarse a los nuevos modelos de producci\u00f3n, talento y empleabilidad. \n<\/p><\/div><\/div>\t\t\t\t<\/div>\n\t\t\t\t<\/div>\n\t\t\t\t<div class=\"elementor-element elementor-element-dd5ec51 elementor-widget elementor-widget-text-editor\" data-id=\"dd5ec51\" data-element_type=\"widget\" data-e-type=\"widget\" data-widget_type=\"text-editor.default\">\n\t\t\t\t<div class=\"elementor-widget-container\">\n\t\t\t\t\t\t\t\t\t<p><strong>Ideas clave:\u00a0<\/strong><\/p><ul><li style=\"font-weight: 400;\" aria-level=\"1\"><span style=\"font-weight: 400;\">Del enclave industrial al hub de innovaci\u00f3n: redise\u00f1o estrat\u00e9gico.\u00a0<\/span><\/li><li style=\"font-weight: 400;\" aria-level=\"1\"><span style=\"font-weight: 400;\">Empleabilidad en la era de la automatizaci\u00f3n e IA.\u00a0<\/span><\/li><li style=\"font-weight: 400;\" aria-level=\"1\"><span style=\"font-weight: 400;\">Modelos h\u00edbridos de productividad: tecnolog\u00eda, talento y cultura. <\/span><\/li><\/ul>\t\t\t\t\t\t\t\t<\/div>\n\t\t\t\t<\/div>\n\t\t<div class=\"elementor-element elementor-element-b5dd2be e-con-full e-flex e-con e-child\" data-id=\"b5dd2be\" data-element_type=\"container\" data-e-type=\"container\">\n\t\t<div class=\"elementor-element elementor-element-db69789 e-con-full e-flex e-con e-child\" data-id=\"db69789\" data-element_type=\"container\" data-e-type=\"container\">\n\t\t\t\t<div class=\"elementor-element elementor-element-fa63c72 elementor-widget elementor-widget-heading\" data-id=\"fa63c72\" data-element_type=\"widget\" data-e-type=\"widget\" data-widget_type=\"heading.default\">\n\t\t\t\t<div class=\"elementor-widget-container\">\n\t\t\t\t\t<h2 class=\"elementor-heading-title elementor-size-default\">Por:<\/h2>\t\t\t\t<\/div>\n\t\t\t\t<\/div>\n\t\t\t\t<\/div>\n\t\t<div class=\"elementor-element elementor-element-0a5d6e5 e-con-full e-flex e-con e-child\" data-id=\"0a5d6e5\" data-element_type=\"container\" data-e-type=\"container\">\n\t\t\t\t<div class=\"elementor-element elementor-element-c92fc67 elementor-position-left elementor-vertical-align-middle elementor-widget__width-initial elementor-widget elementor-widget-image-box\" data-id=\"c92fc67\" data-element_type=\"widget\" data-e-type=\"widget\" data-widget_type=\"image-box.default\">\n\t\t\t\t<div class=\"elementor-widget-container\">\n\t\t\t\t\t<div class=\"elementor-image-box-wrapper\"><figure class=\"elementor-image-box-img\"><a href=\"#SPEAKERS\" tabindex=\"-1\"><img loading=\"lazy\" decoding=\"async\" width=\"800\" height=\"800\" src=\"https:\/\/foros.cr\/wp-content\/uploads\/2025\/05\/Aqlberto-Porras.jpg\" class=\"attachment-full size-full wp-image-58612\" alt=\"\" srcset=\"https:\/\/foros.cr\/wp-content\/uploads\/2025\/05\/Aqlberto-Porras.jpg 800w, https:\/\/foros.cr\/wp-content\/uploads\/2025\/05\/Aqlberto-Porras-300x300.jpg 300w, https:\/\/foros.cr\/wp-content\/uploads\/2025\/05\/Aqlberto-Porras-150x150.jpg 150w, https:\/\/foros.cr\/wp-content\/uploads\/2025\/05\/Aqlberto-Porras-768x768.jpg 768w\" sizes=\"(max-width: 800px) 100vw, 800px\" \/><\/a><\/figure><div class=\"elementor-image-box-content\"><h3 class=\"elementor-image-box-title\"><a href=\"#SPEAKERS\">Alberto Porras<\/a><\/h3><p class=\"elementor-image-box-description\">Socio Director, Bakertilly.<\/p><\/div><\/div>\t\t\t\t<\/div>\n\t\t\t\t<\/div>\n\t\t\t\t<\/div>\n\t\t\t\t<\/div>\n\t\t\t\t<\/div>\n\t\t<div class=\"elementor-element elementor-element-644dfcd e-con-full e-flex e-con e-child\" data-id=\"644dfcd\" data-element_type=\"container\" data-e-type=\"container\" data-settings=\"{&quot;background_background&quot;:&quot;classic&quot;}\">\n\t\t<div class=\"elementor-element elementor-element-d51ee24 e-con-full e-flex e-con e-child\" data-id=\"d51ee24\" data-element_type=\"container\" data-e-type=\"container\">\n\t\t\t\t<div class=\"elementor-element elementor-element-ff17709 elementor-icon-list--layout-inline elementor-list-item-link-full_width elementor-widget elementor-widget-icon-list\" data-id=\"ff17709\" data-element_type=\"widget\" data-e-type=\"widget\" data-widget_type=\"icon-list.default\">\n\t\t\t\t<div class=\"elementor-widget-container\">\n\t\t\t\t\t\t\t<ul class=\"elementor-icon-list-items elementor-inline-items\">\n\t\t\t\t\t\t\t<li class=\"elementor-icon-list-item elementor-inline-item\">\n\t\t\t\t\t\t\t\t\t\t\t<span class=\"elementor-icon-list-icon\">\n\t\t\t\t\t\t\t<i aria-hidden=\"true\" class=\"fas fa-map-marker-alt\"><\/i>\t\t\t\t\t\t<\/span>\n\t\t\t\t\t\t\t\t\t\t<span class=\"elementor-icon-list-text\">Conferencia II<\/span>\n\t\t\t\t\t\t\t\t\t<\/li>\n\t\t\t\t\t\t\t\t<li class=\"elementor-icon-list-item elementor-inline-item\">\n\t\t\t\t\t\t\t\t\t\t\t<span class=\"elementor-icon-list-icon\">\n\t\t\t\t\t\t\t<i aria-hidden=\"true\" class=\"far fa-clock\"><\/i>\t\t\t\t\t\t<\/span>\n\t\t\t\t\t\t\t\t\t\t<span class=\"elementor-icon-list-text\">8:35 \u2013 9:05 a.m.<\/span>\n\t\t\t\t\t\t\t\t\t<\/li>\n\t\t\t\t\t\t<\/ul>\n\t\t\t\t\t\t<\/div>\n\t\t\t\t<\/div>\n\t\t\t\t<\/div>\n\t\t\t\t<div class=\"elementor-element elementor-element-dcb57be elementor-widget elementor-widget-image-box\" data-id=\"dcb57be\" data-element_type=\"widget\" data-e-type=\"widget\" data-widget_type=\"image-box.default\">\n\t\t\t\t<div class=\"elementor-widget-container\">\n\t\t\t\t\t<div class=\"elementor-image-box-wrapper\"><div class=\"elementor-image-box-content\"><h3 class=\"elementor-image-box-title\">Nearshoring y atracci\u00f3n de inversi\u00f3n: \u00bfEst\u00e1 Costa Rica capitalizando la tendencia global? <\/h3><p class=\"elementor-image-box-description\">El nearshoring representa una oportunidad hist\u00f3rica para Am\u00e9rica Latina. Esta sesi\u00f3n analiza c\u00f3mo posicionar las zonas francas como destinos estrat\u00e9gicos para empresas globales que buscan eficiencia, sostenibilidad y talento. \n<\/p><\/div><\/div>\t\t\t\t<\/div>\n\t\t\t\t<\/div>\n\t\t\t\t<div class=\"elementor-element elementor-element-61721a8 elementor-widget elementor-widget-text-editor\" data-id=\"61721a8\" data-element_type=\"widget\" data-e-type=\"widget\" data-widget_type=\"text-editor.default\">\n\t\t\t\t<div class=\"elementor-widget-container\">\n\t\t\t\t\t\t\t\t\t<p><strong>Ideas clave:\u00a0<\/strong><\/p><ul><li style=\"font-weight: 400;\" aria-level=\"1\"><span style=\"font-weight: 400;\">Factores que mueven el nearshoring: log\u00edstica, costos, talento.<\/span><\/li><li style=\"font-weight: 400;\" aria-level=\"1\"><span style=\"font-weight: 400;\">Ventajas competitivas de Costa Rica frente a la regi\u00f3n. <\/span><\/li><li style=\"font-weight: 400;\" aria-level=\"1\"><span style=\"font-weight: 400;\">Rol de las zonas francas como aceleradoras de reinversi\u00f3n extranjera.<\/span><\/li><\/ul>\t\t\t\t\t\t\t\t<\/div>\n\t\t\t\t<\/div>\n\t\t<div class=\"elementor-element elementor-element-b374241 e-con-full e-flex e-con e-child\" data-id=\"b374241\" data-element_type=\"container\" data-e-type=\"container\">\n\t\t<div class=\"elementor-element elementor-element-6052656 e-con-full e-flex e-con e-child\" data-id=\"6052656\" data-element_type=\"container\" data-e-type=\"container\">\n\t\t\t\t<div class=\"elementor-element elementor-element-0b2fb1b elementor-widget elementor-widget-heading\" data-id=\"0b2fb1b\" data-element_type=\"widget\" data-e-type=\"widget\" data-widget_type=\"heading.default\">\n\t\t\t\t<div class=\"elementor-widget-container\">\n\t\t\t\t\t<h2 class=\"elementor-heading-title elementor-size-default\">Por:<\/h2>\t\t\t\t<\/div>\n\t\t\t\t<\/div>\n\t\t\t\t<\/div>\n\t\t<div class=\"elementor-element elementor-element-1c9fa6e e-con-full e-flex e-con e-child\" data-id=\"1c9fa6e\" data-element_type=\"container\" data-e-type=\"container\">\n\t\t\t\t<div class=\"elementor-element elementor-element-847f3d8 elementor-position-left elementor-vertical-align-middle elementor-widget__width-initial elementor-widget elementor-widget-image-box\" data-id=\"847f3d8\" data-element_type=\"widget\" data-e-type=\"widget\" data-widget_type=\"image-box.default\">\n\t\t\t\t<div class=\"elementor-widget-container\">\n\t\t\t\t\t<div class=\"elementor-image-box-wrapper\"><figure class=\"elementor-image-box-img\"><a href=\"#SPEAKERS\" tabindex=\"-1\"><img loading=\"lazy\" decoding=\"async\" width=\"800\" height=\"800\" src=\"https:\/\/foros.cr\/wp-content\/uploads\/2025\/05\/Jaime-Morales.jpg\" class=\"attachment-full size-full wp-image-58614\" alt=\"\" srcset=\"https:\/\/foros.cr\/wp-content\/uploads\/2025\/05\/Jaime-Morales.jpg 800w, https:\/\/foros.cr\/wp-content\/uploads\/2025\/05\/Jaime-Morales-300x300.jpg 300w, https:\/\/foros.cr\/wp-content\/uploads\/2025\/05\/Jaime-Morales-150x150.jpg 150w, https:\/\/foros.cr\/wp-content\/uploads\/2025\/05\/Jaime-Morales-768x768.jpg 768w\" sizes=\"(max-width: 800px) 100vw, 800px\" \/><\/a><\/figure><div class=\"elementor-image-box-content\"><h3 class=\"elementor-image-box-title\"><a href=\"#SPEAKERS\">Jaime Morales<\/a><\/h3><p class=\"elementor-image-box-description\">Senior Trade Manager, Grant Thorton.\n<\/p><\/div><\/div>\t\t\t\t<\/div>\n\t\t\t\t<\/div>\n\t\t\t\t<\/div>\n\t\t\t\t<\/div>\n\t\t\t\t<\/div>\n\t\t<div class=\"elementor-element elementor-element-98dcfb3 e-con-full e-flex e-con e-child\" data-id=\"98dcfb3\" data-element_type=\"container\" data-e-type=\"container\" data-settings=\"{&quot;background_background&quot;:&quot;classic&quot;}\">\n\t\t<div class=\"elementor-element elementor-element-29cee06 e-con-full e-flex e-con e-child\" data-id=\"29cee06\" data-element_type=\"container\" data-e-type=\"container\">\n\t\t\t\t<div class=\"elementor-element elementor-element-8753ba6 elementor-icon-list--layout-inline elementor-list-item-link-full_width elementor-widget elementor-widget-icon-list\" data-id=\"8753ba6\" data-element_type=\"widget\" data-e-type=\"widget\" data-widget_type=\"icon-list.default\">\n\t\t\t\t<div class=\"elementor-widget-container\">\n\t\t\t\t\t\t\t<ul class=\"elementor-icon-list-items elementor-inline-items\">\n\t\t\t\t\t\t\t<li class=\"elementor-icon-list-item elementor-inline-item\">\n\t\t\t\t\t\t\t\t\t\t\t<span class=\"elementor-icon-list-icon\">\n\t\t\t\t\t\t\t<i aria-hidden=\"true\" class=\"fas fa-map-marker-alt\"><\/i>\t\t\t\t\t\t<\/span>\n\t\t\t\t\t\t\t\t\t\t<span class=\"elementor-icon-list-text\">Panel de discusi\u00f3n<\/span>\n\t\t\t\t\t\t\t\t\t<\/li>\n\t\t\t\t\t\t\t\t<li class=\"elementor-icon-list-item elementor-inline-item\">\n\t\t\t\t\t\t\t\t\t\t\t<span class=\"elementor-icon-list-icon\">\n\t\t\t\t\t\t\t<i aria-hidden=\"true\" class=\"far fa-clock\"><\/i>\t\t\t\t\t\t<\/span>\n\t\t\t\t\t\t\t\t\t\t<span class=\"elementor-icon-list-text\">9:10 \u2013 10:00 a.m.<\/span>\n\t\t\t\t\t\t\t\t\t<\/li>\n\t\t\t\t\t\t<\/ul>\n\t\t\t\t\t\t<\/div>\n\t\t\t\t<\/div>\n\t\t\t\t<\/div>\n\t\t\t\t<div class=\"elementor-element elementor-element-9a29e26 elementor-widget elementor-widget-image-box\" data-id=\"9a29e26\" data-element_type=\"widget\" data-e-type=\"widget\" data-widget_type=\"image-box.default\">\n\t\t\t\t<div class=\"elementor-widget-container\">\n\t\t\t\t\t<div class=\"elementor-image-box-wrapper\"><div class=\"elementor-image-box-content\"><h3 class=\"elementor-image-box-title\">Zonas francas multisectoriales: Diversificaci\u00f3n e innovaci\u00f3n para el siglo XXI <\/h3><p class=\"elementor-image-box-description\">La transformaci\u00f3n productiva exige zonas francas adaptables a sectores como biotecnolog\u00eda, fintech, servicios digitales y energ\u00edas limpias. Esta sesi\u00f3n revela c\u00f3mo ampliar el portafolio sin perder competitividad \n<\/p><\/div><\/div>\t\t\t\t<\/div>\n\t\t\t\t<\/div>\n\t\t\t\t<div class=\"elementor-element elementor-element-e6fe9bf elementor-widget elementor-widget-text-editor\" data-id=\"e6fe9bf\" data-element_type=\"widget\" data-e-type=\"widget\" data-widget_type=\"text-editor.default\">\n\t\t\t\t<div class=\"elementor-widget-container\">\n\t\t\t\t\t\t\t\t\t<p><strong>Ideas clave:\u00a0<\/strong><\/p><ul><li style=\"font-weight: 400;\" aria-level=\"1\"><span style=\"font-weight: 400;\">Modelos de zonas francas multisectoriales y casos de \u00e9xito.\u00a0<\/span><\/li><li style=\"font-weight: 400;\" aria-level=\"1\"><span style=\"font-weight: 400;\">Estrategias para atraer empresas de base tecnol\u00f3gica. <\/span><\/li><li style=\"font-weight: 400;\" aria-level=\"1\"><span style=\"font-weight: 400;\">Claves para conectar academia, industria e inversi\u00f3n.<\/span><\/li><\/ul>\t\t\t\t\t\t\t\t<\/div>\n\t\t\t\t<\/div>\n\t\t<div class=\"elementor-element elementor-element-9fb585c e-con-full e-flex e-con e-child\" data-id=\"9fb585c\" data-element_type=\"container\" data-e-type=\"container\">\n\t\t<div class=\"elementor-element elementor-element-bb06318 e-con-full e-flex e-con e-child\" data-id=\"bb06318\" data-element_type=\"container\" data-e-type=\"container\">\n\t\t\t\t<div class=\"elementor-element elementor-element-1133fc6 elementor-widget elementor-widget-heading\" data-id=\"1133fc6\" data-element_type=\"widget\" data-e-type=\"widget\" data-widget_type=\"heading.default\">\n\t\t\t\t<div class=\"elementor-widget-container\">\n\t\t\t\t\t<h2 class=\"elementor-heading-title elementor-size-default\">Dialogan:<\/h2>\t\t\t\t<\/div>\n\t\t\t\t<\/div>\n\t\t\t\t<\/div>\n\t\t<div class=\"elementor-element elementor-element-83f9d25 e-con-full e-flex e-con e-child\" data-id=\"83f9d25\" data-element_type=\"container\" data-e-type=\"container\">\n\t\t\t\t<div class=\"elementor-element elementor-element-dd83d29 elementor-position-left elementor-vertical-align-middle elementor-widget__width-initial elementor-widget elementor-widget-image-box\" data-id=\"dd83d29\" data-element_type=\"widget\" data-e-type=\"widget\" data-widget_type=\"image-box.default\">\n\t\t\t\t<div class=\"elementor-widget-container\">\n\t\t\t\t\t<div class=\"elementor-image-box-wrapper\"><figure class=\"elementor-image-box-img\"><a href=\"#SPEAKERS\" tabindex=\"-1\"><img loading=\"lazy\" decoding=\"async\" width=\"200\" height=\"200\" src=\"https:\/\/foros.cr\/wp-content\/uploads\/2025\/05\/1678481250785.jpg\" class=\"attachment-full size-full wp-image-58648\" alt=\"\" srcset=\"https:\/\/foros.cr\/wp-content\/uploads\/2025\/05\/1678481250785.jpg 200w, https:\/\/foros.cr\/wp-content\/uploads\/2025\/05\/1678481250785-150x150.jpg 150w\" sizes=\"(max-width: 200px) 100vw, 200px\" \/><\/a><\/figure><div class=\"elementor-image-box-content\"><h3 class=\"elementor-image-box-title\"><a href=\"#SPEAKERS\">Irene Chinchilla<\/a><\/h3><p class=\"elementor-image-box-description\">Gerente, CF Free Zone Park.\n<\/p><\/div><\/div>\t\t\t\t<\/div>\n\t\t\t\t<\/div>\n\t\t\t\t<div class=\"elementor-element elementor-element-729a118 elementor-position-left elementor-vertical-align-middle elementor-widget__width-initial elementor-widget elementor-widget-image-box\" data-id=\"729a118\" data-element_type=\"widget\" data-e-type=\"widget\" data-widget_type=\"image-box.default\">\n\t\t\t\t<div class=\"elementor-widget-container\">\n\t\t\t\t\t<div class=\"elementor-image-box-wrapper\"><figure class=\"elementor-image-box-img\"><a href=\"#SPEAKERS\" tabindex=\"-1\"><img loading=\"lazy\" decoding=\"async\" width=\"800\" height=\"800\" src=\"https:\/\/foros.cr\/wp-content\/uploads\/2025\/05\/Carlos-Alberto-Sandi.jpg\" class=\"attachment-full size-full wp-image-58647\" alt=\"\" srcset=\"https:\/\/foros.cr\/wp-content\/uploads\/2025\/05\/Carlos-Alberto-Sandi.jpg 800w, https:\/\/foros.cr\/wp-content\/uploads\/2025\/05\/Carlos-Alberto-Sandi-300x300.jpg 300w, https:\/\/foros.cr\/wp-content\/uploads\/2025\/05\/Carlos-Alberto-Sandi-150x150.jpg 150w, https:\/\/foros.cr\/wp-content\/uploads\/2025\/05\/Carlos-Alberto-Sandi-768x768.jpg 768w\" sizes=\"(max-width: 800px) 100vw, 800px\" \/><\/a><\/figure><div class=\"elementor-image-box-content\"><h3 class=\"elementor-image-box-title\"><a href=\"#SPEAKERS\">Carlos Sandi<\/a><\/h3><p class=\"elementor-image-box-description\">Gerente, AFZ.<\/p><\/div><\/div>\t\t\t\t<\/div>\n\t\t\t\t<\/div>\n\t\t\t\t<div class=\"elementor-element elementor-element-d64e575 elementor-position-left elementor-vertical-align-middle elementor-widget__width-initial elementor-widget elementor-widget-image-box\" data-id=\"d64e575\" data-element_type=\"widget\" data-e-type=\"widget\" data-widget_type=\"image-box.default\">\n\t\t\t\t<div class=\"elementor-widget-container\">\n\t\t\t\t\t<div class=\"elementor-image-box-wrapper\"><figure class=\"elementor-image-box-img\"><a href=\"#SPEAKERS\" tabindex=\"-1\"><img loading=\"lazy\" decoding=\"async\" width=\"800\" height=\"800\" src=\"https:\/\/foros.cr\/wp-content\/uploads\/2025\/05\/Carlos-Wong.jpg\" class=\"attachment-full size-full wp-image-58620\" alt=\"\" srcset=\"https:\/\/foros.cr\/wp-content\/uploads\/2025\/05\/Carlos-Wong.jpg 800w, https:\/\/foros.cr\/wp-content\/uploads\/2025\/05\/Carlos-Wong-300x300.jpg 300w, https:\/\/foros.cr\/wp-content\/uploads\/2025\/05\/Carlos-Wong-150x150.jpg 150w, https:\/\/foros.cr\/wp-content\/uploads\/2025\/05\/Carlos-Wong-768x768.jpg 768w\" sizes=\"(max-width: 800px) 100vw, 800px\" \/><\/a><\/figure><div class=\"elementor-image-box-content\"><h3 class=\"elementor-image-box-title\"><a href=\"#SPEAKERS\">Carlos Wong<\/a><\/h3><p class=\"elementor-image-box-description\">Director General, Code Development Group.\n\n<\/p><\/div><\/div>\t\t\t\t<\/div>\n\t\t\t\t<\/div>\n\t\t\t\t<div class=\"elementor-element elementor-element-a2659ec elementor-position-left elementor-vertical-align-middle elementor-widget__width-initial elementor-widget elementor-widget-image-box\" data-id=\"a2659ec\" data-element_type=\"widget\" data-e-type=\"widget\" data-widget_type=\"image-box.default\">\n\t\t\t\t<div class=\"elementor-widget-container\">\n\t\t\t\t\t<div class=\"elementor-image-box-wrapper\"><figure class=\"elementor-image-box-img\"><a href=\"#SPEAKERS\" tabindex=\"-1\"><img loading=\"lazy\" decoding=\"async\" width=\"1707\" height=\"1532\" src=\"https:\/\/foros.cr\/wp-content\/uploads\/2025\/05\/Fernando-Carazo-_1_-_1_-scaled-e1747848639621.webp\" class=\"attachment-full size-full wp-image-59724\" alt=\"\" srcset=\"https:\/\/foros.cr\/wp-content\/uploads\/2025\/05\/Fernando-Carazo-_1_-_1_-scaled-e1747848639621.webp 1707w, https:\/\/foros.cr\/wp-content\/uploads\/2025\/05\/Fernando-Carazo-_1_-_1_-scaled-e1747848639621-300x269.webp 300w, https:\/\/foros.cr\/wp-content\/uploads\/2025\/05\/Fernando-Carazo-_1_-_1_-scaled-e1747848639621-1024x919.webp 1024w, https:\/\/foros.cr\/wp-content\/uploads\/2025\/05\/Fernando-Carazo-_1_-_1_-scaled-e1747848639621-768x689.webp 768w, https:\/\/foros.cr\/wp-content\/uploads\/2025\/05\/Fernando-Carazo-_1_-_1_-scaled-e1747848639621-1536x1379.webp 1536w\" sizes=\"(max-width: 1707px) 100vw, 1707px\" \/><\/a><\/figure><div class=\"elementor-image-box-content\"><h3 class=\"elementor-image-box-title\"><a href=\"#SPEAKERS\">Fernando Carazo<\/a><\/h3><p class=\"elementor-image-box-description\">Gerente, Zona Franca La Lima.\n<\/p><\/div><\/div>\t\t\t\t<\/div>\n\t\t\t\t<\/div>\n\t\t\t\t<\/div>\n\t\t\t\t<\/div>\n\t\t\t\t<\/div>\n\t\t<div class=\"elementor-element elementor-element-54d4246 e-con-full e-flex e-con e-child\" data-id=\"54d4246\" data-element_type=\"container\" data-e-type=\"container\" data-settings=\"{&quot;background_background&quot;:&quot;classic&quot;}\">\n\t\t<div class=\"elementor-element elementor-element-31fe4ea e-con-full e-flex e-con e-child\" data-id=\"31fe4ea\" data-element_type=\"container\" data-e-type=\"container\">\n\t\t\t\t<div class=\"elementor-element elementor-element-07a2bec elementor-icon-list--layout-inline elementor-list-item-link-full_width elementor-widget elementor-widget-icon-list\" data-id=\"07a2bec\" data-element_type=\"widget\" data-e-type=\"widget\" data-widget_type=\"icon-list.default\">\n\t\t\t\t<div class=\"elementor-widget-container\">\n\t\t\t\t\t\t\t<ul class=\"elementor-icon-list-items elementor-inline-items\">\n\t\t\t\t\t\t\t<li class=\"elementor-icon-list-item elementor-inline-item\">\n\t\t\t\t\t\t\t\t\t\t\t<span class=\"elementor-icon-list-icon\">\n\t\t\t\t\t\t\t<i aria-hidden=\"true\" class=\"fas fa-map-marker-alt\"><\/i>\t\t\t\t\t\t<\/span>\n\t\t\t\t\t\t\t\t\t\t<span class=\"elementor-icon-list-text\">Coffee<\/span>\n\t\t\t\t\t\t\t\t\t<\/li>\n\t\t\t\t\t\t\t\t<li class=\"elementor-icon-list-item elementor-inline-item\">\n\t\t\t\t\t\t\t\t\t\t\t<span class=\"elementor-icon-list-icon\">\n\t\t\t\t\t\t\t<i aria-hidden=\"true\" class=\"far fa-clock\"><\/i>\t\t\t\t\t\t<\/span>\n\t\t\t\t\t\t\t\t\t\t<span class=\"elementor-icon-list-text\">10:00 \u2013 10:20 a.m.<\/span>\n\t\t\t\t\t\t\t\t\t<\/li>\n\t\t\t\t\t\t<\/ul>\n\t\t\t\t\t\t<\/div>\n\t\t\t\t<\/div>\n\t\t\t\t<\/div>\n\t\t\t\t<div class=\"elementor-element elementor-element-9ce0dd5 elementor-widget elementor-widget-image-box\" data-id=\"9ce0dd5\" data-element_type=\"widget\" data-e-type=\"widget\" data-widget_type=\"image-box.default\">\n\t\t\t\t<div class=\"elementor-widget-container\">\n\t\t\t\t\t<div class=\"elementor-image-box-wrapper\"><div class=\"elementor-image-box-content\"><h3 class=\"elementor-image-box-title\">Coffee break &amp; networking <\/h3><\/div><\/div>\t\t\t\t<\/div>\n\t\t\t\t<\/div>\n\t\t\t\t<\/div>\n\t\t<div class=\"elementor-element elementor-element-b9ce07c e-con-full e-flex e-con e-child\" data-id=\"b9ce07c\" data-element_type=\"container\" data-e-type=\"container\" data-settings=\"{&quot;background_background&quot;:&quot;classic&quot;}\">\n\t\t<div class=\"elementor-element elementor-element-edb9882 e-con-full e-flex e-con e-child\" data-id=\"edb9882\" data-element_type=\"container\" data-e-type=\"container\">\n\t\t\t\t<div class=\"elementor-element elementor-element-38750cd elementor-icon-list--layout-inline elementor-list-item-link-full_width elementor-widget elementor-widget-icon-list\" data-id=\"38750cd\" data-element_type=\"widget\" data-e-type=\"widget\" data-widget_type=\"icon-list.default\">\n\t\t\t\t<div class=\"elementor-widget-container\">\n\t\t\t\t\t\t\t<ul class=\"elementor-icon-list-items elementor-inline-items\">\n\t\t\t\t\t\t\t<li class=\"elementor-icon-list-item elementor-inline-item\">\n\t\t\t\t\t\t\t\t\t\t\t<span class=\"elementor-icon-list-icon\">\n\t\t\t\t\t\t\t<i aria-hidden=\"true\" class=\"fas fa-map-marker-alt\"><\/i>\t\t\t\t\t\t<\/span>\n\t\t\t\t\t\t\t\t\t\t<span class=\"elementor-icon-list-text\">Conferencia III <\/span>\n\t\t\t\t\t\t\t\t\t<\/li>\n\t\t\t\t\t\t\t\t<li class=\"elementor-icon-list-item elementor-inline-item\">\n\t\t\t\t\t\t\t\t\t\t\t<span class=\"elementor-icon-list-icon\">\n\t\t\t\t\t\t\t<i aria-hidden=\"true\" class=\"far fa-clock\"><\/i>\t\t\t\t\t\t<\/span>\n\t\t\t\t\t\t\t\t\t\t<span class=\"elementor-icon-list-text\">10:20 \u2013 10:50 a.m.<\/span>\n\t\t\t\t\t\t\t\t\t<\/li>\n\t\t\t\t\t\t<\/ul>\n\t\t\t\t\t\t<\/div>\n\t\t\t\t<\/div>\n\t\t\t\t<\/div>\n\t\t\t\t<div class=\"elementor-element elementor-element-8b9e2ab elementor-widget elementor-widget-image-box\" data-id=\"8b9e2ab\" data-element_type=\"widget\" data-e-type=\"widget\" data-widget_type=\"image-box.default\">\n\t\t\t\t<div class=\"elementor-widget-container\">\n\t\t\t\t\t<div class=\"elementor-image-box-wrapper\"><div class=\"elementor-image-box-content\"><h3 class=\"elementor-image-box-title\">Talento 4.0: Habilidades, formaci\u00f3n dual y empleos del futuro <\/h3><p class=\"elementor-image-box-description\">El desarrollo de talento especializado es hoy la moneda m\u00e1s codiciada. Esta charla aborda c\u00f3mo transformar la educaci\u00f3n t\u00e9cnica, formar en habilidades digitales y potenciar trayectorias de empleabilidad inclusivas. \n<\/p><\/div><\/div>\t\t\t\t<\/div>\n\t\t\t\t<\/div>\n\t\t\t\t<div class=\"elementor-element elementor-element-759afb8 elementor-widget elementor-widget-text-editor\" data-id=\"759afb8\" data-element_type=\"widget\" data-e-type=\"widget\" data-widget_type=\"text-editor.default\">\n\t\t\t\t<div class=\"elementor-widget-container\">\n\t\t\t\t\t\t\t\t\t<p><strong>Ideas clave:\u00a0<\/strong><\/p><ul><li style=\"font-weight: 400;\" aria-level=\"1\"><span style=\"font-weight: 400;\">Mapeo de habilidades emergentes y ocupaciones cr\u00edticas.<\/span><\/li><li style=\"font-weight: 400;\" aria-level=\"1\"><span style=\"font-weight: 400;\">Modelos de formaci\u00f3n t\u00e9cnica vinculada a zonas francas. <\/span><\/li><li style=\"font-weight: 400;\" aria-level=\"1\"><span style=\"font-weight: 400;\">Alianzas p\u00fablico-privadas para cerrar brechas de talento.<\/span><\/li><\/ul>\t\t\t\t\t\t\t\t<\/div>\n\t\t\t\t<\/div>\n\t\t<div class=\"elementor-element elementor-element-f6ceba1 e-con-full e-flex e-con e-child\" data-id=\"f6ceba1\" data-element_type=\"container\" data-e-type=\"container\">\n\t\t<div class=\"elementor-element elementor-element-7f4205f e-con-full e-flex e-con e-child\" data-id=\"7f4205f\" data-element_type=\"container\" data-e-type=\"container\">\n\t\t\t\t<div class=\"elementor-element elementor-element-aaa6264 elementor-widget elementor-widget-heading\" data-id=\"aaa6264\" data-element_type=\"widget\" data-e-type=\"widget\" data-widget_type=\"heading.default\">\n\t\t\t\t<div class=\"elementor-widget-container\">\n\t\t\t\t\t<h2 class=\"elementor-heading-title elementor-size-default\">Por:<\/h2>\t\t\t\t<\/div>\n\t\t\t\t<\/div>\n\t\t\t\t<\/div>\n\t\t<div class=\"elementor-element elementor-element-9e3e0c9 e-con-full e-flex e-con e-child\" data-id=\"9e3e0c9\" data-element_type=\"container\" data-e-type=\"container\">\n\t\t\t\t<div class=\"elementor-element elementor-element-ad85873 elementor-position-left elementor-vertical-align-middle elementor-widget__width-initial elementor-widget elementor-widget-image-box\" data-id=\"ad85873\" data-element_type=\"widget\" data-e-type=\"widget\" data-widget_type=\"image-box.default\">\n\t\t\t\t<div class=\"elementor-widget-container\">\n\t\t\t\t\t<div class=\"elementor-image-box-wrapper\"><figure class=\"elementor-image-box-img\"><a href=\"#SPEAKERS\" tabindex=\"-1\"><img loading=\"lazy\" decoding=\"async\" width=\"383\" height=\"355\" src=\"https:\/\/foros.cr\/wp-content\/uploads\/2025\/05\/Christian-Alcazar-e1746811701293.jpg\" class=\"attachment-full size-full wp-image-58617\" alt=\"\" srcset=\"https:\/\/foros.cr\/wp-content\/uploads\/2025\/05\/Christian-Alcazar-e1746811701293.jpg 383w, https:\/\/foros.cr\/wp-content\/uploads\/2025\/05\/Christian-Alcazar-e1746811701293-300x278.jpg 300w\" sizes=\"(max-width: 383px) 100vw, 383px\" \/><\/a><\/figure><div class=\"elementor-image-box-content\"><h3 class=\"elementor-image-box-title\"><a href=\"#SPEAKERS\">Christian S\u00e1nchez<\/a><\/h3><p class=\"elementor-image-box-description\">Coordinador de Proyectos de Talento Humano, PROCOMER.<\/p><\/div><\/div>\t\t\t\t<\/div>\n\t\t\t\t<\/div>\n\t\t\t\t<\/div>\n\t\t\t\t<\/div>\n\t\t\t\t<\/div>\n\t\t<div class=\"elementor-element elementor-element-8542505 e-con-full e-flex e-con e-child\" data-id=\"8542505\" data-element_type=\"container\" data-e-type=\"container\" data-settings=\"{&quot;background_background&quot;:&quot;classic&quot;}\">\n\t\t<div class=\"elementor-element elementor-element-d94c02a e-con-full e-flex e-con e-child\" data-id=\"d94c02a\" data-element_type=\"container\" data-e-type=\"container\">\n\t\t\t\t<div class=\"elementor-element elementor-element-64f1467 elementor-icon-list--layout-inline elementor-list-item-link-full_width elementor-widget elementor-widget-icon-list\" data-id=\"64f1467\" data-element_type=\"widget\" data-e-type=\"widget\" data-widget_type=\"icon-list.default\">\n\t\t\t\t<div class=\"elementor-widget-container\">\n\t\t\t\t\t\t\t<ul class=\"elementor-icon-list-items elementor-inline-items\">\n\t\t\t\t\t\t\t<li class=\"elementor-icon-list-item elementor-inline-item\">\n\t\t\t\t\t\t\t\t\t\t\t<span class=\"elementor-icon-list-icon\">\n\t\t\t\t\t\t\t<i aria-hidden=\"true\" class=\"fas fa-map-marker-alt\"><\/i>\t\t\t\t\t\t<\/span>\n\t\t\t\t\t\t\t\t\t\t<span class=\"elementor-icon-list-text\">Panel ii<\/span>\n\t\t\t\t\t\t\t\t\t<\/li>\n\t\t\t\t\t\t\t\t<li class=\"elementor-icon-list-item elementor-inline-item\">\n\t\t\t\t\t\t\t\t\t\t\t<span class=\"elementor-icon-list-icon\">\n\t\t\t\t\t\t\t<i aria-hidden=\"true\" class=\"far fa-clock\"><\/i>\t\t\t\t\t\t<\/span>\n\t\t\t\t\t\t\t\t\t\t<span class=\"elementor-icon-list-text\">10:55 a.m. \u2013 11:55 m.d<\/span>\n\t\t\t\t\t\t\t\t\t<\/li>\n\t\t\t\t\t\t<\/ul>\n\t\t\t\t\t\t<\/div>\n\t\t\t\t<\/div>\n\t\t\t\t<\/div>\n\t\t\t\t<div class=\"elementor-element elementor-element-a092e03 elementor-widget elementor-widget-image-box\" data-id=\"a092e03\" data-element_type=\"widget\" data-e-type=\"widget\" data-widget_type=\"image-box.default\">\n\t\t\t\t<div class=\"elementor-widget-container\">\n\t\t\t\t\t<div class=\"elementor-image-box-wrapper\"><div class=\"elementor-image-box-content\"><h3 class=\"elementor-image-box-title\">Productividad y Empleabilidad: \u00bfCu\u00e1l es el nuevo valor de las zonas francas? <\/h3><p class=\"elementor-image-box-description\">Panelistas compartir\u00e1n experiencias sobre c\u00f3mo las zonas francas est\u00e1n evolucionando hacia centros de talento, automatizaci\u00f3n y sofisticaci\u00f3n industrial. Se analizar\u00e1n nuevas m\u00e9tricas de impacto econ\u00f3mico y social. \n<\/p><\/div><\/div>\t\t\t\t<\/div>\n\t\t\t\t<\/div>\n\t\t\t\t<div class=\"elementor-element elementor-element-ee594c5 elementor-widget elementor-widget-text-editor\" data-id=\"ee594c5\" data-element_type=\"widget\" data-e-type=\"widget\" data-widget_type=\"text-editor.default\">\n\t\t\t\t<div class=\"elementor-widget-container\">\n\t\t\t\t\t\t\t\t\t<p><strong>Ideas clave:\u00a0<\/strong><\/p><ul><li style=\"font-weight: 400;\" aria-level=\"1\"><span style=\"font-weight: 400;\">C\u00f3mo medir el verdadero retorno de las zonas francas hoy. <\/span><\/li><li style=\"font-weight: 400;\" aria-level=\"1\"><span style=\"font-weight: 400;\">Evoluci\u00f3n de los perfiles laborales y cadenas de valor. <\/span><\/li><li style=\"font-weight: 400;\" aria-level=\"1\"><span style=\"font-weight: 400;\">Transformaci\u00f3n cultural en empresas dentro de zonas francas.<\/span><\/li><\/ul>\t\t\t\t\t\t\t\t<\/div>\n\t\t\t\t<\/div>\n\t\t<div class=\"elementor-element elementor-element-989b6ac e-con-full e-flex e-con e-child\" data-id=\"989b6ac\" data-element_type=\"container\" data-e-type=\"container\">\n\t\t<div class=\"elementor-element elementor-element-a9ecdf0 e-con-full e-flex e-con e-child\" data-id=\"a9ecdf0\" data-element_type=\"container\" data-e-type=\"container\">\n\t\t\t\t<div class=\"elementor-element elementor-element-befb711 elementor-widget elementor-widget-heading\" data-id=\"befb711\" data-element_type=\"widget\" data-e-type=\"widget\" data-widget_type=\"heading.default\">\n\t\t\t\t<div class=\"elementor-widget-container\">\n\t\t\t\t\t<h2 class=\"elementor-heading-title elementor-size-default\">Dialogan:<\/h2>\t\t\t\t<\/div>\n\t\t\t\t<\/div>\n\t\t\t\t<\/div>\n\t\t<div class=\"elementor-element elementor-element-3abf805 e-con-full e-flex e-con e-child\" data-id=\"3abf805\" data-element_type=\"container\" data-e-type=\"container\">\n\t\t\t\t<div class=\"elementor-element elementor-element-f33aa0e elementor-position-left elementor-vertical-align-middle elementor-widget__width-initial elementor-widget elementor-widget-image-box\" data-id=\"f33aa0e\" data-element_type=\"widget\" data-e-type=\"widget\" data-widget_type=\"image-box.default\">\n\t\t\t\t<div class=\"elementor-widget-container\">\n\t\t\t\t\t<div class=\"elementor-image-box-wrapper\"><figure class=\"elementor-image-box-img\"><a href=\"#SPEAKERS\" tabindex=\"-1\"><img loading=\"lazy\" decoding=\"async\" width=\"800\" height=\"800\" src=\"https:\/\/foros.cr\/wp-content\/uploads\/2025\/05\/Marianella-ALvarado.jpg\" class=\"attachment-full size-full wp-image-58613\" alt=\"\" srcset=\"https:\/\/foros.cr\/wp-content\/uploads\/2025\/05\/Marianella-ALvarado.jpg 800w, https:\/\/foros.cr\/wp-content\/uploads\/2025\/05\/Marianella-ALvarado-300x300.jpg 300w, https:\/\/foros.cr\/wp-content\/uploads\/2025\/05\/Marianella-ALvarado-150x150.jpg 150w, https:\/\/foros.cr\/wp-content\/uploads\/2025\/05\/Marianella-ALvarado-768x768.jpg 768w\" sizes=\"(max-width: 800px) 100vw, 800px\" \/><\/a><\/figure><div class=\"elementor-image-box-content\"><h3 class=\"elementor-image-box-title\"><a href=\"#SPEAKERS\">Marianella Alvarado<\/a><\/h3><p class=\"elementor-image-box-description\">Gerente General, HP Inc.\n<\/p><\/div><\/div>\t\t\t\t<\/div>\n\t\t\t\t<\/div>\n\t\t\t\t<div class=\"elementor-element elementor-element-a9c634c elementor-position-left elementor-vertical-align-middle elementor-widget__width-initial elementor-widget elementor-widget-image-box\" data-id=\"a9c634c\" data-element_type=\"widget\" data-e-type=\"widget\" data-widget_type=\"image-box.default\">\n\t\t\t\t<div class=\"elementor-widget-container\">\n\t\t\t\t\t<div class=\"elementor-image-box-wrapper\"><figure class=\"elementor-image-box-img\"><a href=\"#SPEAKERS\" tabindex=\"-1\"><img loading=\"lazy\" decoding=\"async\" width=\"799\" height=\"800\" src=\"https:\/\/foros.cr\/wp-content\/uploads\/2025\/05\/Natalia-Marin.jpg\" class=\"attachment-full size-full wp-image-58615\" alt=\"\" srcset=\"https:\/\/foros.cr\/wp-content\/uploads\/2025\/05\/Natalia-Marin.jpg 799w, https:\/\/foros.cr\/wp-content\/uploads\/2025\/05\/Natalia-Marin-300x300.jpg 300w, https:\/\/foros.cr\/wp-content\/uploads\/2025\/05\/Natalia-Marin-150x150.jpg 150w, https:\/\/foros.cr\/wp-content\/uploads\/2025\/05\/Natalia-Marin-768x769.jpg 768w\" sizes=\"(max-width: 799px) 100vw, 799px\" \/><\/a><\/figure><div class=\"elementor-image-box-content\"><h3 class=\"elementor-image-box-title\"><a href=\"#SPEAKERS\">Natalia Marin<\/a><\/h3><p class=\"elementor-image-box-description\">HR Director, Edwards<\/p><\/div><\/div>\t\t\t\t<\/div>\n\t\t\t\t<\/div>\n\t\t\t\t<div class=\"elementor-element elementor-element-2160f4e elementor-position-left elementor-vertical-align-middle elementor-widget__width-initial elementor-widget elementor-widget-image-box\" data-id=\"2160f4e\" data-element_type=\"widget\" data-e-type=\"widget\" data-widget_type=\"image-box.default\">\n\t\t\t\t<div class=\"elementor-widget-container\">\n\t\t\t\t\t<div class=\"elementor-image-box-wrapper\"><figure class=\"elementor-image-box-img\"><a href=\"#SPEAKERS\" tabindex=\"-1\"><img loading=\"lazy\" decoding=\"async\" width=\"1066\" height=\"973\" src=\"https:\/\/foros.cr\/wp-content\/uploads\/2025\/05\/OSCAR-CAMPOS-e1747428815241.jpg\" class=\"attachment-full size-full wp-image-59244\" alt=\"\" srcset=\"https:\/\/foros.cr\/wp-content\/uploads\/2025\/05\/OSCAR-CAMPOS-e1747428815241.jpg 1066w, https:\/\/foros.cr\/wp-content\/uploads\/2025\/05\/OSCAR-CAMPOS-e1747428815241-300x274.jpg 300w, https:\/\/foros.cr\/wp-content\/uploads\/2025\/05\/OSCAR-CAMPOS-e1747428815241-1024x935.jpg 1024w, https:\/\/foros.cr\/wp-content\/uploads\/2025\/05\/OSCAR-CAMPOS-e1747428815241-768x701.jpg 768w\" sizes=\"(max-width: 1066px) 100vw, 1066px\" \/><\/a><\/figure><div class=\"elementor-image-box-content\"><h3 class=\"elementor-image-box-title\"><a href=\"#SPEAKERS\">\u00d3scar Campos<\/a><\/h3><p class=\"elementor-image-box-description\">Abogado en aduanas, y Experto en Zonas Francas.\n<\/p><\/div><\/div>\t\t\t\t<\/div>\n\t\t\t\t<\/div>\n\t\t\t\t<div class=\"elementor-element elementor-element-67a3027 elementor-position-left elementor-vertical-align-middle elementor-widget__width-initial elementor-widget elementor-widget-image-box\" data-id=\"67a3027\" data-element_type=\"widget\" data-e-type=\"widget\" data-widget_type=\"image-box.default\">\n\t\t\t\t<div class=\"elementor-widget-container\">\n\t\t\t\t\t<div class=\"elementor-image-box-wrapper\"><figure class=\"elementor-image-box-img\"><a href=\"#SPEAKERS\" tabindex=\"-1\"><img loading=\"lazy\" decoding=\"async\" width=\"800\" height=\"800\" src=\"https:\/\/foros.cr\/wp-content\/uploads\/2025\/05\/Timothy-Scott.jpg\" class=\"attachment-full size-full wp-image-58618\" alt=\"\" srcset=\"https:\/\/foros.cr\/wp-content\/uploads\/2025\/05\/Timothy-Scott.jpg 800w, https:\/\/foros.cr\/wp-content\/uploads\/2025\/05\/Timothy-Scott-300x300.jpg 300w, https:\/\/foros.cr\/wp-content\/uploads\/2025\/05\/Timothy-Scott-150x150.jpg 150w, https:\/\/foros.cr\/wp-content\/uploads\/2025\/05\/Timothy-Scott-768x768.jpg 768w\" sizes=\"(max-width: 800px) 100vw, 800px\" \/><\/a><\/figure><div class=\"elementor-image-box-content\"><h3 class=\"elementor-image-box-title\"><a href=\"#SPEAKERS\">Timothy Scott<\/a><\/h3><p class=\"elementor-image-box-description\">Director de Asuntos Gubernamentales, Intel Costa Rica.\n\n<\/p><\/div><\/div>\t\t\t\t<\/div>\n\t\t\t\t<\/div>\n\t\t\t\t<\/div>\n\t\t\t\t<\/div>\n\t\t\t\t<\/div>\n\t\t<div class=\"elementor-element elementor-element-f3509c2 e-con-full e-flex e-con e-child\" data-id=\"f3509c2\" data-element_type=\"container\" data-e-type=\"container\" data-settings=\"{&quot;background_background&quot;:&quot;classic&quot;}\">\n\t\t<div class=\"elementor-element elementor-element-bcc188c e-con-full e-flex e-con e-child\" data-id=\"bcc188c\" data-element_type=\"container\" data-e-type=\"container\">\n\t\t\t\t<div class=\"elementor-element elementor-element-241446d elementor-icon-list--layout-inline elementor-list-item-link-full_width elementor-widget elementor-widget-icon-list\" data-id=\"241446d\" data-element_type=\"widget\" data-e-type=\"widget\" data-widget_type=\"icon-list.default\">\n\t\t\t\t<div class=\"elementor-widget-container\">\n\t\t\t\t\t\t\t<ul class=\"elementor-icon-list-items elementor-inline-items\">\n\t\t\t\t\t\t\t<li class=\"elementor-icon-list-item elementor-inline-item\">\n\t\t\t\t\t\t\t\t\t\t\t<span class=\"elementor-icon-list-icon\">\n\t\t\t\t\t\t\t<i aria-hidden=\"true\" class=\"fas fa-map-marker-alt\"><\/i>\t\t\t\t\t\t<\/span>\n\t\t\t\t\t\t\t\t\t\t<span class=\"elementor-icon-list-text\">Panel iii<\/span>\n\t\t\t\t\t\t\t\t\t<\/li>\n\t\t\t\t\t\t\t\t<li class=\"elementor-icon-list-item elementor-inline-item\">\n\t\t\t\t\t\t\t\t\t\t\t<span class=\"elementor-icon-list-icon\">\n\t\t\t\t\t\t\t<i aria-hidden=\"true\" class=\"far fa-clock\"><\/i>\t\t\t\t\t\t<\/span>\n\t\t\t\t\t\t\t\t\t\t<span class=\"elementor-icon-list-text\">12:00 \u2013 12:55 md.<\/span>\n\t\t\t\t\t\t\t\t\t<\/li>\n\t\t\t\t\t\t<\/ul>\n\t\t\t\t\t\t<\/div>\n\t\t\t\t<\/div>\n\t\t\t\t<\/div>\n\t\t\t\t<div class=\"elementor-element elementor-element-9477b21 elementor-widget elementor-widget-image-box\" data-id=\"9477b21\" data-element_type=\"widget\" data-e-type=\"widget\" data-widget_type=\"image-box.default\">\n\t\t\t\t<div class=\"elementor-widget-container\">\n\t\t\t\t\t<div class=\"elementor-image-box-wrapper\"><div class=\"elementor-image-box-content\"><h3 class=\"elementor-image-box-title\">Innovaci\u00f3n, Tecnolog\u00eda y Sostenibilidad: El ADN de las nuevas zonas francas. <\/h3><p class=\"elementor-image-box-description\">Exploraremos c\u00f3mo las zonas francas pueden convertirse en espacios de experimentaci\u00f3n tecnol\u00f3gica, sostenibilidad ambiental y generaci\u00f3n de empleos disruptivos. \n<\/p><\/div><\/div>\t\t\t\t<\/div>\n\t\t\t\t<\/div>\n\t\t\t\t<div class=\"elementor-element elementor-element-75cc298 elementor-widget elementor-widget-text-editor\" data-id=\"75cc298\" data-element_type=\"widget\" data-e-type=\"widget\" data-widget_type=\"text-editor.default\">\n\t\t\t\t<div class=\"elementor-widget-container\">\n\t\t\t\t\t\t\t\t\t<p><strong>Ideas clave:\u00a0<\/strong><\/p><ul><li style=\"font-weight: 400;\" aria-level=\"1\"><span style=\"font-weight: 400;\">Casos de automatizaci\u00f3n, big data y digitalizaci\u00f3n aplicada. <\/span><\/li><li style=\"font-weight: 400;\" aria-level=\"1\"><span style=\"font-weight: 400;\">Oportunidades en sectores emergentes como salud digital y biotecnolog\u00eda.<\/span><\/li><li style=\"font-weight: 400;\" aria-level=\"1\"><span style=\"font-weight: 400;\">Incentivos para proyectos con impacto ambiental y social positivo.<\/span><\/li><\/ul>\t\t\t\t\t\t\t\t<\/div>\n\t\t\t\t<\/div>\n\t\t<div class=\"elementor-element elementor-element-1a83cff e-con-full e-flex e-con e-child\" data-id=\"1a83cff\" data-element_type=\"container\" data-e-type=\"container\">\n\t\t<div class=\"elementor-element elementor-element-086b7ec e-con-full e-flex e-con e-child\" data-id=\"086b7ec\" data-element_type=\"container\" data-e-type=\"container\">\n\t\t\t\t<div class=\"elementor-element elementor-element-cdafcfb elementor-widget elementor-widget-heading\" data-id=\"cdafcfb\" data-element_type=\"widget\" data-e-type=\"widget\" data-widget_type=\"heading.default\">\n\t\t\t\t<div class=\"elementor-widget-container\">\n\t\t\t\t\t<h2 class=\"elementor-heading-title elementor-size-default\">Dialogan:<\/h2>\t\t\t\t<\/div>\n\t\t\t\t<\/div>\n\t\t\t\t<\/div>\n\t\t<div class=\"elementor-element elementor-element-a7131ac e-con-full e-flex e-con e-child\" data-id=\"a7131ac\" data-element_type=\"container\" data-e-type=\"container\">\n\t\t\t\t<div class=\"elementor-element elementor-element-5c06d7f elementor-position-left elementor-vertical-align-middle elementor-widget__width-initial elementor-widget elementor-widget-image-box\" data-id=\"5c06d7f\" data-element_type=\"widget\" data-e-type=\"widget\" data-widget_type=\"image-box.default\">\n\t\t\t\t<div class=\"elementor-widget-container\">\n\t\t\t\t\t<div class=\"elementor-image-box-wrapper\"><figure class=\"elementor-image-box-img\"><a href=\"#SPEAKERS\" tabindex=\"-1\"><img loading=\"lazy\" decoding=\"async\" width=\"800\" height=\"800\" src=\"https:\/\/foros.cr\/wp-content\/uploads\/2025\/05\/Roberto-Arguello.jpg\" class=\"attachment-full size-full wp-image-58619\" alt=\"\" srcset=\"https:\/\/foros.cr\/wp-content\/uploads\/2025\/05\/Roberto-Arguello.jpg 800w, https:\/\/foros.cr\/wp-content\/uploads\/2025\/05\/Roberto-Arguello-300x300.jpg 300w, https:\/\/foros.cr\/wp-content\/uploads\/2025\/05\/Roberto-Arguello-150x150.jpg 150w, https:\/\/foros.cr\/wp-content\/uploads\/2025\/05\/Roberto-Arguello-768x768.jpg 768w\" sizes=\"(max-width: 800px) 100vw, 800px\" \/><\/a><\/figure><div class=\"elementor-image-box-content\"><h3 class=\"elementor-image-box-title\"><a href=\"#SPEAKERS\">Roberto Arguello<\/a><\/h3><p class=\"elementor-image-box-description\">Director de Proyectos, Portafolio Inmobiliario.\n\n\n\n<\/p><\/div><\/div>\t\t\t\t<\/div>\n\t\t\t\t<\/div>\n\t\t\t\t<div class=\"elementor-element elementor-element-c3ae92f elementor-position-left elementor-vertical-align-middle elementor-widget__width-initial elementor-widget elementor-widget-image-box\" data-id=\"c3ae92f\" data-element_type=\"widget\" data-e-type=\"widget\" data-widget_type=\"image-box.default\">\n\t\t\t\t<div class=\"elementor-widget-container\">\n\t\t\t\t\t<div class=\"elementor-image-box-wrapper\"><figure class=\"elementor-image-box-img\"><a href=\"#SPEAKERS\" tabindex=\"-1\"><img loading=\"lazy\" decoding=\"async\" width=\"400\" height=\"400\" src=\"https:\/\/foros.cr\/wp-content\/uploads\/2025\/05\/1740369957609.jpg\" class=\"attachment-full size-full wp-image-58646\" alt=\"\" srcset=\"https:\/\/foros.cr\/wp-content\/uploads\/2025\/05\/1740369957609.jpg 400w, https:\/\/foros.cr\/wp-content\/uploads\/2025\/05\/1740369957609-300x300.jpg 300w, https:\/\/foros.cr\/wp-content\/uploads\/2025\/05\/1740369957609-150x150.jpg 150w\" sizes=\"(max-width: 400px) 100vw, 400px\" \/><\/a><\/figure><div class=\"elementor-image-box-content\"><h3 class=\"elementor-image-box-title\"><a href=\"#SPEAKERS\">Gabriel Murillo<\/a><\/h3><p class=\"elementor-image-box-description\">L\u00edder Global de Industrial y Log\u00edstica, Gensler.\n\n<\/p><\/div><\/div>\t\t\t\t<\/div>\n\t\t\t\t<\/div>\n\t\t\t\t<\/div>\n\t\t\t\t<\/div>\n\t\t\t\t<\/div>\n\t\t<div class=\"elementor-element elementor-element-743e826 e-con-full e-flex e-con e-child\" data-id=\"743e826\" data-element_type=\"container\" data-e-type=\"container\" data-settings=\"{&quot;background_background&quot;:&quot;classic&quot;}\">\n\t\t<div class=\"elementor-element elementor-element-b473a07 e-con-full e-flex e-con e-child\" data-id=\"b473a07\" data-element_type=\"container\" data-e-type=\"container\">\n\t\t\t\t<div class=\"elementor-element elementor-element-eb96845 elementor-icon-list--layout-inline elementor-list-item-link-full_width elementor-widget elementor-widget-icon-list\" data-id=\"eb96845\" data-element_type=\"widget\" data-e-type=\"widget\" data-widget_type=\"icon-list.default\">\n\t\t\t\t<div class=\"elementor-widget-container\">\n\t\t\t\t\t\t\t<ul class=\"elementor-icon-list-items elementor-inline-items\">\n\t\t\t\t\t\t\t<li class=\"elementor-icon-list-item elementor-inline-item\">\n\t\t\t\t\t\t\t\t\t\t\t<span class=\"elementor-icon-list-icon\">\n\t\t\t\t\t\t\t<i aria-hidden=\"true\" class=\"jki jki-connectdevelop\"><\/i>\t\t\t\t\t\t<\/span>\n\t\t\t\t\t\t\t\t\t\t<span class=\"elementor-icon-list-text\">Fin del Summit<\/span>\n\t\t\t\t\t\t\t\t\t<\/li>\n\t\t\t\t\t\t\t\t<li class=\"elementor-icon-list-item elementor-inline-item\">\n\t\t\t\t\t\t\t\t\t\t\t<span class=\"elementor-icon-list-icon\">\n\t\t\t\t\t\t\t<i aria-hidden=\"true\" class=\"far fa-clock\"><\/i>\t\t\t\t\t\t<\/span>\n\t\t\t\t\t\t\t\t\t\t<span class=\"elementor-icon-list-text\">13:00 P.M.<\/span>\n\t\t\t\t\t\t\t\t\t<\/li>\n\t\t\t\t\t\t<\/ul>\n\t\t\t\t\t\t<\/div>\n\t\t\t\t<\/div>\n\t\t\t\t<\/div>\n\t\t\t\t<\/div>\n\t\t\t\t\t<\/div>\n\t\t\t\t<\/div>\n\t\t<div class=\"elementor-element elementor-element-8016dc0 e-flex e-con-boxed e-con e-parent\" data-id=\"8016dc0\" data-element_type=\"container\" data-e-type=\"container\">\n\t\t\t\t\t<div class=\"e-con-inner\">\n\t\t\t\t<div class=\"elementor-element elementor-element-02680b0 elementor-widget elementor-widget-heading\" data-id=\"02680b0\" data-element_type=\"widget\" data-e-type=\"widget\" data-widget_type=\"heading.default\">\n\t\t\t\t<div class=\"elementor-widget-container\">\n\t\t\t\t\t<h2 class=\"elementor-heading-title elementor-size-default\">Organizado por:<\/h2>\t\t\t\t<\/div>\n\t\t\t\t<\/div>\n\t\t\t\t\t<\/div>\n\t\t\t\t<\/div>\n\t\t<div class=\"elementor-element elementor-element-3ea3fa5 e-flex e-con-boxed e-con e-parent\" data-id=\"3ea3fa5\" data-element_type=\"container\" data-e-type=\"container\">\n\t\t\t\t\t<div class=\"e-con-inner\">\n\t\t<div class=\"elementor-element elementor-element-f63bedb e-con-full e-flex e-con e-child\" data-id=\"f63bedb\" data-element_type=\"container\" data-e-type=\"container\">\n\t\t\t\t<div class=\"elementor-element elementor-element-913fd0b elementor-widget elementor-widget-image\" data-id=\"913fd0b\" data-element_type=\"widget\" data-e-type=\"widget\" data-widget_type=\"image.default\">\n\t\t\t\t<div class=\"elementor-widget-container\">\n\t\t\t\t\t\t\t\t\t\t\t\t\t\t\t\t<a href=\"https:\/\/www.ulacit.ac.cr\/\" target=\"_blank\" rel=\"noopener\">\n\t\t\t\t\t\t\t<img fetchpriority=\"high\" decoding=\"async\" width=\"1024\" height=\"375\" src=\"https:\/\/foros.cr\/wp-content\/uploads\/2023\/09\/LogoUlacit-Morado-1024x375.png\" class=\"attachment-large size-large wp-image-16670\" alt=\"\" srcset=\"https:\/\/foros.cr\/wp-content\/uploads\/2023\/09\/LogoUlacit-Morado-1024x375.png 1024w, https:\/\/foros.cr\/wp-content\/uploads\/2023\/09\/LogoUlacit-Morado-300x110.png 300w, https:\/\/foros.cr\/wp-content\/uploads\/2023\/09\/LogoUlacit-Morado-768x281.png 768w, https:\/\/foros.cr\/wp-content\/uploads\/2023\/09\/LogoUlacit-Morado-1536x563.png 1536w, https:\/\/foros.cr\/wp-content\/uploads\/2023\/09\/LogoUlacit-Morado-2048x750.png 2048w\" sizes=\"(max-width: 1024px) 100vw, 1024px\" \/>\t\t\t\t\t\t\t\t<\/a>\n\t\t\t\t\t\t\t\t\t\t\t\t\t\t\t<\/div>\n\t\t\t\t<\/div>\n\t\t\t\t<\/div>\n\t\t<div class=\"elementor-element elementor-element-e4fa290 e-con-full e-flex e-con e-child\" data-id=\"e4fa290\" data-element_type=\"container\" data-e-type=\"container\">\n\t\t\t\t<div class=\"elementor-element elementor-element-ff32991 elementor-widget elementor-widget-image\" data-id=\"ff32991\" data-element_type=\"widget\" data-e-type=\"widget\" data-widget_type=\"image.default\">\n\t\t\t\t<div class=\"elementor-widget-container\">\n\t\t\t\t\t\t\t\t\t\t\t\t\t\t\t\t<a href=\"https:\/\/www.azofras.com\/\" target=\"_blank\" rel=\"noopener\">\n\t\t\t\t\t\t\t<img decoding=\"async\" width=\"1024\" height=\"189\" src=\"https:\/\/foros.cr\/wp-content\/uploads\/2025\/04\/AZOFRAS-sin-fondo-e1745770293326-1024x189.png\" class=\"attachment-large size-large wp-image-57639\" alt=\"\" srcset=\"https:\/\/foros.cr\/wp-content\/uploads\/2025\/04\/AZOFRAS-sin-fondo-e1745770293326-1024x189.png 1024w, https:\/\/foros.cr\/wp-content\/uploads\/2025\/04\/AZOFRAS-sin-fondo-e1745770293326-300x56.png 300w, https:\/\/foros.cr\/wp-content\/uploads\/2025\/04\/AZOFRAS-sin-fondo-e1745770293326-768x142.png 768w, https:\/\/foros.cr\/wp-content\/uploads\/2025\/04\/AZOFRAS-sin-fondo-e1745770293326.png 1200w\" sizes=\"(max-width: 1024px) 100vw, 1024px\" \/>\t\t\t\t\t\t\t\t<\/a>\n\t\t\t\t\t\t\t\t\t\t\t\t\t\t\t<\/div>\n\t\t\t\t<\/div>\n\t\t\t\t<\/div>\n\t\t\t\t\t<\/div>\n\t\t\t\t<\/div>\n\t\t<div class=\"elementor-element elementor-element-5cd5518 elementor-hidden-desktop elementor-hidden-breakpoint1 elementor-hidden-breakpoint0 elementor-hidden-tablet elementor-hidden-mobile e-flex e-con-boxed e-con e-parent\" data-id=\"5cd5518\" data-element_type=\"container\" data-e-type=\"container\" id=\"REGISTROX\">\n\t\t\t\t\t<div class=\"e-con-inner\">\n\t\t\t\t<div class=\"elementor-element elementor-element-b5cf4bd elementor-widget elementor-widget-heading\" data-id=\"b5cf4bd\" data-element_type=\"widget\" data-e-type=\"widget\" data-widget_type=\"heading.default\">\n\t\t\t\t<div class=\"elementor-widget-container\">\n\t\t\t\t\t<h2 class=\"elementor-heading-title elementor-size-default\">Reg\u00edstrese:<\/h2>\t\t\t\t<\/div>\n\t\t\t\t<\/div>\n\t\t<div class=\"elementor-element elementor-element-eeb4c96 e-con-full e-flex e-con e-child\" data-id=\"eeb4c96\" data-element_type=\"container\" data-e-type=\"container\" data-settings=\"{&quot;background_background&quot;:&quot;classic&quot;}\">\n\t\t\t\t<\/div>\n\t\t\t\t\t<\/div>\n\t\t\t\t<\/div>\n\t\t<div class=\"elementor-element elementor-element-8b30719 e-flex e-con-boxed e-con e-parent\" data-id=\"8b30719\" data-element_type=\"container\" data-e-type=\"container\" id=\"UBICACI\u00d3N\">\n\t\t\t\t\t<div class=\"e-con-inner\">\n\t\t\t\t<div class=\"elementor-element elementor-element-6383df4 elementor-widget elementor-widget-heading\" data-id=\"6383df4\" data-element_type=\"widget\" data-e-type=\"widget\" data-widget_type=\"heading.default\">\n\t\t\t\t<div class=\"elementor-widget-container\">\n\t\t\t\t\t<h2 class=\"elementor-heading-title elementor-size-default\">Nuestra ubicaci\u00f3n:<\/h2>\t\t\t\t<\/div>\n\t\t\t\t<\/div>\n\t\t\t\t<div class=\"elementor-element elementor-element-cb5c9a1 elementor-widget elementor-widget-google_maps\" data-id=\"cb5c9a1\" data-element_type=\"widget\" data-e-type=\"widget\" data-widget_type=\"google_maps.default\">\n\t\t\t\t<div class=\"elementor-widget-container\">\n\t\t\t\t\t\t\t<div class=\"elementor-custom-embed\">\n\t\t\t<iframe loading=\"lazy\"\n\t\t\t\t\tsrc=\"https:\/\/maps.google.com\/maps?q=Campus%20ULACIT%2C%20100%20al%20sur%20de%20La%20Rep%C3%BAblica%2C%20Tourn%C3%B3n&#038;t=m&#038;z=14&#038;output=embed&#038;iwloc=near\"\n\t\t\t\t\ttitle=\"Campus ULACIT, 100 al sur de La Rep\u00fablica, Tourn\u00f3n\"\n\t\t\t\t\taria-label=\"Campus ULACIT, 100 al sur de La Rep\u00fablica, Tourn\u00f3n\"\n\t\t\t><\/iframe>\n\t\t<\/div>\n\t\t\t\t\t\t<\/div>\n\t\t\t\t<\/div>\n\t\t\t\t\t<\/div>\n\t\t\t\t<\/div>\n\t\t<div class=\"elementor-element elementor-element-3acb5ec e-con-full e-flex e-con e-parent\" data-id=\"3acb5ec\" data-element_type=\"container\" data-e-type=\"container\" id=\"CONTACTOS\" data-settings=\"{&quot;background_background&quot;:&quot;classic&quot;}\">\n\t\t<div class=\"elementor-element elementor-element-d8afdea e-con-full e-flex e-con e-child\" data-id=\"d8afdea\" data-element_type=\"container\" data-e-type=\"container\">\n\t\t\t\t<div class=\"elementor-element elementor-element-3bf811b elementor-widget elementor-widget-image\" data-id=\"3bf811b\" data-element_type=\"widget\" data-e-type=\"widget\" data-widget_type=\"image.default\">\n\t\t\t\t<div class=\"elementor-widget-container\">\n\t\t\t\t\t\t\t\t\t\t\t\t\t\t\t<img loading=\"lazy\" decoding=\"async\" width=\"1024\" height=\"351\" src=\"https:\/\/foros.cr\/wp-content\/uploads\/2023\/09\/LogoUlacit-Blanco-1024x351.png\" class=\"attachment-large size-large wp-image-16672\" alt=\"\" srcset=\"https:\/\/foros.cr\/wp-content\/uploads\/2023\/09\/LogoUlacit-Blanco-1024x351.png 1024w, https:\/\/foros.cr\/wp-content\/uploads\/2023\/09\/LogoUlacit-Blanco-300x103.png 300w, https:\/\/foros.cr\/wp-content\/uploads\/2023\/09\/LogoUlacit-Blanco-768x263.png 768w, https:\/\/foros.cr\/wp-content\/uploads\/2023\/09\/LogoUlacit-Blanco-1536x527.png 1536w, https:\/\/foros.cr\/wp-content\/uploads\/2023\/09\/LogoUlacit-Blanco-2048x702.png 2048w\" sizes=\"(max-width: 1024px) 100vw, 1024px\" \/>\t\t\t\t\t\t\t\t\t\t\t\t\t\t\t<\/div>\n\t\t\t\t<\/div>\n\t\t\t\t<div class=\"elementor-element elementor-element-e089d40 elementor-widget elementor-widget-heading\" data-id=\"e089d40\" data-element_type=\"widget\" data-e-type=\"widget\" data-widget_type=\"heading.default\">\n\t\t\t\t<div class=\"elementor-widget-container\">\n\t\t\t\t\t<h2 class=\"elementor-heading-title elementor-size-default\">\u00a9 2025 UNIVERSIDAD LATINOAMERICANA DE CIENCIA Y TECNOLOG\u00cdA - ULACIT<\/h2>\t\t\t\t<\/div>\n\t\t\t\t<\/div>\n\t\t\t\t<div class=\"elementor-element elementor-element-3a4ed5c elementor-shape-rounded elementor-grid-0 e-grid-align-center elementor-widget elementor-widget-social-icons\" data-id=\"3a4ed5c\" data-element_type=\"widget\" data-e-type=\"widget\" data-widget_type=\"social-icons.default\">\n\t\t\t\t<div class=\"elementor-widget-container\">\n\t\t\t\t\t\t\t<div class=\"elementor-social-icons-wrapper elementor-grid\" role=\"list\">\n\t\t\t\t\t\t\t<span class=\"elementor-grid-item\" role=\"listitem\">\n\t\t\t\t\t<a class=\"elementor-icon elementor-social-icon elementor-social-icon-facebook elementor-repeater-item-d1f4d4c\" href=\"https:\/\/www.facebook.com\/ulacitcostarica\/\" target=\"_blank\" rel=\"noopener\">\n\t\t\t\t\t\t<span class=\"elementor-screen-only\">Facebook<\/span>\n\t\t\t\t\t\t<i aria-hidden=\"true\" class=\"fab fa-facebook\"><\/i>\t\t\t\t\t<\/a>\n\t\t\t\t<\/span>\n\t\t\t\t\t\t\t<span class=\"elementor-grid-item\" role=\"listitem\">\n\t\t\t\t\t<a class=\"elementor-icon elementor-social-icon elementor-social-icon-instagram elementor-repeater-item-924b656\" href=\"https:\/\/www.instagram.com\/ulacitcr\/?hl=en\" target=\"_blank\" rel=\"noopener\">\n\t\t\t\t\t\t<span class=\"elementor-screen-only\">Instagram<\/span>\n\t\t\t\t\t\t<i aria-hidden=\"true\" class=\"fab fa-instagram\"><\/i>\t\t\t\t\t<\/a>\n\t\t\t\t<\/span>\n\t\t\t\t\t\t\t<span class=\"elementor-grid-item\" role=\"listitem\">\n\t\t\t\t\t<a class=\"elementor-icon elementor-social-icon elementor-social-icon-youtube elementor-repeater-item-17ad52a\" href=\"https:\/\/www.youtube.com\/user\/Ulacitcr\" target=\"_blank\" rel=\"noopener\">\n\t\t\t\t\t\t<span class=\"elementor-screen-only\">Youtube<\/span>\n\t\t\t\t\t\t<i aria-hidden=\"true\" class=\"fab fa-youtube\"><\/i>\t\t\t\t\t<\/a>\n\t\t\t\t<\/span>\n\t\t\t\t\t\t\t<span class=\"elementor-grid-item\" role=\"listitem\">\n\t\t\t\t\t<a class=\"elementor-icon elementor-social-icon elementor-social-icon-linkedin elementor-repeater-item-14e4d32\" href=\"https:\/\/www.linkedin.com\/company\/ulacit-universidad-latinoamericana-de-la-ciencia-y-la-tecnolog-a-\/?originalSubdomain=cr\" target=\"_blank\" rel=\"noopener\">\n\t\t\t\t\t\t<span class=\"elementor-screen-only\">Linkedin<\/span>\n\t\t\t\t\t\t<i aria-hidden=\"true\" class=\"fab fa-linkedin\"><\/i>\t\t\t\t\t<\/a>\n\t\t\t\t<\/span>\n\t\t\t\t\t<\/div>\n\t\t\t\t\t\t<\/div>\n\t\t\t\t<\/div>\n\t\t\t\t<\/div>\n\t\t\t\t<\/div>\n\t\t\t\t<\/div>\n\t\t","protected":false},"excerpt":{"rendered":"<p>AGENDA SPEAKERS UBICACI\u00d3N CONTACTOS X \u00a1\u00danase a nosotros\/as para un Summit inspirador! D\u00edas Horas Minutos Segundos Campus ULACIT, 100 al sur de La Rep\u00fablica, Tourn\u00f3n 30 de mayo de 2025 [&hellip;]<\/p>\n","protected":false},"author":4,"featured_media":0,"parent":0,"menu_order":0,"comment_status":"closed","ping_status":"closed","template":"","meta":{"site-sidebar-layout":"no-sidebar","site-content-layout":"page-builder","ast-site-content-layout":"full-width-container","site-content-style":"default","site-sidebar-style":"default","ast-global-header-display":"","ast-banner-title-visibility":"","ast-main-header-display":"","ast-hfb-above-header-display":"","ast-hfb-below-header-display":"","ast-hfb-mobile-header-display":"","site-post-title":"disabled","ast-breadcrumbs-content":"","ast-featured-img":"disabled","footer-sml-layout":"","ast-disable-related-posts":"","theme-transparent-header-meta":"","adv-header-id-meta":"","stick-header-meta":"","header-above-stick-meta":"","header-main-stick-meta":"","header-below-stick-meta":"","astra-migrate-meta-layouts":"set","ast-page-background-enabled":"default","ast-page-background-meta":{"desktop":{"background-color":"var(--ast-global-color-4)","background-image":"","background-repeat":"repeat","background-position":"center center","background-size":"auto","background-attachment":"scroll","background-type":"","background-media":"","overlay-type":"","overlay-color":"","overlay-opacity":"","overlay-gradient":""},"tablet":{"background-color":"","background-image":"","background-repeat":"repeat","background-position":"center center","background-size":"auto","background-attachment":"scroll","background-type":"","background-media":"","overlay-type":"","overlay-color":"","overlay-opacity":"","overlay-gradient":""},"mobile":{"background-color":"","background-image":"","background-repeat":"repeat","background-position":"center center","background-size":"auto","background-attachment":"scroll","background-type":"","background-media":"","overlay-type":"","overlay-color":"","overlay-opacity":"","overlay-gradient":""}},"ast-content-background-meta":{"desktop":{"background-color":"var(--ast-global-color-5)","background-image":"","background-repeat":"repeat","background-position":"center center","background-size":"auto","background-attachment":"scroll","background-type":"","background-media":"","overlay-type":"","overlay-color":"","overlay-opacity":"","overlay-gradient":""},"tablet":{"background-color":"var(--ast-global-color-5)","background-image":"","background-repeat":"repeat","background-position":"center center","background-size":"auto","background-attachment":"scroll","background-type":"","background-media":"","overlay-type":"","overlay-color":"","overlay-opacity":"","overlay-gradient":""},"mobile":{"background-color":"var(--ast-global-color-5)","background-image":"","background-repeat":"repeat","background-position":"center center","background-size":"auto","background-attachment":"scroll","background-type":"","background-media":"","overlay-type":"","overlay-color":"","overlay-opacity":"","overlay-gradient":""}},"footnotes":""},"class_list":["post-57507","page","type-page","status-publish","hentry"],"_links":{"self":[{"href":"https:\/\/foros.cr\/index.php\/wp-json\/wp\/v2\/pages\/57507","targetHints":{"allow":["GET"]}}],"collection":[{"href":"https:\/\/foros.cr\/index.php\/wp-json\/wp\/v2\/pages"}],"about":[{"href":"https:\/\/foros.cr\/index.php\/wp-json\/wp\/v2\/types\/page"}],"author":[{"embeddable":true,"href":"https:\/\/foros.cr\/index.php\/wp-json\/wp\/v2\/users\/4"}],"replies":[{"embeddable":true,"href":"https:\/\/foros.cr\/index.php\/wp-json\/wp\/v2\/comments?post=57507"}],"version-history":[{"count":0,"href":"https:\/\/foros.cr\/index.php\/wp-json\/wp\/v2\/pages\/57507\/revisions"}],"wp:attachment":[{"href":"https:\/\/foros.cr\/index.php\/wp-json\/wp\/v2\/media?parent=57507"}],"curies":[{"name":"wp","href":"https:\/\/api.w.org\/{rel}","templated":true}]}}